{"id":181,"date":"2025-12-01T06:14:49","date_gmt":"2025-12-01T03:14:49","guid":{"rendered":"http:\/\/mxcl.local\/?page_id=181"},"modified":"2025-12-11T21:26:14","modified_gmt":"2025-12-11T18:26:14","slug":"oradores","status":"publish","type":"page","link":"https:\/\/movimientocomprensionlectora.org\/es\/oradores\/","title":{"rendered":"Oradores"},"content":{"rendered":"<p>[et_pb_section fb_built=&#8221;1&#8243; _builder_version=&#8221;4.27.4&#8243; _module_preset=&#8221;default&#8221; background_color=&#8221;#aad6e1&#8243; global_colors_info=&#8221;{}&#8221;][et_pb_row column_structure=&#8221;1_4,1_4,1_4,1_4&#8243; make_equal=&#8221;on&#8221; _builder_version=&#8221;4.27.4&#8243; _module_preset=&#8221;default&#8221; global_colors_info=&#8221;{}&#8221;][et_pb_column type=&#8221;1_4&#8243; _builder_version=&#8221;4.27.4&#8243; _module_preset=&#8221;default&#8221; global_colors_info=&#8221;{}&#8221;][et_pb_team_member name=&#8221;Anna Penido&#8221; position=&#8221;Directora Ejecutiva, Centro Lemann&#8221; image_url=&#8221;https:\/\/movimientocomprensionlectora.org\/es\/wp-content\/uploads\/2025\/11\/s01.jpg&#8221; module_class=&#8221;speaker-card&#8221; _builder_version=&#8221;4.27.4&#8243; _module_preset=&#8221;default&#8221; global_colors_info=&#8221;{}&#8221;][\/et_pb_team_member][et_pb_team_member name=&#8221;David Saad&#8221; position=&#8221;Director-Presidente, Instituto Natura para Am\u00e9rica Latina&#8221; image_url=&#8221;https:\/\/movimientocomprensionlectora.org\/es\/wp-content\/uploads\/2025\/11\/s05.jpg&#8221; module_class=&#8221;speaker-card&#8221; _builder_version=&#8221;4.27.4&#8243; _module_preset=&#8221;default&#8221; global_colors_info=&#8221;{}&#8221;][\/et_pb_team_member][et_pb_team_member name=&#8221;Aldo Valencia Pi\u00f1an&#8221; position=&#8221;Cofundador y Miembro del Consejo Directivo, Leer No Basta&#8221; image_url=&#8221;https:\/\/movimientocomprensionlectora.org\/es\/wp-content\/uploads\/2025\/12\/s9.1.jpg&#8221; module_class=&#8221;speaker-card&#8221; _builder_version=&#8221;4.27.4&#8243; _module_preset=&#8221;default&#8221; global_colors_info=&#8221;{}&#8221;][\/et_pb_team_member][et_pb_team_member name=&#8221;Beatriz Cardoso&#8221; position=&#8221;Directora, Laborat\u00f3rio de Educa\u00e7\u00e3o&#8221; image_url=&#8221;https:\/\/movimientocomprensionlectora.org\/es\/wp-content\/uploads\/2025\/11\/s13.jpg&#8221; module_class=&#8221;speaker-card&#8221; _builder_version=&#8221;4.27.4&#8243; _module_preset=&#8221;default&#8221; global_colors_info=&#8221;{}&#8221;][\/et_pb_team_member][et_pb_team_member name=&#8221;Nicol\u00e1s Cataldo&#8221; position=&#8221;Ministro de Educaci\u00f3n (Chile)&#8221; image_url=&#8221;https:\/\/movimientocomprensionlectora.org\/es\/wp-content\/uploads\/2025\/12\/s18.jpg&#8221; module_class=&#8221;speaker-card&#8221; _builder_version=&#8221;4.27.4&#8243; _module_preset=&#8221;default&#8221; global_colors_info=&#8221;{}&#8221;][\/et_pb_team_member][et_pb_team_member name=&#8221;Andrea Escobar&#8221; position=&#8221;Directora Ejecutiva, Fundaci\u00f3n Empresarios por la Educaci\u00f3n&#8221; image_url=&#8221;https:\/\/movimientocomprensionlectora.org\/es\/wp-content\/uploads\/2025\/12\/s22.jpg&#8221; module_class=&#8221;speaker-card&#8221; _builder_version=&#8221;4.27.4&#8243; _module_preset=&#8221;default&#8221; global_colors_info=&#8221;{}&#8221;][\/et_pb_team_member][et_pb_team_member name=&#8221;\u00cdtalo Dutra&#8221; position=&#8221;Asesor Regional de Educaci\u00f3n para ALyC, UNICEF&#8221; image_url=&#8221;https:\/\/movimientocomprensionlectora.org\/es\/wp-content\/uploads\/2025\/12\/s27.jpg&#8221; module_class=&#8221;speaker-card&#8221; _builder_version=&#8221;4.27.4&#8243; _module_preset=&#8221;default&#8221; global_colors_info=&#8221;{}&#8221;][\/et_pb_team_member][et_pb_team_member name=&#8221;Isabel Segovia&#8221; position=&#8221;Secretaria de Educaci\u00f3n, Bogot\u00e1 D.C.&#8221; image_url=&#8221;https:\/\/movimientocomprensionlectora.org\/es\/wp-content\/uploads\/2025\/12\/s31.jpg&#8221; module_class=&#8221;speaker-card&#8221; _builder_version=&#8221;4.27.4&#8243; _module_preset=&#8221;default&#8221; global_colors_info=&#8221;{}&#8221;][\/et_pb_team_member][et_pb_team_member name=&#8221;Rukmini Banerji&#8221; position=&#8221;CEO, Pratham Education Foundation&#8221; image_url=&#8221;https:\/\/movimientocomprensionlectora.org\/es\/wp-content\/uploads\/2025\/11\/s36.jpg&#8221; module_class=&#8221;speaker-card&#8221; _builder_version=&#8221;4.27.4&#8243; _module_preset=&#8221;default&#8221; global_colors_info=&#8221;{}&#8221;][\/et_pb_team_member][et_pb_team_member name=&#8221;Ignacio Ibarz\u00e1bal&#8221; position=&#8221;Director Ejecutivo, Argentinos por la Educaci\u00f3n&#8221; image_url=&#8221;https:\/\/movimientocomprensionlectora.org\/es\/wp-content\/uploads\/2025\/12\/s40.jpg&#8221; module_class=&#8221;speaker-card&#8221; _builder_version=&#8221;4.27.4&#8243; _module_preset=&#8221;default&#8221; global_colors_info=&#8221;{}&#8221;][\/et_pb_team_member][et_pb_team_member name=&#8221;Victor Volman&#8221; position=&#8221;Director del Observatorio, Argentinos por la Educaci\u00f3n&#8221; image_url=&#8221;https:\/\/movimientocomprensionlectora.org\/es\/wp-content\/uploads\/2025\/12\/s44.jpg&#8221; module_class=&#8221;speaker-card&#8221; _builder_version=&#8221;4.27.4&#8243; _module_preset=&#8221;default&#8221; global_colors_info=&#8221;{}&#8221;][\/et_pb_team_member][et_pb_team_member name=&#8221;Pablo Caggiani&#8221; position=&#8221;Presidente, Administraci\u00f3n Nacional de Educaci\u00f3n P\u00fablica (ANEP) (Uruguay)&#8221; image_url=&#8221;https:\/\/movimientocomprensionlectora.org\/es\/wp-content\/uploads\/2025\/12\/s48.jpg&#8221; module_class=&#8221;speaker-card&#8221; _builder_version=&#8221;4.27.4&#8243; _module_preset=&#8221;default&#8221; global_colors_info=&#8221;{}&#8221;][\/et_pb_team_member][et_pb_team_member name=&#8221;Samuel Garc\u00eda&#8221; position=&#8221;Gobernador, Nuevo Le\u00f3n (M\u00e9xico)&#8221; image_url=&#8221;https:\/\/movimientocomprensionlectora.org\/es\/wp-content\/uploads\/2025\/12\/s52.jpg&#8221; module_class=&#8221;speaker-card&#8221; _builder_version=&#8221;4.27.4&#8243; _module_preset=&#8221;default&#8221; global_colors_info=&#8221;{}&#8221;][\/et_pb_team_member][et_pb_team_member name=&#8221;Carlos Torrendell&#8221; position=&#8221;Secretario de Educaci\u00f3n (Argentina)&#8221; image_url=&#8221;https:\/\/movimientocomprensionlectora.org\/es\/wp-content\/uploads\/2025\/11\/s17.jpg&#8221; module_class=&#8221;speaker-card&#8221; _builder_version=&#8221;4.27.4&#8243; _module_preset=&#8221;default&#8221; global_colors_info=&#8221;{}&#8221;][\/et_pb_team_member][et_pb_team_member name=&#8221;H\u00e9ctor Jos\u00e9 L\u00f3pez Quintero&#8221; position=&#8221;Docente de b\u00e1sica primaria, Instituto Tecnol\u00f3gico Santa Rosa de Cabal, Risaralda (Colombia)&#8221; image_url=&#8221;https:\/\/movimientocomprensionlectora.org\/es\/wp-content\/uploads\/2025\/12\/s58.jpg&#8221; module_class=&#8221;speaker-card&#8221; _builder_version=&#8221;4.27.4&#8243; _module_preset=&#8221;default&#8221; global_colors_info=&#8221;{}&#8221;][\/et_pb_team_member][et_pb_team_member name=&#8221;Patricio Zunini&#8221; position=&#8221;Director de Prensa y Comunicaci\u00f3n, TICMAS&#8221; image_url=&#8221;https:\/\/movimientocomprensionlectora.org\/es\/wp-content\/uploads\/2025\/12\/s62.jpg&#8221; module_class=&#8221;speaker-card&#8221; _builder_version=&#8221;4.27.4&#8243; _module_preset=&#8221;default&#8221; global_colors_info=&#8221;{}&#8221;][\/et_pb_team_member][\/et_pb_column][et_pb_column type=&#8221;1_4&#8243; _builder_version=&#8221;4.27.4&#8243; _module_preset=&#8221;default&#8221; global_colors_info=&#8221;{}&#8221;][et_pb_team_member name=&#8221;Veveu Arruda&#8221; position=&#8221;Director General, Associa\u00e7\u00e3o Bem Comum&#8221; image_url=&#8221;https:\/\/movimientocomprensionlectora.org\/es\/wp-content\/uploads\/2025\/11\/s02.jpg&#8221; module_class=&#8221;speaker-card&#8221; _builder_version=&#8221;4.27.4&#8243; _module_preset=&#8221;default&#8221; global_colors_info=&#8221;{}&#8221;][\/et_pb_team_member][et_pb_team_member name=&#8221;Jaime Saavedra&#8221; position=&#8221;Director de Desarrollo Humano para ALyC, Banco Mundial&#8221; image_url=&#8221;https:\/\/movimientocomprensionlectora.org\/es\/wp-content\/uploads\/2025\/11\/s06.jpg&#8221; module_class=&#8221;speaker-card&#8221; _builder_version=&#8221;4.27.4&#8243; _module_preset=&#8221;default&#8221; global_colors_info=&#8221;{}&#8221;][\/et_pb_team_member][et_pb_team_member name=&#8221;Bel\u00e9n De Gennaro&#8221; position=&#8221;Directora de Campa\u00f1as, Argentinos por la Educaci\u00f3n&#8221; image_url=&#8221;https:\/\/movimientocomprensionlectora.org\/es\/wp-content\/uploads\/2025\/11\/s10.jpg&#8221; module_class=&#8221;speaker-card&#8221; _builder_version=&#8221;4.27.4&#8243; _module_preset=&#8221;default&#8221; global_colors_info=&#8221;{}&#8221;][\/et_pb_team_member][et_pb_team_member name=&#8221;Pelusa Orellana&#8221; position=&#8221;Directora Acad\u00e9mica, CIIL Universidad de los Andes&#8221; image_url=&#8221;https:\/\/movimientocomprensionlectora.org\/es\/wp-content\/uploads\/2025\/11\/s14.jpg&#8221; module_class=&#8221;speaker-card&#8221; _builder_version=&#8221;4.27.4&#8243; _module_preset=&#8221;default&#8221; global_colors_info=&#8221;{}&#8221;][\/et_pb_team_member][et_pb_team_member name=&#8221;Mercedes Barrera&#8221; position=&#8221;Gerente de Ciudadan\u00eda Corporativa \/ Directora, Fundaci\u00f3n SURA&#8221; image_url=&#8221;https:\/\/movimientocomprensionlectora.org\/es\/wp-content\/uploads\/2025\/12\/s19.jpg&#8221; module_class=&#8221;speaker-card&#8221; _builder_version=&#8221;4.27.4&#8243; _module_preset=&#8221;default&#8221; global_colors_info=&#8221;{}&#8221;][\/et_pb_team_member][et_pb_team_member name=&#8221;Alejandra Arratia&#8221; position=&#8221;Subsecretaria de Educaci\u00f3n, Ministerio de Educaci\u00f3n (Chile)&#8221; image_url=&#8221;https:\/\/movimientocomprensionlectora.org\/es\/wp-content\/uploads\/2025\/12\/s24.jpg&#8221; module_class=&#8221;speaker-card&#8221; _builder_version=&#8221;4.27.4&#8243; _module_preset=&#8221;default&#8221; global_colors_info=&#8221;{}&#8221;][\/et_pb_team_member][et_pb_team_member name=&#8221;Tamara D\u00edaz&#8221; position=&#8221;Directora General de Educaci\u00f3n y Educaci\u00f3n T\u00e9cnico Profesional, Organizaci\u00f3n de Estados Iberoamericanos (OEI)&#8221; image_url=&#8221;https:\/\/movimientocomprensionlectora.org\/es\/wp-content\/uploads\/2025\/12\/s28-1.jpg&#8221; module_class=&#8221;speaker-card&#8221; _builder_version=&#8221;4.27.4&#8243; _module_preset=&#8221;default&#8221; global_colors_info=&#8221;{}&#8221;][\/et_pb_team_member][et_pb_team_member name=&#8221;Vitor de Angelo&#8221; position=&#8221;Secretario de Educaci\u00f3n, Estado de Esp\u00edrito Santo&#8221; image_url=&#8221;https:\/\/movimientocomprensionlectora.org\/es\/wp-content\/uploads\/2025\/12\/s32.jpg&#8221; module_class=&#8221;speaker-card&#8221; _builder_version=&#8221;4.27.4&#8243; _module_preset=&#8221;default&#8221; global_colors_info=&#8221;{}&#8221;][\/et_pb_team_member][et_pb_team_member name=&#8221;Andreas Schleicher&#8221; position=&#8221;Chief of Education &#038; Skills, OECD&#8221; image_url=&#8221;https:\/\/movimientocomprensionlectora.org\/es\/wp-content\/uploads\/2025\/11\/s37.jpg&#8221; module_class=&#8221;speaker-card&#8221; _builder_version=&#8221;4.27.4&#8243; _module_preset=&#8221;default&#8221; global_colors_info=&#8221;{}&#8221;][\/et_pb_team_member][et_pb_team_member name=&#8221;Joaqu\u00edn Walker Mart\u00ednez&#8221; position=&#8221;Secretario Ejecutivo del Plan de Reactivaci\u00f3n Educativa, Ministerio de Educaci\u00f3n (Chile)&#8221; image_url=&#8221;https:\/\/movimientocomprensionlectora.org\/es\/wp-content\/uploads\/2025\/12\/s42.jpg&#8221; module_class=&#8221;speaker-card&#8221; _builder_version=&#8221;4.27.4&#8243; _module_preset=&#8221;default&#8221; global_colors_info=&#8221;{}&#8221;][\/et_pb_team_member][et_pb_team_member name=&#8221;Janice K. Jackson&#8221; position=&#8221;Executive Director, Education &#038; Society Program, Aspen Institute y Ex-CEO de Chicago Public Schools&#8221; image_url=&#8221;https:\/\/movimientocomprensionlectora.org\/es\/wp-content\/uploads\/2025\/12\/s45.1.jpg&#8221; module_class=&#8221;speaker-card&#8221; _builder_version=&#8221;4.27.4&#8243; _module_preset=&#8221;default&#8221; global_colors_info=&#8221;{}&#8221;][\/et_pb_team_member][et_pb_team_member name=&#8221;Catalina Duarte&#8221; position=&#8221;Especialista en Educaci\u00f3n, UNICEF (Colombia)&#8221; image_url=&#8221;https:\/\/movimientocomprensionlectora.org\/es\/wp-content\/uploads\/2025\/12\/s49.jpg&#8221; module_class=&#8221;speaker-card&#8221; _builder_version=&#8221;4.27.4&#8243; _module_preset=&#8221;default&#8221; global_colors_info=&#8221;{}&#8221;][\/et_pb_team_member][et_pb_team_member name=&#8221;Mart\u00edn Benavides&#8221; position=&#8221;Director, IIPE UNESCO&#8221; image_url=&#8221;https:\/\/movimientocomprensionlectora.org\/es\/wp-content\/uploads\/2025\/12\/s53.jpg&#8221; module_class=&#8221;speaker-card&#8221; _builder_version=&#8221;4.27.4&#8243; _module_preset=&#8221;default&#8221; global_colors_info=&#8221;{}&#8221;][\/et_pb_team_member][et_pb_team_member name=&#8221;Jos\u00e9 Manuel Thomas&#8221; position=&#8221;Secretario del Consejo Federal de Educaci\u00f3n, Gobierno de Argentina&#8221; image_url=&#8221;https:\/\/movimientocomprensionlectora.org\/es\/wp-content\/uploads\/2025\/12\/s23.jpg&#8221; module_class=&#8221;speaker-card&#8221; _builder_version=&#8221;4.27.4&#8243; _module_preset=&#8221;default&#8221; global_colors_info=&#8221;{}&#8221;][\/et_pb_team_member][et_pb_team_member name=&#8221;Esther Kuisch Laroche&#8221; position=&#8221;Directora de la Oficina Regional para Am\u00e9rica Latina y el Caribe, UNESCO&#8221; image_url=&#8221;https:\/\/movimientocomprensionlectora.org\/es\/wp-content\/uploads\/2025\/12\/s59.jpg&#8221; module_class=&#8221;speaker-card&#8221; _builder_version=&#8221;4.27.4&#8243; _module_preset=&#8221;default&#8221; global_colors_info=&#8221;{}&#8221;][\/et_pb_team_member][et_pb_team_member name=&#8221;Marcela Henr\u00edquez Aravena&#8221; position=&#8221;Profesora de Lengua y Literatura,  Liceo Bicentenario de Excelencia Carlos Montan\u00e9 Castro, Quirihue (Chile)&#8221; image_url=&#8221;https:\/\/movimientocomprensionlectora.org\/es\/wp-content\/uploads\/2025\/12\/s64.jpg&#8221; module_class=&#8221;speaker-card&#8221; _builder_version=&#8221;4.27.4&#8243; _module_preset=&#8221;default&#8221; global_colors_info=&#8221;{}&#8221;][\/et_pb_team_member][\/et_pb_column][et_pb_column type=&#8221;1_4&#8243; _builder_version=&#8221;4.27.4&#8243; _module_preset=&#8221;default&#8221; global_colors_info=&#8221;{}&#8221;][et_pb_team_member name=&#8221;Valtencir M. Mendes&#8221; position=&#8221;Jefe de Educaci\u00f3n para Am\u00e9rica Latina y el Caribe, UNESCO&#8221; image_url=&#8221;https:\/\/movimientocomprensionlectora.org\/es\/wp-content\/uploads\/2025\/11\/s03.jpg&#8221; module_class=&#8221;speaker-card&#8221; _builder_version=&#8221;4.27.4&#8243; _module_preset=&#8221;default&#8221; global_colors_info=&#8221;{}&#8221;][\/et_pb_team_member][et_pb_team_member name=&#8221;Carolina Andueza&#8221; position=&#8221;Presidenta, Por un Chile que Lee&#8221; image_url=&#8221;https:\/\/movimientocomprensionlectora.org\/es\/wp-content\/uploads\/2025\/11\/s07.jpg&#8221; module_class=&#8221;speaker-card&#8221; _builder_version=&#8221;4.27.4&#8243; _module_preset=&#8221;default&#8221; global_colors_info=&#8221;{}&#8221;][\/et_pb_team_member][et_pb_team_member name=&#8221;Paola Uccelli&#8221; position=&#8221;Profesora, Harvard Graduate School of Education&#8221; image_url=&#8221;https:\/\/movimientocomprensionlectora.org\/es\/wp-content\/uploads\/2025\/11\/s11.jpg&#8221; module_class=&#8221;speaker-card&#8221; _builder_version=&#8221;4.27.4&#8243; _module_preset=&#8221;default&#8221; global_colors_info=&#8221;{}&#8221;][\/et_pb_team_member][et_pb_team_member name=&#8221;Santiago Cueto&#8221; position=&#8221;Investigador Principal, GRADE&#8221; image_url=&#8221;https:\/\/movimientocomprensionlectora.org\/es\/wp-content\/uploads\/2025\/11\/s15.jpg&#8221; module_class=&#8221;speaker-card&#8221; _builder_version=&#8221;4.27.4&#8243; _module_preset=&#8221;default&#8221; global_colors_info=&#8221;{}&#8221;][\/et_pb_team_member][et_pb_team_member name=&#8221;Am\u00e9rica \u00c1valos&#8221; position=&#8221;Gerente de Educaci\u00f3n, Fundaci\u00f3n Coppel&#8221; image_url=&#8221;https:\/\/movimientocomprensionlectora.org\/es\/wp-content\/uploads\/2025\/12\/s20.jpg&#8221; module_class=&#8221;speaker-card&#8221; _builder_version=&#8221;4.27.4&#8243; _module_preset=&#8221;default&#8221; min_height=&#8221;328.4px&#8221; global_colors_info=&#8221;{}&#8221;][\/et_pb_team_member][et_pb_team_member name=&#8221;K\u00e1tia Helena Serafina Cruz Schweickardt&#8221; position=&#8221;Secretaria de Educaci\u00f3n B\u00e1sica, Ministerio de Educaci\u00f3n (Brasil)&#8221; image_url=&#8221;https:\/\/movimientocomprensionlectora.org\/es\/wp-content\/uploads\/2025\/12\/s25.jpg&#8221; module_class=&#8221;speaker-card&#8221; _builder_version=&#8221;4.27.4&#8243; _module_preset=&#8221;default&#8221; global_colors_info=&#8221;{}&#8221;][\/et_pb_team_member][et_pb_team_member name=&#8221;Miriam Preckler&#8221; position=&#8221;Directora de Educaci\u00f3n, CAF&#8221; image_url=&#8221;https:\/\/movimientocomprensionlectora.org\/es\/wp-content\/uploads\/2025\/12\/s29.jpg&#8221; module_class=&#8221;speaker-card&#8221; _builder_version=&#8221;4.27.4&#8243; _module_preset=&#8221;default&#8221; global_colors_info=&#8221;{}&#8221;][\/et_pb_team_member][et_pb_team_member name=&#8221;Juan Ignacio Ust\u00e1rroz&#8221; position=&#8221;Intendente, Mercedes (Argentina)&#8221; image_url=&#8221;https:\/\/movimientocomprensionlectora.org\/es\/wp-content\/uploads\/2025\/12\/s34.jpg&#8221; module_class=&#8221;speaker-card&#8221; _builder_version=&#8221;4.27.4&#8243; _module_preset=&#8221;default&#8221; global_colors_info=&#8221;{}&#8221;][\/et_pb_team_member][et_pb_team_member name=&#8221;Magdalena Fern\u00e1ndez Lemos&#8221; position=&#8221;Chief of Growth, Global School Leaders&#8221; image_url=&#8221;https:\/\/movimientocomprensionlectora.org\/es\/wp-content\/uploads\/2025\/12\/s38.jpg&#8221; module_class=&#8221;speaker-card&#8221; _builder_version=&#8221;4.27.4&#8243; _module_preset=&#8221;default&#8221; global_colors_info=&#8221;{}&#8221;][\/et_pb_team_member][et_pb_team_member name=&#8221;Karina Stocovaz&#8221; position=&#8221;Gerente para Am\u00e9rica Hispana, Instituto Natura&#8221; image_url=&#8221;https:\/\/movimientocomprensionlectora.org\/es\/wp-content\/uploads\/2025\/12\/s41.jpg&#8221; module_class=&#8221;speaker-card&#8221; _builder_version=&#8221;4.27.4&#8243; _module_preset=&#8221;default&#8221; global_colors_info=&#8221;{}&#8221;][\/et_pb_team_member][et_pb_team_member name=&#8221;Ra\u00fal Figueroa&#8221; position=&#8221;Director Ejecutivo, Instituto UNAB de Pol\u00edticas P\u00fablicas (Chile)&#8221; image_url=&#8221;https:\/\/movimientocomprensionlectora.org\/es\/wp-content\/uploads\/2025\/12\/s46.jpg&#8221; module_class=&#8221;speaker-card&#8221; _builder_version=&#8221;4.27.4&#8243; _module_preset=&#8221;default&#8221; global_colors_info=&#8221;{}&#8221;][\/et_pb_team_member][et_pb_team_member name=&#8221;Rachel Hinton&#8221; position=&#8221;Senior Adviser, UK Foreign, Commonwealth, and Development Office (FCDO)  \/\/ Global Education Research Lead, What Works Hub for Global Education&#8221; image_url=&#8221;https:\/\/movimientocomprensionlectora.org\/es\/wp-content\/uploads\/2025\/12\/s50.jpg&#8221; module_class=&#8221;speaker-card&#8221; _builder_version=&#8221;4.27.4&#8243; _module_preset=&#8221;default&#8221; global_colors_info=&#8221;{}&#8221;][\/et_pb_team_member][et_pb_team_member name=&#8221;Isabella Luksic&#8221; position=&#8221;Fundaci\u00f3n Luksic&#8221; image_url=&#8221;https:\/\/movimientocomprensionlectora.org\/es\/wp-content\/uploads\/2025\/12\/s54.jpg&#8221; module_class=&#8221;speaker-card&#8221; _builder_version=&#8221;4.27.4&#8243; _module_preset=&#8221;default&#8221; global_colors_info=&#8221;{}&#8221;][\/et_pb_team_member][et_pb_team_member name=&#8221;Leandro Zdero&#8221; position=&#8221;Gobernador, Chaco (Argentina)&#8221; image_url=&#8221;https:\/\/movimientocomprensionlectora.org\/es\/wp-content\/uploads\/2025\/12\/s56.jpg&#8221; module_class=&#8221;speaker-card&#8221; _builder_version=&#8221;4.27.4&#8243; _module_preset=&#8221;default&#8221; global_colors_info=&#8221;{}&#8221;][\/et_pb_team_member][et_pb_team_member name=&#8221;Gilda Natalia Alc\u00edvar Garc\u00eda&#8221; position=&#8221;Ministra de Educaci\u00f3n, Deporte y Cultura (Ecuador)&#8221; image_url=&#8221;https:\/\/movimientocomprensionlectora.org\/es\/wp-content\/uploads\/2025\/12\/s60.jpg&#8221; module_class=&#8221;speaker-card&#8221; _builder_version=&#8221;4.27.4&#8243; _module_preset=&#8221;default&#8221; global_colors_info=&#8221;{}&#8221;][\/et_pb_team_member][et_pb_team_member name=&#8221;Jorge Rafael Le\u00f3n Arenas&#8221; position=&#8221;Director,  Telesecundaria Francisco del Paso y Troncoso (La Palma, Tepatlaxco, Veracruz, M\u00e9xico)&#8221; image_url=&#8221;https:\/\/movimientocomprensionlectora.org\/es\/wp-content\/uploads\/2025\/12\/s65.jpg&#8221; module_class=&#8221;speaker-card&#8221; _builder_version=&#8221;4.27.5&#8243; _module_preset=&#8221;default&#8221; global_colors_info=&#8221;{}&#8221;][\/et_pb_team_member][\/et_pb_column][et_pb_column type=&#8221;1_4&#8243; _builder_version=&#8221;4.27.4&#8243; _module_preset=&#8221;default&#8221; global_colors_info=&#8221;{}&#8221;][et_pb_team_member name=&#8221;Patricia V\u00e1zquez del Mercado Herrera&#8221; position=&#8221;Presidenta Ejecutiva, Mexicanos Primero&#8221; image_url=&#8221;https:\/\/movimientocomprensionlectora.org\/es\/wp-content\/uploads\/2025\/11\/s04.jpg&#8221; module_class=&#8221;speaker-card&#8221; _builder_version=&#8221;4.27.4&#8243; _module_preset=&#8221;default&#8221; global_colors_info=&#8221;{}&#8221;][\/et_pb_team_member][et_pb_team_member name=&#8221;Juan Pablo Aristiz\u00e1bal&#8221; position=&#8221;Director Ejecutivo, Fundaci\u00f3n Aprende a Quererte&#8221; image_url=&#8221;https:\/\/movimientocomprensionlectora.org\/es\/wp-content\/uploads\/2025\/11\/s08.jpg&#8221; module_class=&#8221;speaker-card&#8221; _builder_version=&#8221;4.27.4&#8243; _module_preset=&#8221;default&#8221; global_colors_info=&#8221;{}&#8221;][\/et_pb_team_member][et_pb_team_member name=&#8221;Emiliana Vegas&#8221; position=&#8221;Profesora, Harvard Graduate School of Education&#8221; image_url=&#8221;https:\/\/movimientocomprensionlectora.org\/es\/wp-content\/uploads\/2025\/11\/s12.jpg&#8221; module_class=&#8221;speaker-card&#8221; _builder_version=&#8221;4.27.4&#8243; _module_preset=&#8221;default&#8221; global_colors_info=&#8221;{}&#8221;][\/et_pb_team_member][et_pb_team_member name=&#8221;Mercedes Mateo&#8221; position=&#8221;Jefa de la Divisi\u00f3n de Educaci\u00f3n, BID&#8221; image_url=&#8221;https:\/\/movimientocomprensionlectora.org\/es\/wp-content\/uploads\/2025\/11\/s16.jpg&#8221; module_class=&#8221;speaker-card&#8221; _builder_version=&#8221;4.27.4&#8243; _module_preset=&#8221;default&#8221; global_colors_info=&#8221;{}&#8221;][\/et_pb_team_member][et_pb_team_member name=&#8221;Daniela Caldeirinha de Carvalho&#8221; position=&#8221;Directora de Inversi\u00f3n Social, Funda\u00e7\u00e3o Lemann&#8221; image_url=&#8221;https:\/\/movimientocomprensionlectora.org\/es\/wp-content\/uploads\/2025\/12\/s21.jpg&#8221; module_class=&#8221;speaker-card&#8221; _builder_version=&#8221;4.27.4&#8243; _module_preset=&#8221;default&#8221; global_colors_info=&#8221;{}&#8221;][\/et_pb_team_member][et_pb_team_member name=&#8221;In\u00e9s S\u00e1enz Negrete&#8221; position=&#8221;Vicepresidenta de Inclusi\u00f3n, Impacto Social y Sostenibilidad, Tecnol\u00f3gico de Monterrey&#8221; image_url=&#8221;https:\/\/movimientocomprensionlectora.org\/es\/wp-content\/uploads\/2025\/12\/s26.jpg&#8221; module_class=&#8221;speaker-card&#8221; _builder_version=&#8221;4.27.4&#8243; _module_preset=&#8221;default&#8221; global_colors_info=&#8221;{}&#8221;][\/et_pb_team_member][et_pb_team_member name=&#8221;Jos\u00e9 Goity&#8221; position=&#8221;Ministro de Educaci\u00f3n, Provincia de Santa Fe&#8221; image_url=&#8221;https:\/\/movimientocomprensionlectora.org\/es\/wp-content\/uploads\/2025\/12\/s30.jpg&#8221; module_class=&#8221;speaker-card&#8221; _builder_version=&#8221;4.27.4&#8243; _module_preset=&#8221;default&#8221; global_colors_info=&#8221;{}&#8221;][\/et_pb_team_member][et_pb_team_member name=&#8221;Jaime Bellolio&#8221; position=&#8221;Alcalde, Providencia (Chile)&#8221; image_url=&#8221;https:\/\/movimientocomprensionlectora.org\/es\/wp-content\/uploads\/2025\/12\/s35.jpg&#8221; module_class=&#8221;speaker-card&#8221; _builder_version=&#8221;4.27.4&#8243; _module_preset=&#8221;default&#8221; global_colors_info=&#8221;{}&#8221;][\/et_pb_team_member][et_pb_team_member name=&#8221;Ben Piper&#8221; position=&#8221;Director of the Global Education Programme Gates Foundation&#8221; image_url=&#8221;https:\/\/movimientocomprensionlectora.org\/es\/wp-content\/uploads\/2025\/12\/s39.jpg&#8221; module_class=&#8221;speaker-card&#8221; _builder_version=&#8221;4.27.4&#8243; _module_preset=&#8221;default&#8221; global_colors_info=&#8221;{}&#8221;][\/et_pb_team_member][et_pb_team_member name=&#8221;Eduardo Braide&#8221; position=&#8221;Prefeito, S\u00e3o Lu\u00eds (Brasil)&#8221; image_url=&#8221;https:\/\/movimientocomprensionlectora.org\/es\/wp-content\/uploads\/2025\/12\/s43.jpg&#8221; module_class=&#8221;speaker-card&#8221; _builder_version=&#8221;4.27.4&#8243; _module_preset=&#8221;default&#8221; global_colors_info=&#8221;{}&#8221;][\/et_pb_team_member][et_pb_team_member name=&#8221;Mercedes Fonseca&#8221; position=&#8221;Directora Ejecutiva, Fundaci\u00f3n Perez Companc&#8221; image_url=&#8221;https:\/\/movimientocomprensionlectora.org\/es\/wp-content\/uploads\/2025\/12\/s47.jpg&#8221; module_class=&#8221;speaker-card&#8221; _builder_version=&#8221;4.27.4&#8243; _module_preset=&#8221;default&#8221; global_colors_info=&#8221;{}&#8221;][\/et_pb_team_member][et_pb_team_member name=&#8221;Emanuel Garza Fishburn&#8221; position=&#8221;Secretario de Educaci\u00f3n, Coahuila (M\u00e9xico)&#8221; image_url=&#8221;https:\/\/movimientocomprensionlectora.org\/es\/wp-content\/uploads\/2025\/12\/s51.jpg&#8221; module_class=&#8221;speaker-card&#8221; _builder_version=&#8221;4.27.4&#8243; _module_preset=&#8221;default&#8221; global_colors_info=&#8221;{}&#8221;][\/et_pb_team_member][et_pb_team_member name=&#8221;Javier Gonz\u00e1lez D.&#8221; position=&#8221;Director, SUMMA&#8221; image_url=&#8221;https:\/\/movimientocomprensionlectora.org\/es\/wp-content\/uploads\/2025\/12\/s55.jpg&#8221; module_class=&#8221;speaker-card&#8221; _builder_version=&#8221;4.27.4&#8243; _module_preset=&#8221;default&#8221; global_colors_info=&#8221;{}&#8221;][\/et_pb_team_member][et_pb_team_member name=&#8221;Hortencia Maricruz Peralta Santos&#8221; position=&#8221;Maestra de Educaci\u00f3n Primaria, Subdirectora acad\u00e9mica de la Escuela Normal de Ticul, Yucat\u00e1n (M\u00e9xico)&#8221; image_url=&#8221;https:\/\/movimientocomprensionlectora.org\/es\/wp-content\/uploads\/2025\/12\/s57.jpg&#8221; module_class=&#8221;speaker-card&#8221; _builder_version=&#8221;4.27.4&#8243; _module_preset=&#8221;default&#8221; global_colors_info=&#8221;{}&#8221;][\/et_pb_team_member][et_pb_team_member name=&#8221;Daniel Crespo&#8221; position=&#8221;EO y fundador, Muyu Educaci\u00f3n; Ex viceministro de Educaci\u00f3n (Ecuador)&#8221; image_url=&#8221;https:\/\/movimientocomprensionlectora.org\/es\/wp-content\/uploads\/2025\/12\/s61.jpg&#8221; module_class=&#8221;speaker-card&#8221; _builder_version=&#8221;4.27.4&#8243; _module_preset=&#8221;default&#8221; global_colors_info=&#8221;{}&#8221;][\/et_pb_team_member][et_pb_team_member name=&#8221;Ronaldo Caiado&#8221; position=&#8221;Gobernador, Goi\u00e1s (Brasil)&#8221; image_url=&#8221;https:\/\/movimientocomprensionlectora.org\/es\/wp-content\/uploads\/2025\/12\/s66.jpg&#8221; module_class=&#8221;speaker-card&#8221; _builder_version=&#8221;4.27.5&#8243; _module_preset=&#8221;default&#8221; hover_enabled=&#8221;0&#8243; global_colors_info=&#8221;{}&#8221; sticky_enabled=&#8221;0&#8243; title_text=&#8221;s66&#8243;][\/et_pb_team_member][\/et_pb_column][\/et_pb_row][\/et_pb_section]<\/p>\n","protected":false},"excerpt":{"rendered":"","protected":false},"author":1,"featured_media":0,"parent":0,"menu_order":0,"comment_status":"closed","ping_status":"closed","template":"","meta":{"_et_pb_use_builder":"on","_et_pb_old_content":"","_et_gb_content_width":"","footnotes":""},"class_list":["post-181","page","type-page","status-publish","hentry"],"yoast_head":"<!-- This site is optimized with the Yoast SEO plugin v26.6 - https:\/\/yoast.com\/wordpress\/plugins\/seo\/ -->\n<title>Oradores - MxCL<\/title>\n<meta name=\"robots\" content=\"index, follow, max-snippet:-1, max-image-preview:large, max-video-preview:-1\" \/>\n<link rel=\"canonical\" href=\"https:\/\/movimientocomprensionlectora.org\/es\/oradores\/\" \/>\n<meta property=\"og:locale\" content=\"es_ES\" \/>\n<meta property=\"og:type\" content=\"article\" \/>\n<meta property=\"og:title\" content=\"Oradores - MxCL\" \/>\n<meta property=\"og:url\" content=\"https:\/\/movimientocomprensionlectora.org\/es\/oradores\/\" \/>\n<meta property=\"og:site_name\" content=\"MxCL\" \/>\n<meta property=\"article:modified_time\" content=\"2025-12-11T18:26:14+00:00\" \/>\n<meta name=\"twitter:card\" content=\"summary_large_image\" \/>\n<meta name=\"twitter:label1\" content=\"Tiempo de lectura\" \/>\n\t<meta name=\"twitter:data1\" content=\"14 minutos\" \/>\n<script type=\"application\/ld+json\" class=\"yoast-schema-graph\">{\"@context\":\"https:\/\/schema.org\",\"@graph\":[{\"@type\":\"WebPage\",\"@id\":\"https:\/\/movimientocomprensionlectora.org\/es\/oradores\/\",\"url\":\"https:\/\/movimientocomprensionlectora.org\/es\/oradores\/\",\"name\":\"Oradores - MxCL\",\"isPartOf\":{\"@id\":\"https:\/\/movimientocomprensionlectora.org\/es\/#website\"},\"datePublished\":\"2025-12-01T03:14:49+00:00\",\"dateModified\":\"2025-12-11T18:26:14+00:00\",\"breadcrumb\":{\"@id\":\"https:\/\/movimientocomprensionlectora.org\/es\/oradores\/#breadcrumb\"},\"inLanguage\":\"es-AR\",\"potentialAction\":[{\"@type\":\"ReadAction\",\"target\":[\"https:\/\/movimientocomprensionlectora.org\/es\/oradores\/\"]}]},{\"@type\":\"BreadcrumbList\",\"@id\":\"https:\/\/movimientocomprensionlectora.org\/es\/oradores\/#breadcrumb\",\"itemListElement\":[{\"@type\":\"ListItem\",\"position\":1,\"name\":\"Inicio\",\"item\":\"https:\/\/movimientocomprensionlectora.org\/es\/\"},{\"@type\":\"ListItem\",\"position\":2,\"name\":\"Oradores\"}]},{\"@type\":\"WebSite\",\"@id\":\"https:\/\/movimientocomprensionlectora.org\/es\/#website\",\"url\":\"https:\/\/movimientocomprensionlectora.org\/es\/\",\"name\":\"MxCL\",\"description\":\"Movimiento por la Comprensi\u00f3n Lectora\",\"publisher\":{\"@id\":\"https:\/\/movimientocomprensionlectora.org\/es\/#organization\"},\"potentialAction\":[{\"@type\":\"SearchAction\",\"target\":{\"@type\":\"EntryPoint\",\"urlTemplate\":\"https:\/\/movimientocomprensionlectora.org\/es\/?s={search_term_string}\"},\"query-input\":{\"@type\":\"PropertyValueSpecification\",\"valueRequired\":true,\"valueName\":\"search_term_string\"}}],\"inLanguage\":\"es-AR\"},{\"@type\":\"Organization\",\"@id\":\"https:\/\/movimientocomprensionlectora.org\/es\/#organization\",\"name\":\"MxCL\",\"url\":\"https:\/\/movimientocomprensionlectora.org\/es\/\",\"logo\":{\"@type\":\"ImageObject\",\"inLanguage\":\"es-AR\",\"@id\":\"https:\/\/movimientocomprensionlectora.org\/es\/#\/schema\/logo\/image\/\",\"url\":\"https:\/\/movimientocomprensionlectora.org\/es\/wp-content\/uploads\/2025\/11\/cropped-MxCL-Favicon.png\",\"contentUrl\":\"https:\/\/movimientocomprensionlectora.org\/es\/wp-content\/uploads\/2025\/11\/cropped-MxCL-Favicon.png\",\"width\":512,\"height\":512,\"caption\":\"MxCL\"},\"image\":{\"@id\":\"https:\/\/movimientocomprensionlectora.org\/es\/#\/schema\/logo\/image\/\"}}]}<\/script>\n<!-- \/ Yoast SEO plugin. -->","yoast_head_json":{"title":"Oradores - MxCL","robots":{"index":"index","follow":"follow","max-snippet":"max-snippet:-1","max-image-preview":"max-image-preview:large","max-video-preview":"max-video-preview:-1"},"canonical":"https:\/\/movimientocomprensionlectora.org\/es\/oradores\/","og_locale":"es_ES","og_type":"article","og_title":"Oradores - MxCL","og_url":"https:\/\/movimientocomprensionlectora.org\/es\/oradores\/","og_site_name":"MxCL","article_modified_time":"2025-12-11T18:26:14+00:00","twitter_card":"summary_large_image","twitter_misc":{"Tiempo de lectura":"14 minutos"},"schema":{"@context":"https:\/\/schema.org","@graph":[{"@type":"WebPage","@id":"https:\/\/movimientocomprensionlectora.org\/es\/oradores\/","url":"https:\/\/movimientocomprensionlectora.org\/es\/oradores\/","name":"Oradores - MxCL","isPartOf":{"@id":"https:\/\/movimientocomprensionlectora.org\/es\/#website"},"datePublished":"2025-12-01T03:14:49+00:00","dateModified":"2025-12-11T18:26:14+00:00","breadcrumb":{"@id":"https:\/\/movimientocomprensionlectora.org\/es\/oradores\/#breadcrumb"},"inLanguage":"es-AR","potentialAction":[{"@type":"ReadAction","target":["https:\/\/movimientocomprensionlectora.org\/es\/oradores\/"]}]},{"@type":"BreadcrumbList","@id":"https:\/\/movimientocomprensionlectora.org\/es\/oradores\/#breadcrumb","itemListElement":[{"@type":"ListItem","position":1,"name":"Inicio","item":"https:\/\/movimientocomprensionlectora.org\/es\/"},{"@type":"ListItem","position":2,"name":"Oradores"}]},{"@type":"WebSite","@id":"https:\/\/movimientocomprensionlectora.org\/es\/#website","url":"https:\/\/movimientocomprensionlectora.org\/es\/","name":"MxCL","description":"Movimiento por la Comprensi\u00f3n Lectora","publisher":{"@id":"https:\/\/movimientocomprensionlectora.org\/es\/#organization"},"potentialAction":[{"@type":"SearchAction","target":{"@type":"EntryPoint","urlTemplate":"https:\/\/movimientocomprensionlectora.org\/es\/?s={search_term_string}"},"query-input":{"@type":"PropertyValueSpecification","valueRequired":true,"valueName":"search_term_string"}}],"inLanguage":"es-AR"},{"@type":"Organization","@id":"https:\/\/movimientocomprensionlectora.org\/es\/#organization","name":"MxCL","url":"https:\/\/movimientocomprensionlectora.org\/es\/","logo":{"@type":"ImageObject","inLanguage":"es-AR","@id":"https:\/\/movimientocomprensionlectora.org\/es\/#\/schema\/logo\/image\/","url":"https:\/\/movimientocomprensionlectora.org\/es\/wp-content\/uploads\/2025\/11\/cropped-MxCL-Favicon.png","contentUrl":"https:\/\/movimientocomprensionlectora.org\/es\/wp-content\/uploads\/2025\/11\/cropped-MxCL-Favicon.png","width":512,"height":512,"caption":"MxCL"},"image":{"@id":"https:\/\/movimientocomprensionlectora.org\/es\/#\/schema\/logo\/image\/"}}]}},"_links":{"self":[{"href":"https:\/\/movimientocomprensionlectora.org\/es\/wp-json\/wp\/v2\/pages\/181","targetHints":{"allow":["GET"]}}],"collection":[{"href":"https:\/\/movimientocomprensionlectora.org\/es\/wp-json\/wp\/v2\/pages"}],"about":[{"href":"https:\/\/movimientocomprensionlectora.org\/es\/wp-json\/wp\/v2\/types\/page"}],"author":[{"embeddable":true,"href":"https:\/\/movimientocomprensionlectora.org\/es\/wp-json\/wp\/v2\/users\/1"}],"replies":[{"embeddable":true,"href":"https:\/\/movimientocomprensionlectora.org\/es\/wp-json\/wp\/v2\/comments?post=181"}],"version-history":[{"count":16,"href":"https:\/\/movimientocomprensionlectora.org\/es\/wp-json\/wp\/v2\/pages\/181\/revisions"}],"predecessor-version":[{"id":987609907,"href":"https:\/\/movimientocomprensionlectora.org\/es\/wp-json\/wp\/v2\/pages\/181\/revisions\/987609907"}],"wp:attachment":[{"href":"https:\/\/movimientocomprensionlectora.org\/es\/wp-json\/wp\/v2\/media?parent=181"}],"curies":[{"name":"wp","href":"https:\/\/api.w.org\/{rel}","templated":true}]}}