{"id":6,"date":"2025-11-28T21:45:34","date_gmt":"2025-11-28T21:45:34","guid":{"rendered":"http:\/\/mxcl.local\/?page_id=6"},"modified":"2025-12-11T21:21:03","modified_gmt":"2025-12-11T18:21:03","slug":"mxcl-es","status":"publish","type":"page","link":"https:\/\/movimientocomprensionlectora.org\/es\/","title":{"rendered":"MxCL"},"content":{"rendered":"<p>[et_pb_section fb_built=&#8221;1&#8243; _builder_version=&#8221;4.27.4&#8243; _module_preset=&#8221;default&#8221; background_enable_color=&#8221;off&#8221; background_enable_image=&#8221;off&#8221; background_video_mp4=&#8221;https:\/\/movimientocomprensionlectora.org\/es\/wp-content\/uploads\/2025\/12\/20251205_1304_New-Video_simple_compose_01kbqm2x88fk9vny1a9brqare3.mp4&#8243; custom_padding=&#8221;0px||0px|||&#8221; global_colors_info=&#8221;{}&#8221;][et_pb_row _builder_version=&#8221;4.27.4&#8243; _module_preset=&#8221;default&#8221; background_color=&#8221;rgba(0,0,0,0.56)&#8221; width=&#8221;100%&#8221; max_width=&#8221;100%&#8221; custom_margin=&#8221;0px|0px|0px|0px|false|false&#8221; custom_padding=&#8221;0px|0px|0px|0px|false|false&#8221; custom_css_main_element=&#8221;margin:auto;&#8221; global_colors_info=&#8221;{}&#8221;][et_pb_column type=&#8221;4_4&#8243; _builder_version=&#8221;4.27.4&#8243; _module_preset=&#8221;default&#8221; custom_css_main_element=&#8221;margin:auto;&#8221; global_colors_info=&#8221;{}&#8221;][et_pb_text _builder_version=&#8221;4.27.4&#8243; _module_preset=&#8221;default&#8221; background_layout=&#8221;dark&#8221; custom_padding=&#8221;100px||||false|false&#8221; inline_fonts=&#8221;Lato&#8221; global_colors_info=&#8221;{}&#8221;]<\/p>\n<h1 style=\"text-align: center;\"><span style=\"color: #d9d7c5; font-family: Lato; font-weight: normal; font-size: xx-large;\"><b>MOVIMIENTO POR LA COMPRENSI\u00d3N LECTORA<\/b><\/span><\/h1>\n<p><span style=\"color: #d9d7c5; font-family: Lato; font-weight: normal; font-size: xx-large;\"><b><\/b><\/span><\/p>\n<h1 style=\"text-align: center;\">ENCUENTRO REGIONAL<span style=\"color: #d9d7c5; font-family: Lato; font-weight: normal; font-size: xx-large;\"><b><\/b><\/span><\/h1>\n<p style=\"text-align: center;\">\n<p>[\/et_pb_text][et_pb_text _builder_version=&#8221;4.27.4&#8243; _module_preset=&#8221;default&#8221; min_height=&#8221;114px&#8221; custom_margin=&#8221;50px||0px||false|false&#8221; custom_margin_tablet=&#8221;50px||0px||false|false&#8221; custom_margin_phone=&#8221;50px||0px||false|false&#8221; custom_margin_last_edited=&#8221;on|desktop&#8221; custom_padding=&#8221;10px||0px||false|false&#8221; global_colors_info=&#8221;{}&#8221;]<\/p>\n<h3 style=\"text-align: center;\"><span style=\"color: #d9d7c5;\"><b>Por una regi\u00f3n que <span class=\"resalta-naranja\">LEE<\/span>, que <span class=\"resalta-naranja\">COMPRENDE<\/span><\/b><\/span><\/h3>\n<h3 style=\"text-align: center;\"><span style=\"color: #d9d7c5;\"><b>y que se <span class=\"resalta-naranja\">ESCRIBE<\/span> entre todos.<\/b><\/span><\/h3>\n<p><span style=\"color: #d9d7c5;\"><b><\/b><\/span><\/p>\n<p><span style=\"color: #d9d7c5;\"><b><\/b><\/span><\/p>\n<h3 style=\"text-align: center;\"><span style=\"color: #d9d7c5;\"><strong>9, 10, 11, 12, 15 y 16 de diciembre\u00a0<\/strong><\/span><\/h3>\n<p>[\/et_pb_text][et_pb_text _builder_version=&#8221;4.27.4&#8243; _module_preset=&#8221;default&#8221; background_color=&#8221;#2e5b3e&#8221; width=&#8221;20%&#8221; max_width=&#8221;20%&#8221; max_width_tablet=&#8221;50%&#8221; max_width_phone=&#8221;85%&#8221; max_width_last_edited=&#8221;on|phone&#8221; module_alignment=&#8221;center&#8221; custom_margin=&#8221;20px||20px||false|false&#8221; custom_padding=&#8221;15px||4px||false|false&#8221; link_option_url=&#8221;https:\/\/live.movimientocomprensionlectora.org\/es&#8221; border_radii=&#8221;on|999px|999px|999px|999px&#8221; inline_fonts=&#8221;Nunito Sans&#8221; global_colors_info=&#8221;{}&#8221;]<\/p>\n<h4 style=\"text-align: center;\"><span style=\"color: #d9d7c5; font-family: 'Nunito Sans'; font-weight: normal; font-size: x-large;\"><strong> En vivo por <i>streaming<\/i><\/strong><\/span><\/h4>\n<p>[\/et_pb_text][et_pb_text _builder_version=&#8221;4.27.4&#8243; _module_preset=&#8221;default&#8221; min_height=&#8221;141.8px&#8221; global_colors_info=&#8221;{}&#8221;][\/et_pb_text][\/et_pb_column][\/et_pb_row][\/et_pb_section][et_pb_section fb_built=&#8221;1&#8243; _builder_version=&#8221;4.27.4&#8243; _module_preset=&#8221;default&#8221; custom_padding=&#8221;16px|||||&#8221; global_colors_info=&#8221;{}&#8221;][et_pb_row _builder_version=&#8221;4.27.4&#8243; _module_preset=&#8221;default&#8221; global_colors_info=&#8221;{}&#8221;][et_pb_column type=&#8221;4_4&#8243; _builder_version=&#8221;4.27.4&#8243; _module_preset=&#8221;default&#8221; global_colors_info=&#8221;{}&#8221;][et_pb_text _builder_version=&#8221;4.27.4&#8243; _module_preset=&#8221;default&#8221; text_font=&#8221;Montserrat||||||||&#8221; text_font_size=&#8221;36px&#8221; text_line_height=&#8221;1.6em&#8221; custom_margin=&#8221;1px||50px||false|false&#8221; animation_style=&#8221;slide&#8221; animation_direction=&#8221;bottom&#8221; text_font_size_tablet=&#8221;36px&#8221; text_font_size_phone=&#8221;20px&#8221; text_font_size_last_edited=&#8221;on|phone&#8221; text_line_height_tablet=&#8221;1.6em&#8221; text_line_height_phone=&#8221;1.4em&#8221; text_line_height_last_edited=&#8221;on|phone&#8221; inline_fonts=&#8221;Nunito Sans&#8221; global_colors_info=&#8221;{}&#8221;]<\/p>\n<p style=\"text-align: center;\"><strong><span style=\"font-family: 'Nunito Sans'; color: #2e5b3e;\"><b>\u00bfQu\u00e9 es el Encuentro Regional?<\/b><\/span><\/strong><\/p>\n<h2 style=\"text-align: center;\"><span style=\"font-family: 'Nunito Sans'; color: #2e5b3e;\">El Movimiento por la Comprensi\u00f3n Lectora re\u00fane a colectivos de la sociedad civil de Argentina, Brasil, Chile, Colombia, Per\u00fa y M\u00e9xico, que trabajan con independencia partidaria para posicionar la alfabetizaci\u00f3n y la comprensi\u00f3n lectora como prioridad educativa en cada pa\u00eds.<\/span><\/h2>\n<h2 style=\"text-align: center;\"><span style=\"font-family: 'Nunito Sans'; color: #2e5b3e;\">En conjunto, las m\u00e1s de 400 organizaciones que formamos parte del Movimiento buscamos fortalecer pol\u00edticas p\u00fablicas, promover el uso de evidencia y articular esfuerzos entre gobiernos, academia, organismos multilaterales y sociedad civil para garantizar que todas las ni\u00f1as y ni\u00f1os aprendan a leer y comprender a tiempo.<\/span><\/h2>\n<p>[\/et_pb_text][\/et_pb_column][\/et_pb_row][\/et_pb_section][et_pb_section fb_built=&#8221;1&#8243; module_id=&#8221;oradores&#8221; _builder_version=&#8221;4.27.4&#8243; _module_preset=&#8221;default&#8221; background_color=&#8221;#aad6e1&#8243; global_colors_info=&#8221;{}&#8221;][et_pb_row module_id=&#8221;nosotros&#8221; _builder_version=&#8221;4.27.4&#8243; _module_preset=&#8221;default&#8221; global_colors_info=&#8221;{}&#8221;][et_pb_column type=&#8221;4_4&#8243; _builder_version=&#8221;4.27.4&#8243; _module_preset=&#8221;default&#8221; global_colors_info=&#8221;{}&#8221;][et_pb_text _builder_version=&#8221;4.27.4&#8243; _module_preset=&#8221;default&#8221; text_font=&#8221;Montserrat||||||||&#8221; text_font_size=&#8221;36px&#8221; text_line_height=&#8221;1.6em&#8221; custom_margin=&#8221;50px||50px||false|false&#8221; animation_style=&#8221;slide&#8221; animation_direction=&#8221;bottom&#8221; text_font_size_tablet=&#8221;36px&#8221; text_font_size_phone=&#8221;20px&#8221; text_font_size_last_edited=&#8221;on|phone&#8221; text_line_height_tablet=&#8221;1.6em&#8221; text_line_height_phone=&#8221;1.4em&#8221; text_line_height_last_edited=&#8221;on|phone&#8221; inline_fonts=&#8221;Nunito Sans&#8221; global_colors_info=&#8221;{}&#8221;]<\/p>\n<p style=\"text-align: center;\"><strong><span style=\"font-family: 'Nunito Sans'; color: #2e5b3e;\"><b>CONOCE A LOS ORADORES<\/b><\/span><\/strong><\/p>\n<h2 style=\"text-align: center;\"><span style=\"font-family: 'Nunito Sans'; color: #2e5b3e;\">El Encuentro Regional 2025 del Movimiento por la Comprensi\u00f3n Lectora reunir\u00e1 a ministros nacionales y subnacionales de Educaci\u00f3n, gobernadores estaduales y provinciales, alcaldes e intendentes, autoridades educativas, representantes de organismos internacionales, representantes del sector privado, l\u00edderes de la sociedad civil, especialistas y acad\u00e9micos y miembros de la comunidad educativa.<\/span><\/h2>\n<p><strong><\/strong><\/p>\n<p>[\/et_pb_text][\/et_pb_column][\/et_pb_row][et_pb_row column_structure=&#8221;1_4,1_4,1_4,1_4&#8243; make_equal=&#8221;on&#8221; _builder_version=&#8221;4.27.4&#8243; _module_preset=&#8221;default&#8221; global_colors_info=&#8221;{}&#8221;][et_pb_column type=&#8221;1_4&#8243; _builder_version=&#8221;4.27.4&#8243; _module_preset=&#8221;default&#8221; global_colors_info=&#8221;{}&#8221;][et_pb_team_member name=&#8221;Jaime Saavedra&#8221; position=&#8221;Director de Desarrollo Humano para ALyC, Banco Mundial&#8221; image_url=&#8221;https:\/\/movimientocomprensionlectora.org\/es\/wp-content\/uploads\/2025\/11\/s06.jpg&#8221; module_class=&#8221;speaker-card&#8221; _builder_version=&#8221;4.27.4&#8243; _module_preset=&#8221;default&#8221; global_colors_info=&#8221;{}&#8221;][\/et_pb_team_member][\/et_pb_column][et_pb_column type=&#8221;1_4&#8243; _builder_version=&#8221;4.27.4&#8243; _module_preset=&#8221;default&#8221; global_colors_info=&#8221;{}&#8221;][et_pb_team_member name=&#8221;Mercedes Mateo&#8221; position=&#8221;Jefa de la Divisi\u00f3n de Educaci\u00f3n, BID&#8221; image_url=&#8221;https:\/\/movimientocomprensionlectora.org\/es\/wp-content\/uploads\/2025\/11\/s16.jpg&#8221; module_class=&#8221;speaker-card&#8221; _builder_version=&#8221;4.27.4&#8243; _module_preset=&#8221;default&#8221; global_colors_info=&#8221;{}&#8221;][\/et_pb_team_member][\/et_pb_column][et_pb_column type=&#8221;1_4&#8243; _builder_version=&#8221;4.27.4&#8243; _module_preset=&#8221;default&#8221; global_colors_info=&#8221;{}&#8221;][et_pb_team_member name=&#8221;Andreas Schleicher&#8221; position=&#8221;Chief of Education &#038; Skills, OECD&#8221; image_url=&#8221;https:\/\/movimientocomprensionlectora.org\/es\/wp-content\/uploads\/2025\/11\/s37.jpg&#8221; module_class=&#8221;speaker-card&#8221; _builder_version=&#8221;4.27.4&#8243; _module_preset=&#8221;default&#8221; global_colors_info=&#8221;{}&#8221;][\/et_pb_team_member][\/et_pb_column][et_pb_column type=&#8221;1_4&#8243; _builder_version=&#8221;4.27.4&#8243; _module_preset=&#8221;default&#8221; global_colors_info=&#8221;{}&#8221;][et_pb_team_member name=&#8221;Rukmini Banerji&#8221; position=&#8221;CEO, Pratham Education Foundation&#8221; image_url=&#8221;https:\/\/movimientocomprensionlectora.org\/es\/wp-content\/uploads\/2025\/11\/s36.jpg&#8221; module_class=&#8221;speaker-card&#8221; _builder_version=&#8221;4.27.4&#8243; _module_preset=&#8221;default&#8221; global_colors_info=&#8221;{}&#8221;][\/et_pb_team_member][\/et_pb_column][\/et_pb_row][et_pb_row column_structure=&#8221;1_4,1_4,1_4,1_4&#8243; make_equal=&#8221;on&#8221; _builder_version=&#8221;4.27.4&#8243; _module_preset=&#8221;default&#8221; global_colors_info=&#8221;{}&#8221;][et_pb_column type=&#8221;1_4&#8243; _builder_version=&#8221;4.27.4&#8243; _module_preset=&#8221;default&#8221; global_colors_info=&#8221;{}&#8221;][et_pb_team_member name=&#8221;Emiliana Vegas&#8221; position=&#8221;Profesora, Harvard Graduate School of Education&#8221; image_url=&#8221;https:\/\/movimientocomprensionlectora.org\/es\/wp-content\/uploads\/2025\/11\/s12.jpg&#8221; module_class=&#8221;speaker-card&#8221; _builder_version=&#8221;4.27.4&#8243; _module_preset=&#8221;default&#8221; global_colors_info=&#8221;{}&#8221;][\/et_pb_team_member][\/et_pb_column][et_pb_column type=&#8221;1_4&#8243; _builder_version=&#8221;4.27.4&#8243; _module_preset=&#8221;default&#8221; global_colors_info=&#8221;{}&#8221;][et_pb_team_member name=&#8221;Paola Uccelli&#8221; position=&#8221;Profesora, Harvard Graduate School of Education&#8221; image_url=&#8221;https:\/\/movimientocomprensionlectora.org\/es\/wp-content\/uploads\/2025\/11\/s11.jpg&#8221; module_class=&#8221;speaker-card&#8221; _builder_version=&#8221;4.27.4&#8243; _module_preset=&#8221;default&#8221; global_colors_info=&#8221;{}&#8221;][\/et_pb_team_member][\/et_pb_column][et_pb_column type=&#8221;1_4&#8243; _builder_version=&#8221;4.27.4&#8243; _module_preset=&#8221;default&#8221; global_colors_info=&#8221;{}&#8221;][et_pb_team_member name=&#8221;Veveu Arruda&#8221; position=&#8221;Director General, Associa\u00e7\u00e3o Bem Comum&#8221; image_url=&#8221;https:\/\/movimientocomprensionlectora.org\/es\/wp-content\/uploads\/2025\/11\/s02.jpg&#8221; module_class=&#8221;speaker-card&#8221; _builder_version=&#8221;4.27.4&#8243; _module_preset=&#8221;default&#8221; global_colors_info=&#8221;{}&#8221;][\/et_pb_team_member][\/et_pb_column][et_pb_column type=&#8221;1_4&#8243; _builder_version=&#8221;4.27.4&#8243; _module_preset=&#8221;default&#8221; global_colors_info=&#8221;{}&#8221;][et_pb_team_member name=&#8221;Ben Piper&#8221; position=&#8221;Director of the Global Education Programme Gates Foundation&#8221; image_url=&#8221;https:\/\/movimientocomprensionlectora.org\/es\/wp-content\/uploads\/2025\/12\/s39.jpg&#8221; module_class=&#8221;speaker-card&#8221; _builder_version=&#8221;4.27.4&#8243; _module_preset=&#8221;default&#8221; global_colors_info=&#8221;{}&#8221;][\/et_pb_team_member][\/et_pb_column][\/et_pb_row][et_pb_row _builder_version=&#8221;4.27.4&#8243; _module_preset=&#8221;default&#8221; global_colors_info=&#8221;{}&#8221;][et_pb_column type=&#8221;4_4&#8243; _builder_version=&#8221;4.27.4&#8243; _module_preset=&#8221;default&#8221; global_colors_info=&#8221;{}&#8221;][et_pb_button button_url=&#8221;@ET-DC@eyJkeW5hbWljIjp0cnVlLCJjb250ZW50IjoicG9zdF9saW5rX3VybF9wYWdlIiwic2V0dGluZ3MiOnsicG9zdF9pZCI6IjE4MSJ9fQ==@&#8221; button_text=&#8221;\u00a1Conoce a todos los oradores del Encuentro!&#8221; button_alignment=&#8221;center&#8221; _builder_version=&#8221;4.27.4&#8243; _dynamic_attributes=&#8221;button_url&#8221; _module_preset=&#8221;default&#8221; box_shadow_style=&#8221;preset1&#8243; global_colors_info=&#8221;{}&#8221;][\/et_pb_button][\/et_pb_column][\/et_pb_row][\/et_pb_section][et_pb_section fb_built=&#8221;1&#8243; module_id=&#8221;programacion&#8221; _builder_version=&#8221;4.27.4&#8243; _module_preset=&#8221;default&#8221; global_colors_info=&#8221;{}&#8221;][et_pb_row _builder_version=&#8221;4.27.4&#8243; _module_preset=&#8221;default&#8221; global_colors_info=&#8221;{}&#8221;][et_pb_column type=&#8221;4_4&#8243; _builder_version=&#8221;4.27.4&#8243; _module_preset=&#8221;default&#8221; global_colors_info=&#8221;{}&#8221;][et_pb_text admin_label=&#8221;Text&#8221; _builder_version=&#8221;4.27.4&#8243; _module_preset=&#8221;default&#8221; min_height=&#8221;22px&#8221; global_colors_info=&#8221;{}&#8221;]<\/p>\n<h1 style=\"text-align: center;\"><span style=\"color: #ff8343;\"><b>Programa<\/b><\/span><\/h1>\n<p>[\/et_pb_text][et_pb_text _builder_version=&#8221;4.27.4&#8243; _module_preset=&#8221;default&#8221; global_colors_info=&#8221;{}&#8221;]<\/p>\n<h3 style=\"text-align: center;\"><span style=\"color: #2E5B3E;\"><b>MARTES 9 DE DICIEMBRE<\/b><\/span><\/h3>\n<p>[\/et_pb_text][et_pb_toggle title=&#8221;1. Construyendo compromisos por la comprensi\u00f3n lectora desde los organismos internacionales y la sociedad civil &#8221; _builder_version=&#8221;4.27.4&#8243; _module_preset=&#8221;default&#8221; global_colors_info=&#8221;{}&#8221;]<\/p>\n<p><b>Horario:<\/b><span style=\"font-weight: 400;\"> 12:00\u201313:00 (ARG, CHI, BRA) \u2014 10:00\u201311:00 (COL, PER, EST) \u2014 09:00\u201310:00 (CDMX)<\/span><\/p>\n<p><b>Participantes:<\/b><\/p>\n<ul>\n<li style=\"font-weight: 400;\" aria-level=\"1\"><b>Anna Penido (Moderadora)<\/b><span style=\"font-weight: 400;\"> \u2013 Directora Ejecutiva, Centro Lemann<\/span><\/li>\n<li style=\"font-weight: 400;\" aria-level=\"1\"><b>Veveu Arruda<\/b><span style=\"font-weight: 400;\"> \u2013 Director General, Associa\u00e7\u00e3o Bem Comum; ex alcalde de Sobral, Cear\u00e1 (Brasil)<\/span><\/li>\n<li style=\"font-weight: 400;\" aria-level=\"1\"><b>Valtencir M. Mendes<\/b><span style=\"font-weight: 400;\"> \u2013 Jefe de Educaci\u00f3n para Am\u00e9rica Latina y el Caribe, UNESCO<\/span><\/li>\n<li style=\"font-weight: 400;\" aria-level=\"1\"><b>Patricia V\u00e1zquez del Mercado Herrera<\/b><span style=\"font-weight: 400;\"> \u2013 Presidenta Ejecutiva, Mexicanos Primero<\/span><span style=\"font-weight: 400;\">\n<p><\/span><\/li>\n<\/ul>\n<p><b>Prop\u00f3sito del panel:<\/b><\/p>\n<p><span style=\"font-weight: 400;\">Este panel re\u00fane perspectivas clave para avanzar en la comprensi\u00f3n lectora en la regi\u00f3n: la mirada de un organismo internacional, la experiencia de una organizaci\u00f3n de incidencia ciudadana y el conocimiento pr\u00e1ctico de quienes han acompa\u00f1ado pol\u00edticas de alfabetizaci\u00f3n e implementaci\u00f3n a gran escala, incluido el caso de Sobral.<\/span><\/p>\n<p><span style=\"font-weight: 400;\">El prop\u00f3sito es mostrar c\u00f3mo ha crecido la comprensi\u00f3n lectora como prioridad en distintos niveles \u2014multilateral, nacional y de sociedad civil\u2014 y debatir los pasos necesarios para consolidar ese impulso en una agenda com\u00fan. La conversaci\u00f3n buscar\u00e1 identificar experiencias transferibles, mecanismos de cooperaci\u00f3n entre pa\u00edses y organizaciones, y condiciones que permiten sostener pol\u00edticas de alfabetizaci\u00f3n en el tiempo.<\/span><\/p>\n<p><span style=\"font-weight: 400;\">El panel apunta a fortalecer una visi\u00f3n compartida para la regi\u00f3n: pasar de esfuerzos aislados a un compromiso articulado, con metas claras, resultados verificables y una colaboraci\u00f3n m\u00e1s estrecha entre la agenda internacional, la sociedad civil y quienes apoyan la implementaci\u00f3n en los territorios<\/span><\/p>\n<p>[\/et_pb_toggle][et_pb_toggle title=&#8221;2. La alfabetizaci\u00f3n en la regi\u00f3n: logros, aprendizajes y pr\u00f3ximos pasos &#8221; _builder_version=&#8221;4.27.4&#8243; _module_preset=&#8221;default&#8221; global_colors_info=&#8221;{}&#8221;]<\/p>\n<p><b>Horario:<\/b><span style=\"font-weight: 400;\"> 14:00\u201315:00 (ARG, CHI, BRA) \u2014 12:00\u201313:00 (COL, PER, EST) \u2014 11:00\u201312:00 (CDMX)<\/span><\/p>\n<p><b>Participantes:<\/b><\/p>\n<ul>\n<li style=\"font-weight: 400;\" aria-level=\"1\"><b>David Saad (Moderador)<\/b><span style=\"font-weight: 400;\"> \u2013 Director-Presidente, Instituto Natura para Am\u00e9rica Latina<\/span><\/li>\n<li style=\"font-weight: 400;\" aria-level=\"1\"><b>Jaime Saavedra <\/b><span style=\"font-weight: 400;\">\u2013 Director de Desarrollo Humano para Am\u00e9rica Latina y el Caribe, Banco Mundial; exjefe de la Divisi\u00f3n de Educaci\u00f3n del Banco Mundial y exministro de Educaci\u00f3n del Per\u00fa<\/span><span style=\"font-weight: 400;\">\n<p><\/span><\/li>\n<\/ul>\n<p><b>Prop\u00f3sito de la sesi\u00f3n:<\/b><\/p>\n<p><span style=\"font-weight: 400;\">La alfabetizaci\u00f3n inicial y la comprensi\u00f3n lectora son hoy el punto de partida del desarrollo humano. Garantizar que todos los ni\u00f1os y ni\u00f1as lean y comprendan a tiempo multiplica las oportunidades educativas, econ\u00f3micas y sociales a lo largo de la vida. La evidencia demuestra que los pa\u00edses que logran avances sostenidos en alfabetizaci\u00f3n mejoran su productividad, reducen desigualdades y fortalecen su capital humano.<\/span><\/p>\n<p><span style=\"font-weight: 400;\">Esta conversaci\u00f3n busca profundizar en por qu\u00e9 la alfabetizaci\u00f3n es una prioridad estrat\u00e9gica para el desarrollo de Am\u00e9rica Latina, qu\u00e9 condiciones pol\u00edticas y t\u00e9cnicas permiten sostener avances, y c\u00f3mo aprovechar la actual convergencia regional entre gobiernos, organismos multilaterales y sociedad civil para impulsar resultados medibles.<\/span><\/p>\n<p><span style=\"font-weight: 400;\">A su vez, se propone destacar los avances que ha habido en el \u00faltimo tiempo por parte de gobiernos, los organismos internacionales y la sociedad civil en la regi\u00f3n, los aprendizajes que dejan estos avances, y los pr\u00f3ximos pasos para que este movimiento siga creciendo, y esto se vea reflejado en los indicadores regionales.\u00a0<\/span><\/p>\n<p>[\/et_pb_toggle][et_pb_toggle title=&#8221;3. La sociedad civil y la comprensi\u00f3n lectora: un movimiento que trasciende fronteras&#8221; _builder_version=&#8221;4.27.4&#8243; _module_preset=&#8221;default&#8221; global_colors_info=&#8221;{}&#8221;]<\/p>\n<p><b>Horario:<\/b><span style=\"font-weight: 400;\"> 16:00\u201317:00 (ARG, CHI, BRA) \u2014 14:00\u201315:00 (COL, PER, EST) \u2014 13:00\u201314:00 (CDMX)<\/span><\/p>\n<p><b>Participantes:<\/b><\/p>\n<ul>\n<li style=\"font-weight: 400;\" aria-level=\"1\"><b>Juan Pablo Aristiz\u00e1bal (Moderador)<\/b><span style=\"font-weight: 400;\"> \u2013 Director Ejecutivo, Fundaci\u00f3n Aprender a Quererte (Colombia)<\/span><\/li>\n<li style=\"font-weight: 400;\" aria-level=\"1\"><b>Carolina Andueza <\/b><span style=\"font-weight: 400;\">\u2013 Presidenta, Por un Chile que Lee<\/span><\/li>\n<li style=\"font-weight: 400;\" aria-level=\"1\"><b>Aldo Valencia Pi\u00f1an<\/b><span style=\"font-weight: 400;\"> \u2013 Cofundador y Miembro del Consejo Directivo, Leer No Basta (Per\u00fa)<\/span><\/li>\n<li style=\"font-weight: 400;\" aria-level=\"1\"><b>Bel\u00e9n De Gennaro<\/b><span style=\"font-weight: 400;\"> \u2013 Directora de Campa\u00f1as, Argentinos por la Educaci\u00f3n<\/span><span style=\"font-weight: 400;\">\n<p><\/span><\/li>\n<\/ul>\n<p><b>Prop\u00f3sito del panel:<\/b><\/p>\n<p><span style=\"font-weight: 400;\">La sociedad civil ha sido clave para posicionar la comprensi\u00f3n lectora como prioridad en la agenda educativa de Am\u00e9rica Latina. En distintos pa\u00edses, las campa\u00f1as nacionales han demostrado que unir fuerzas entre organizaciones y comunidades puede movilizar a la opini\u00f3n p\u00fablica, generar evidencia y sostener pol\u00edticas. Y estas campa\u00f1as siguen desarroll\u00e1ndose y creciendo.\u00a0<\/span><\/p>\n<p><span style=\"font-weight: 400;\">El panel busca profundizar en c\u00f3mo la articulaci\u00f3n de la sociedad civil puede incidir de forma efectiva en la agenda educativa, compartir aprendizajes de las experiencias nacionales y discutir c\u00f3mo convertir esta convergencia regional en una coalici\u00f3n estable y duradera por los aprendizajes fundamentales.<\/span><\/p>\n<p>[\/et_pb_toggle][et_pb_toggle title=&#8221;4. Evidencia y aprendizaje: aportes desde la investigaci\u00f3n y la academia&#8221; _builder_version=&#8221;4.27.4&#8243; _module_preset=&#8221;default&#8221; global_colors_info=&#8221;{}&#8221;]<\/p>\n<p><b>Horario:<\/b><span style=\"font-weight: 400;\"> 17:30\u201318:30 (ARG, CHI, BRA) \u2014 15:30\u201316:30 (COL, PER, EST) \u2014 14:30\u201315:30 (CDMX)<\/span><\/p>\n<p><b>Participantes:<\/b><\/p>\n<ul>\n<li style=\"font-weight: 400;\" aria-level=\"1\"><b>Paola Uccelli (Moderadora)<\/b><span style=\"font-weight: 400;\"> \u2013 John H. and Elisabeth A. Hobbs Professor of Cognition and Education, Harvard Graduate School of Education<\/span><\/li>\n<li style=\"font-weight: 400;\" aria-level=\"1\"><b>Emiliana Vegas<\/b><span style=\"font-weight: 400;\"> \u2013 Professor of Practice y Faculty Chair del programa Education Policy and Analysis (EPA), Harvard Graduate School of Education<\/span><\/li>\n<li style=\"font-weight: 400;\" aria-level=\"1\"><b>Beatriz Cardoso<\/b><span style=\"font-weight: 400;\"> \u2013 Directora, Laborat\u00f3rio de Educa\u00e7\u00e3o (Brasil); Harvard Advanced Leadership Fellow<\/span><\/li>\n<li style=\"font-weight: 400;\" aria-level=\"1\"><b>Pelusa Orellana<\/b><span style=\"font-weight: 400;\"> \u2013 Directora Acad\u00e9mica, Centro de Investigaci\u00f3n e Innovaci\u00f3n en Lectura (CIIL), Universidad de los Andes (Chile)<\/span><span style=\"font-weight: 400;\">\n<p><\/span><\/li>\n<\/ul>\n<p><b>Prop\u00f3sito del panel:<\/b><\/p>\n<p><span style=\"font-weight: 400;\">El panel abordar\u00e1 qu\u00e9 nos dice hoy la evidencia cient\u00edfica y la investigaci\u00f3n educativa sobre c\u00f3mo mejorar la comprensi\u00f3n lectora en Am\u00e9rica Latina. Desde distintas miradas -acad\u00e9mica, aplicada y de pol\u00edtica p\u00fablica- se buscar\u00e1 identificar qu\u00e9 pr\u00e1cticas y pol\u00edticas funcionan, qu\u00e9 aprendizajes pueden escalar y c\u00f3mo fortalecer el v\u00ednculo entre investigaci\u00f3n y decisi\u00f3n pol\u00edtica.<\/span><\/p>\n<p><span style=\"font-weight: 400;\">La conversaci\u00f3n incluir\u00e1 los principales aportes de la ciencia de la lectura, las lecciones de implementaci\u00f3n a nivel de sistemas educativos y las estrategias para traducir conocimiento acad\u00e9mico en acciones concretas de pol\u00edtica y formaci\u00f3n docente. El foco estar\u00e1 en c\u00f3mo pasar de la evidencia al cambio real en las aulas y construir capacidades duraderas en los pa\u00edses de la regi\u00f3n.<\/span><\/p>\n<p>[\/et_pb_toggle][et_pb_text _builder_version=&#8221;4.27.4&#8243; _module_preset=&#8221;default&#8221; global_colors_info=&#8221;{}&#8221;]<\/p>\n<h3 style=\"text-align: center;\"><span style=\"color: #2E5B3E;\"><b>MI\u00c9RCOLES 10 DE DICIEMBRE<\/b><\/span><\/h3>\n<p>[\/et_pb_text][et_pb_toggle title=&#8221;1. Avances en las pol\u00edticas de aprendizajes fundamentales en Am\u00e9rica Latina: una visi\u00f3n regional&#8221; _builder_version=&#8221;4.27.4&#8243; _module_preset=&#8221;default&#8221; global_colors_info=&#8221;{}&#8221;]<\/p>\n<p><b>Horario:<\/b><span style=\"font-weight: 400;\"> 12:00\u201313:00 (ARG, CHI, BRA) \u2014 10:00\u201311:00 (COL, PER, EST) \u2014 09:00\u201310:00 (CDMX)<\/span><\/p>\n<p><b>Participantes:<\/b><\/p>\n<ul>\n<li style=\"font-weight: 400;\" aria-level=\"1\"><b>Santiago Cueto (Moderador)<\/b><span style=\"font-weight: 400;\"> \u2013 Investigador Principal, GRADE (Per\u00fa)<\/span><\/li>\n<li style=\"font-weight: 400;\" aria-level=\"1\"><b>Mercedes Mateo <\/b><span style=\"font-weight: 400;\">\u2013 Jefa de la Divisi\u00f3n de Educaci\u00f3n, Banco Interamericano de Desarrollo (BID)<\/span><span style=\"font-weight: 400;\">\n<p><\/span><\/li>\n<\/ul>\n<p><b>Prop\u00f3sito de la sesi\u00f3n:<\/b><\/p>\n<p><span style=\"font-weight: 400;\">Los organismos multilaterales han tenido un papel decisivo en avanzar la agenda de aprendizajes fundamentales en la regi\u00f3n. Esta conversaci\u00f3n busca revisar qu\u00e9 avances concretos se han logrado en las pol\u00edticas de alfabetizaci\u00f3n y comprensi\u00f3n lectora en Am\u00e9rica Latina y c\u00f3mo la cooperaci\u00f3n internacional ha sido clave en este sentido.<\/span><\/p>\n<p><span style=\"font-weight: 400;\">Se abordar\u00e1n los aprendizajes recientes de implementaci\u00f3n, las pol\u00edticas que est\u00e1n mostrando resultados y los desaf\u00edos que a\u00fan persisten para garantizar que todos los ni\u00f1os y ni\u00f1as aprendan a leer y comprender a tiempo. El di\u00e1logo pondr\u00e1 el foco en c\u00f3mo alinear la evidencia, la financiaci\u00f3n y la voluntad pol\u00edtica para sostener una transformaci\u00f3n educativa duradera.<\/span><\/p>\n<p>[\/et_pb_toggle][et_pb_toggle title=&#8221;2. Logros y desaf\u00edos en las pol\u00edticas nacionales de alfabetizaci\u00f3n&#8221; _builder_version=&#8221;4.27.4&#8243; _module_preset=&#8221;default&#8221; global_colors_info=&#8221;{}&#8221;]<\/p>\n<p><b>Horario:<\/b><span style=\"font-weight: 400;\"> 14:00\u201315:00 (ARG, CHI, BRA) \u2014 12:00\u201313:00 (COL, PER, EST) \u2014 11:00\u201312:00 (CDMX)<\/span><\/p>\n<p><b>Participantes:<\/b><\/p>\n<ul>\n<li style=\"font-weight: 400;\" aria-level=\"1\"><b>Daniel Crespo (Moderador) \u2013 <\/b><span style=\"font-weight: 400;\">CEO y fundador, Muyu Educaci\u00f3n; Ex viceministro de Educaci\u00f3n (Ecuador)<\/span><\/li>\n<li style=\"font-weight: 400;\" aria-level=\"1\"><b>Gilda Natalia Alc\u00edvar Garc\u00eda<\/b><span style=\"font-weight: 400;\"> \u2013 Ministra de Educaci\u00f3n, Deporte y Cultura (Ecuador)<\/span><\/li>\n<li style=\"font-weight: 400;\" aria-level=\"1\"><b>Pablo Caggiani \u2013<\/b><span style=\"font-weight: 400;\"> Presidente, Administraci\u00f3n Nacional de Educaci\u00f3n P\u00fablica (ANEP) (Uruguay)<\/span><\/li>\n<li style=\"font-weight: 400;\" aria-level=\"1\"><b>Beatriz Garc\u00eda<\/b><span style=\"font-weight: 400;\"> \u2013 Ministra de Educaci\u00f3n (Bolivia)<\/span><\/li>\n<\/ul>\n<p><b>Prop\u00f3sito del panel:<\/b><b><br \/><\/b><span style=\"font-weight: 400;\">Este panel reunir\u00e1 a ministros nacionales de Educaci\u00f3n para analizar c\u00f3mo se gobiernan y sostienen pol\u00edticas de alfabetizaci\u00f3n. La conversaci\u00f3n buscar\u00e1 identificar los avances, consensos e incentivos que han permitido poner en marcha estas estrategias, los mecanismos de cooperaci\u00f3n entre niveles de gobierno y los principales desaf\u00edos de implementaci\u00f3n. Tambi\u00e9n se abordar\u00e1 el rol del financiamiento, la articulaci\u00f3n con la sociedad civil y la necesidad de asegurar continuidad m\u00e1s all\u00e1 de los ciclos pol\u00edticos.<\/span><span style=\"font-weight: 400;\"><br \/><\/span><span style=\"font-weight: 400;\">El objetivo es extraer lecciones sobre c\u00f3mo liderar y consolidar pol\u00edticas nacionales de comprensi\u00f3n lectora que garanticen resultados sostenibles y equitativos.<\/span><\/p>\n<p>[\/et_pb_toggle][et_pb_toggle title=&#8221;3. Nuevas alianzas por la comprensi\u00f3n lectora en la regi\u00f3n: entre lo nacional y lo regional &#8221; _builder_version=&#8221;4.27.4&#8243; _module_preset=&#8221;default&#8221; global_colors_info=&#8221;{}&#8221;]<\/p>\n<p><b>Horario:<\/b><span style=\"font-weight: 400;\"> 16:00\u201317:00 (ARG, CHI, BRA) \u2014 14:00\u201315:00 (COL, PER, EST) \u2014 13:00\u201314:00 (CDMX)<\/span><\/p>\n<p><b>Participantes:<\/b><\/p>\n<ul>\n<li style=\"font-weight: 400;\" aria-level=\"1\"><b>Karina Stocovaz (Moderadora) \u2013 <\/b><span style=\"font-weight: 400;\">Gerente para Am\u00e9rica Hispana, Instituto Natura<\/span><\/li>\n<li style=\"font-weight: 400;\" aria-level=\"1\"><b>Mercedes Barrera<\/b><span style=\"font-weight: 400;\"> \u2013 Gerente de Ciudadan\u00eda Corporativa de Grupo SURA y Directora de Fundaci\u00f3n SURA en Colombia<\/span><\/li>\n<li style=\"font-weight: 400;\" aria-level=\"1\"><b>Am\u00e9rica \u00c1valos<\/b><span style=\"font-weight: 400;\"> \u2013 Gerente de Educaci\u00f3n, Fundaci\u00f3n Coppel (M\u00e9xico)<\/span><\/li>\n<li style=\"font-weight: 400;\" aria-level=\"1\"><b>Daniela Caldeirinha de Carvalho<\/b><span style=\"font-weight: 400;\"> \u2013 Directora de Inversi\u00f3n Social, Funda\u00e7\u00e3o Lemann (Brasil)<\/span><\/li>\n<li style=\"font-weight: 400;\" aria-level=\"1\"><b>Mercedes Fonseca<\/b><span style=\"font-weight: 400;\"> \u2013Directora Ejecutiva, Fundaci\u00f3n Perez Companc<\/span><\/li>\n<\/ul>\n<p><b>Prop\u00f3sito del panel:<\/b><\/p>\n<p><span style=\"font-weight: 400;\">La sociedad civil desempe\u00f1a un papel clave en la construcci\u00f3n de alianzas sostenibles por la alfabetizaci\u00f3n y la comprensi\u00f3n lectora en Am\u00e9rica Latina. Esta conversaci\u00f3n reunir\u00e1 a l\u00edderes de fundaciones que est\u00e1n impulsando iniciativas educativas con impacto nacional y regional para discutir c\u00f3mo construir una agenda com\u00fan por los aprendizajes fundamentales.<\/span><\/p>\n<p><span style=\"font-weight: 400;\">El panel abordar\u00e1 qu\u00e9 puede aportar la sociedad civil para acelerar los resultados y sostener pol\u00edticas p\u00fablicas de alfabetizaci\u00f3n a largo plazo, y c\u00f3mo puede combinarse el foco local y nacional, con la colaboraci\u00f3n internacional.<\/span><\/p>\n<p>[\/et_pb_toggle][et_pb_toggle title=&#8221;4. Metas, indicadores e implementaci\u00f3n: aprendizajes y desaf\u00edos en las pol\u00edticas de lectura y escritura a nivel nacional&#8221; _builder_version=&#8221;4.27.4&#8243; _module_preset=&#8221;default&#8221; global_colors_info=&#8221;{}&#8221;]<\/p>\n<p><b>Horario:<\/b><span style=\"font-weight: 400;\"> 17:30\u201318:30 (ARG, CHI, BRA) \u2014 15:30\u201316:30 (COL, PER, EST) \u2014 14:30\u201315:30 (CDMX)<\/span><\/p>\n<p><b>Participantes:<\/b><\/p>\n<ul>\n<li style=\"font-weight: 400;\" aria-level=\"1\"><b>Andrea Escobar (Moderadora)<\/b><span style=\"font-weight: 400;\"> \u2013 Directora Ejecutiva, Fundaci\u00f3n Empresarios por la Educaci\u00f3n<\/span><\/li>\n<li style=\"font-weight: 400;\" aria-level=\"1\"><b>Jos\u00e9 Manuel Thomas<\/b><span style=\"font-weight: 400;\"> \u2013 Secretario del Consejo Federal de Educaci\u00f3n, Secretar\u00eda de Educaci\u00f3n, Ministerio de Capital Humano (Argentina)<\/span><\/li>\n<li style=\"font-weight: 400;\" aria-level=\"1\"><b>Alejandra Arratia<\/b><span style=\"font-weight: 400;\"> \u2013 Subsecretaria de Educaci\u00f3n, Ministerio de Educaci\u00f3n (Chile)<\/span><\/li>\n<li style=\"font-weight: 400;\" aria-level=\"1\"><b>K\u00e1tia Helena Serafina Cruz Schweickardt<\/b><span style=\"font-weight: 400;\"> \u2013 Secretaria de Educaci\u00f3n B\u00e1sica, Ministerio de Educaci\u00f3n (Brasil)<\/span><\/li>\n<\/ul>\n<p><b>Prop\u00f3sito del panel:<\/b><\/p>\n<p><span style=\"font-weight: 400;\">Para que las pol\u00edticas de comprensi\u00f3n lectora alcancen escala y resultados sostenibles, es clave definir metas claras, construir indicadores y sostener el foco en la implementaci\u00f3n. Este panel reunir\u00e1 a l\u00edderes de tres pa\u00edses que impulsan estrategias nacionales de alfabetizaci\u00f3n, para discutir c\u00f3mo se coordinan y gobiernan estos procesos en la pr\u00e1ctica.<\/span><\/p>\n<p><span style=\"font-weight: 400;\">La conversaci\u00f3n abordar\u00e1 c\u00f3mo se establecen los objetivos, c\u00f3mo se articulan distintos niveles y actores del sistema, y c\u00f3mo se equilibra la gesti\u00f3n cotidiana con una visi\u00f3n de largo plazo. Tambi\u00e9n se explorar\u00e1 el rol de quienes coordinan entre lo pol\u00edtico y lo t\u00e9cnico \u2014los equipos que transforman las decisiones en acci\u00f3n\u2014, y c\u00f3mo mantener rutinas y mecanismos de seguimiento que garanticen continuidad y aprendizaje institucional.<\/span><\/p>\n<p>[\/et_pb_toggle][et_pb_text _builder_version=&#8221;4.27.4&#8243; _module_preset=&#8221;default&#8221; global_colors_info=&#8221;{}&#8221;]<\/p>\n<h3 style=\"text-align: center;\"><span style=\"color: #2E5B3E;\"><b>JUEVES 11 DE DICIEMBRE<\/b><\/span><\/h3>\n<p>[\/et_pb_text][et_pb_toggle title=&#8221;1. Cooperaci\u00f3n para el desarrollo: una agenda com\u00fan por la comprensi\u00f3n lectora &#8221; _builder_version=&#8221;4.27.4&#8243; _module_preset=&#8221;default&#8221; global_colors_info=&#8221;{}&#8221;]<\/p>\n<p><b>Horario:<\/b><span style=\"font-weight: 400;\"> 12:00\u201313:00 (ARG, CHI, BRA) \u2014 10:00\u201311:00 (COL, PER, EST) \u2014 09:00\u201310:00 (CDMX)<\/span><\/p>\n<p><b>Participantes:<\/b><\/p>\n<ul>\n<li style=\"font-weight: 400;\" aria-level=\"1\"><b>In\u00e9s S\u00e1enz Negrete (Moderadora)<\/b><span style=\"font-weight: 400;\"> \u2013 Vicepresidenta de Inclusi\u00f3n, Impacto Social y Sostenibilidad, Tecnol\u00f3gico de Monterrey (M\u00e9xico)<\/span><\/li>\n<li style=\"font-weight: 400;\" aria-level=\"1\"><b>\u00cdtalo Dutra<\/b><span style=\"font-weight: 400;\"> \u2013 Asesor Regional de Educaci\u00f3n para Am\u00e9rica Latina y el Caribe, UNICEF<\/span><\/li>\n<li style=\"font-weight: 400;\" aria-level=\"1\"><b>Tamara D\u00edaz<\/b><span style=\"font-weight: 400;\"> \u2013 Directora General de Educaci\u00f3n y Educaci\u00f3n T\u00e9cnico Profesional, Organizaci\u00f3n de Estados Iberoamericanos (OEI)<\/span><\/li>\n<li style=\"font-weight: 400;\" aria-level=\"1\"><b>Miriam Preckler<\/b><span style=\"font-weight: 400;\"> \u2013 Directora de Educaci\u00f3n, CAF \u2013 Banco de Desarrollo de Am\u00e9rica Latina y el Caribe<\/span><\/li>\n<\/ul>\n<p><b>Prop\u00f3sito del panel:<\/b><\/p>\n<p><span style=\"font-weight: 400;\">El avance hacia una educaci\u00f3n de calidad y equitativa en Am\u00e9rica Latina depende cada vez m\u00e1s de la cooperaci\u00f3n internacional y de la capacidad de los organismos multilaterales, las agencias de desarrollo y el sector acad\u00e9mico para alinear una agenda com\u00fan por los aprendizajes fundamentales.<\/span><\/p>\n<p><span style=\"font-weight: 400;\">Este panel reunir\u00e1 a representantes de diversos sectores para discutir c\u00f3mo fortalecer la colaboraci\u00f3n regional en torno a la alfabetizaci\u00f3n y la comprensi\u00f3n lectora como base del desarrollo humano. La conversaci\u00f3n abordar\u00e1 los mecanismos de articulaci\u00f3n, financiamiento e intercambio de conocimiento que pueden potenciar el impacto colectivo, y buscar\u00e1 identificar prioridades compartidas y oportunidades de coordinaci\u00f3n para acelerar los resultados de aprendizaje en la regi\u00f3n.<\/span><\/p>\n<p>[\/et_pb_toggle][et_pb_toggle title=&#8221;2. Logros y desaf\u00edos en las pol\u00edticas nacionales de alfabetizaci\u00f3n&#8221; _builder_version=&#8221;4.27.4&#8243; _module_preset=&#8221;default&#8221; global_colors_info=&#8221;{}&#8221;]<\/p>\n<p><b>Horario:<\/b><span style=\"font-weight: 400;\"> 14:00\u201315:00 (ARG, CHI, BRA) \u2014 12:00\u201313:00 (COL, PER, EST) \u2014 11:00\u201312:00 (CDMX)<\/span><\/p>\n<p><b>Participantes:<\/b><\/p>\n<ul>\n<li style=\"font-weight: 400;\" aria-level=\"1\"><b>Esther Kuisch Laroche \u2013 <\/b><span style=\"font-weight: 400;\">Directora de la Oficina Regional para Am\u00e9rica Latina y el Caribe, UNESCO<\/span><\/li>\n<li style=\"font-weight: 400;\" aria-level=\"1\"><b>Nicol\u00e1s Cataldo<\/b><span style=\"font-weight: 400;\"> \u2013 Ministro de Educaci\u00f3n (Chile)\u00a0<\/span><\/li>\n<li style=\"font-weight: 400;\" aria-level=\"1\"><b>Carlos Torrendell &#8211; <\/b><span style=\"font-weight: 400;\">Secretario de Educaci\u00f3n (Argentina)<\/span><b>\u00a0<\/b><\/li>\n<\/ul>\n<p><b>Prop\u00f3sito del panel:<\/b><\/p>\n<p><span style=\"font-weight: 400;\">Este panel reunir\u00e1 a sus ministros nacionales de Educaci\u00f3n para analizar c\u00f3mo se gobiernan y sostienen pol\u00edticas de alfabetizaci\u00f3n. La conversaci\u00f3n buscar\u00e1 identificar los avances, consensos e incentivos que han permitido poner en marcha estas estrategias, los mecanismos de cooperaci\u00f3n entre niveles de gobierno y los principales desaf\u00edos de implementaci\u00f3n. Tambi\u00e9n se abordar\u00e1 el rol del financiamiento, la articulaci\u00f3n con la sociedad civil y la necesidad de asegurar continuidad m\u00e1s all\u00e1 de los ciclos pol\u00edticos.<\/span><span style=\"font-weight: 400;\"><br \/><\/span><span style=\"font-weight: 400;\">El objetivo es extraer lecciones sobre c\u00f3mo liderar y consolidar pol\u00edticas nacionales de comprensi\u00f3n lectora que garanticen resultados sostenibles y equitativos en todo el territorio.<\/span><\/p>\n<p>[\/et_pb_toggle][et_pb_toggle title=&#8221;3. Alfabetizaci\u00f3n en acci\u00f3n: avances y aprendizajes de pol\u00edticas subnacionales &#8221; _builder_version=&#8221;4.27.4&#8243; _module_preset=&#8221;default&#8221; global_colors_info=&#8221;{}&#8221;]<\/p>\n<p><b>Horario:<\/b><span style=\"font-weight: 400;\"> 16:00\u201317:00 (ARG, CHI, BRA) \u2014 14:00\u201315:00 (COL, PER, EST) \u2014 13:00\u201314:00 (CDMX)<\/span><\/p>\n<p><b>Participantes:<\/b><\/p>\n<ul>\n<li style=\"font-weight: 400;\" aria-level=\"1\"><b>Joaqu\u00edn Walker Mart\u00ednez (Moderador) \u2013 <\/b><span style=\"font-weight: 400;\">Secretario Ejecutivo del Plan de Reactivaci\u00f3n Educativa, Ministerio de Educaci\u00f3n (Chile)\u00a0<\/span><\/li>\n<li style=\"font-weight: 400;\" aria-level=\"1\"><b>Jos\u00e9 Goity<\/b><span style=\"font-weight: 400;\"> \u2013 Ministro de Educaci\u00f3n, Provincia de Santa Fe (Argentina)<\/span><\/li>\n<li style=\"font-weight: 400;\" aria-level=\"1\"><b>Isabel Segovia<\/b><span style=\"font-weight: 400;\"> \u2013 Secretaria de Educaci\u00f3n, Bogot\u00e1 D.C. (Colombia)<\/span><\/li>\n<li style=\"font-weight: 400;\" aria-level=\"1\"><b>Vitor de Angelo<\/b><span style=\"font-weight: 400;\"> \u2013 Secretario de Educaci\u00f3n, Estado de Esp\u00edrito Santo (Brasil)<\/span><span style=\"font-weight: 400;\">\n<p><\/span><\/li>\n<\/ul>\n<p><b>Prop\u00f3sito del panel:<\/b><\/p>\n<p><span style=\"font-weight: 400;\">Las pol\u00edticas de alfabetizaci\u00f3n y comprensi\u00f3n lectora cobran sentido real en el territorio, donde se traducen en acciones, acompa\u00f1amiento docente y aprendizajes concretos. Este panel reunir\u00e1 a l\u00edderes subnacionales que est\u00e1n implementando programas de alfabetizaci\u00f3n a gran escala, para compartir avances, aprendizajes y desaf\u00edos de gesti\u00f3n.<\/span><\/p>\n<p><span style=\"font-weight: 400;\">La conversaci\u00f3n abordar\u00e1 c\u00f3mo coordinar esfuerzos entre gobiernos nacionales y locales, c\u00f3mo sostener la formaci\u00f3n y el acompa\u00f1amiento pedag\u00f3gico, y qu\u00e9 aprendizajes surgen de los procesos de implementaci\u00f3n. Tambi\u00e9n se destacar\u00e1n experiencias exitosas que muestran resultados tangibles en la mejora de la comprensi\u00f3n lectora y estrategias para sostener esos logros en el tiempo.<\/span><\/p>\n<p>[\/et_pb_toggle][et_pb_text _builder_version=&#8221;4.27.4&#8243; _module_preset=&#8221;default&#8221; global_colors_info=&#8221;{}&#8221;]<\/p>\n<h3 style=\"text-align: center;\"><span style=\"color: #2E5B3E;\"><b>VIERNES 12 DE DICIEMBRE<\/b><\/span><\/h3>\n<p>[\/et_pb_text][et_pb_toggle title=&#8221;1. Innovar para lograr impacto: qu\u00e9 hemos aprendido sobre la implementaci\u00f3n eficaz de programas de alfabetizaci\u00f3n&#8221; _builder_version=&#8221;4.27.4&#8243; _module_preset=&#8221;default&#8221; global_colors_info=&#8221;{}&#8221;]<\/p>\n<p><span style=\"color: #ff0000;\"><b>(Esta sesi\u00f3n se llevar\u00e1 a cabo en ingl\u00e9s)<\/b><\/span><\/p>\n<p><b>Horario:<\/b><span style=\"font-weight: 400;\"> 10:00\u201311:00 (ARG, CHI, BRA) \u2014 08:00\u201309:00 (COL, PER, EST) \u2014 07:00\u201308:00 (CDMX)<\/span><\/p>\n<p><b>Participantes:<\/b><\/p>\n<ul>\n<li style=\"font-weight: 400;\" aria-level=\"1\"><b>Emanuel Garza Fishburn (Moderador) \u2013 <\/b><span style=\"font-weight: 400;\">Secretario de Educaci\u00f3n, Coahuila (M\u00e9xico)<\/span><\/li>\n<li style=\"font-weight: 400;\" aria-level=\"1\"><b>Rukmini Banerji<\/b><span style=\"font-weight: 400;\"> \u2013 CEO, Pratham Education Foundation<\/span><\/li>\n<\/ul>\n<p><b>Prop\u00f3sito de la sesi\u00f3n:<\/b><\/p>\n<p><span style=\"font-weight: 400;\">Una vez que la alfabetizaci\u00f3n se instala como prioridad, aparece el desaf\u00edo m\u00e1s complejo: hacer que las pol\u00edticas funcionen en las aulas. Esta sesi\u00f3n buscar\u00e1 conversar sobre c\u00f3mo pasar de la intenci\u00f3n al resultado, y qu\u00e9 aprendizajes ofrece la experiencia de Pratham para esa etapa decisiva.<\/span><\/p>\n<p><span style=\"font-weight: 400;\">A partir de su trabajo en India, la conversaci\u00f3n abordar\u00e1 qu\u00e9 hace que una implementaci\u00f3n sea eficaz: enfoques simples y consistentes, claridad sobre qu\u00e9 se quiere que los ni\u00f1os aprendan, rutinas de lectura que se pueden sostener en el d\u00eda a d\u00eda y formas de acompa\u00f1ar a docentes y escuelas que realmente ayudan a mejorar. Tambi\u00e9n se discutir\u00e1 el valor de contar con evaluaciones f\u00e1ciles de entender, con informaci\u00f3n que llegue r\u00e1pido y permita ajustar la ense\u00f1anza.<\/span><\/p>\n<p><span style=\"font-weight: 400;\">El objetivo es ver qu\u00e9 aspectos de este modelo pueden inspirar a Am\u00e9rica Latina, c\u00f3mo adaptar esas pr\u00e1cticas a los contextos de la regi\u00f3n y qu\u00e9 decisiones permiten que la alfabetizaci\u00f3n no se quede en una prioridad declarada, sino que se convierta en una pol\u00edtica viva que mejora la comprensi\u00f3n lectora de los estudiantes.<\/span><\/p>\n<p>[\/et_pb_toggle][et_pb_toggle title=&#8221;2. Pol\u00edticas provinciales en acci\u00f3n: liderando la alfabetizaci\u00f3n inicial&#8221; _builder_version=&#8221;4.27.5&#8243; _module_preset=&#8221;default&#8221; hover_enabled=&#8221;0&#8243; global_colors_info=&#8221;{}&#8221; sticky_enabled=&#8221;0&#8243;]<\/p>\n<p><b>Horario<\/b><span style=\"font-weight: 400;\">: 12:00\u201313:00 (ARG, CHI, BRA) \u2014 10:00\u201311:00 (COL, PER, EST) \u2014 09:00\u201310:00 (CDMX)<\/span><\/p>\n<p><b>Participantes:<\/b><\/p>\n<ul>\n<li style=\"font-weight: 400;\" aria-level=\"1\"><b>Ra\u00fal Figueroa (Moderador)\u00a0 \u2013 <\/b><span style=\"font-weight: 400;\">Director Ejecutivo, Instituto UNAB de Pol\u00edticas P\u00fablicas (Chile)<\/span><\/li>\n<li style=\"font-weight: 400;\" aria-level=\"1\"><b>Samuel Garc\u00eda &#8211; <\/b><span style=\"font-weight: 400;\">Gobernador, Nuevo\u00a0 Le\u00f3n (M\u00e9xico)<\/span><\/li>\n<li style=\"font-weight: 400;\" aria-level=\"1\"><b>Leandro Zdero <\/b><span style=\"font-weight: 400;\">\u2013 Gobernador, Chaco (Argentina)<\/span><\/li>\n<li style=\"font-weight: 400;\" aria-level=\"1\"><b>Ronaldo Caiado <\/b><span style=\"font-weight: 400;\">\u2013 Gobernador, Goias (Brasil)<\/span><\/li>\n<\/ul>\n<p><b>Prop\u00f3sito del panel:<\/b><\/p>\n<p><span style=\"font-weight: 400;\">Los gobiernos provinciales y estaduales cumplen un rol decisivo en la mejora de la alfabetizaci\u00f3n y la comprensi\u00f3n lectora, al ser quienes transforman las pol\u00edticas nacionales en acciones concretas. Este panel reunir\u00e1 a gobernadores que han impulsado o est\u00e1n impulsando estrategias y pol\u00edticas en materia de comprensi\u00f3n lectora.<\/span><\/p>\n<p><span style=\"font-weight: 400;\">La conversaci\u00f3n buscar\u00e1 destacar c\u00f3mo se lidera la pol\u00edtica educativa a nivel estadual, qu\u00e9 innovaciones se est\u00e1n aplicando en la gesti\u00f3n y la formaci\u00f3n docente, y c\u00f3mo se construyen alianzas con los gobiernos nacionales y municipios, con la sociedad civil y con las comunidades educativas para garantizar que todos los ni\u00f1os y ni\u00f1as aprendan a leer y comprender a tiempo.<\/span><\/p>\n<p>[\/et_pb_toggle][et_pb_toggle title=&#8221;3. Alcaldes por la comprensi\u00f3n lectora: aprendizajes de la pol\u00edtica p\u00fablica local&#8221; _builder_version=&#8221;4.27.4&#8243; _module_preset=&#8221;default&#8221; global_colors_info=&#8221;{}&#8221;]<\/p>\n<p><b>Horario<\/b><span style=\"font-weight: 400;\">: 14:00\u201315:00 (ARG, CHI, BRA) \u2014 12:00\u201313:00 (COL, PER, EST) \u2014 11:00\u201312:00 (CDMX)<\/span><\/p>\n<p><b>Participantes:<\/b><\/p>\n<ul>\n<li style=\"font-weight: 400;\" aria-level=\"1\"><b>Catalina Duarte (Moderadora) \u2013 <\/b><span style=\"font-weight: 400;\">Especialista en Educaci\u00f3n, UNICEF (Colombia)<\/span><\/li>\n<li style=\"font-weight: 400;\" aria-level=\"1\"><b>Juan Ignacio Ust\u00e1rroz \u2013 <\/b><span style=\"font-weight: 400;\">Intendente de Mercedes (Argentina)<\/span><\/li>\n<li style=\"font-weight: 400;\" aria-level=\"1\"><b>Jaime Bellolio \u2013<\/b><span style=\"font-weight: 400;\"> Alcalde de Providencia (Chile)<\/span><\/li>\n<li style=\"font-weight: 400;\" aria-level=\"1\"><b>Eduardo Braide<\/b><span style=\"font-weight: 400;\"> \u2013 Prefeito, S\u00e3o Lu\u00eds (Brasil)<\/span><\/li>\n<\/ul>\n<p>&nbsp;<\/p>\n<p><b>Prop\u00f3sito del panel:<\/b><\/p>\n<p><span style=\"font-weight: 400;\">Los gobiernos locales est\u00e1n cada vez m\u00e1s involucrados en pol\u00edticas de alfabetizaci\u00f3n y comprensi\u00f3n lectora, dise\u00f1ando e implementando programas que vinculan escuelas, comunidades y familias. Este panel reunir\u00e1 a alcaldes de distintos pa\u00edses para compartir experiencias locales que han logrado resultados sostenibles, discutir c\u00f3mo se articulan con los gobiernos nacionales y explorar c\u00f3mo fortalecer las redes municipales por la lectura.<\/span><\/p>\n<p><span style=\"font-weight: 400;\">El foco estar\u00e1 en las innovaciones desde el nivel local, la importancia del liderazgo territorial y la construcci\u00f3n de alianzas entre educaci\u00f3n, cultura y desarrollo social.<\/span><\/p>\n<p>[\/et_pb_toggle][et_pb_toggle title=&#8221;4. La voz del aula: experiencias docentes para fortalecer la comprensi\u00f3n lectora&#8221; _builder_version=&#8221;4.27.4&#8243; _module_preset=&#8221;default&#8221; global_colors_info=&#8221;{}&#8221;]<\/p>\n<p><b>Horario<\/b><span style=\"font-weight: 400;\">: 16:00\u201317:00 (ARG, CHI, BRA) \u2014 14:00\u201315:00 (COL, PER, EST) \u2014 13:00\u201314:00 (CDMX)<\/span><\/p>\n<p><b>Participantes:<\/b><\/p>\n<ul>\n<li style=\"font-weight: 400;\" aria-level=\"1\"><b>Patricio Zunini (Moderador) &#8211; <\/b><span style=\"font-weight: 400;\">Director de Prensa y Comunicaci\u00f3n, TICMAS<\/span><\/li>\n<\/ul>\n<ul>\n<li aria-level=\"1\"><b>Hortencia Maricruz Peralta Santos \u2013 <\/b><span style=\"font-weight: 400;\">Maestra de Educaci\u00f3n Primaria, Subdirectora acad\u00e9mica de la Escuela Normal de Ticul, Yucat\u00e1n (M\u00e9xico)<\/span><\/li>\n<\/ul>\n<ul>\n<li style=\"font-weight: 400;\" aria-level=\"1\"><b>H\u00e9ctor Jos\u00e9 L\u00f3pez Quintero<\/b> <b>\u2013<\/b><span style=\"font-weight: 400;\"> Docente de b\u00e1sica primaria, Instituto Tecnol\u00f3gico Santa Rosa de Cabal, Risaralda (Colombia)<\/span><\/li>\n<li style=\"font-weight: 400;\" aria-level=\"1\"><b>Marcela Henr\u00edquez Aravena \u2013 <\/b><span style=\"font-weight: 400;\">Profesora de Lengua y Literatura,\u00a0 Liceo Bicentenario de Excelencia Carlos Montan\u00e9 Castro, Quirihue (Chile)<\/span><\/li>\n<\/ul>\n<p><b>Prop\u00f3sito del panel:<\/b><\/p>\n<p><span style=\"font-weight: 400;\">Este espacio busca poner en el centro la experiencia de quienes ense\u00f1an todos los d\u00edas. A partir de relatos y pr\u00e1cticas concretas, el panel explorar\u00e1 c\u00f3mo docentes de distintos pa\u00edses est\u00e1n abordando los desaf\u00edos de la comprensi\u00f3n lectora en el aula, qu\u00e9 estrategias les est\u00e1n funcionando, y qu\u00e9 condiciones \u2014de formaci\u00f3n, materiales, acompa\u00f1amiento y gesti\u00f3n escolar\u2014 permiten que esas pr\u00e1cticas se sostengan y escalen. El objetivo es visibilizar aprendizajes reales desde la pr\u00e1ctica cotidiana, conectarlos con pol\u00edticas p\u00fablicas y fortalecer una agenda regional que escuche, valore y apoye el trabajo docente para que todos los estudiantes puedan comprender lo que leen.<\/span><\/p>\n<p>[\/et_pb_toggle][et_pb_text _builder_version=&#8221;4.27.4&#8243; _module_preset=&#8221;default&#8221; global_colors_info=&#8221;{}&#8221;]<\/p>\n<h3 style=\"text-align: center;\"><span style=\"color: #2E5B3E;\"><b>LUNES 15 DE DICIEMBRE<\/b><\/span><\/h3>\n<p>[\/et_pb_text][et_pb_toggle title=&#8221;1. Pol\u00edticas de comprensi\u00f3n lectora: desaf\u00edos de implementaci\u00f3n y el potencial de la tecnolog\u00eda&#8221; _builder_version=&#8221;4.27.4&#8243; _module_preset=&#8221;default&#8221; global_colors_info=&#8221;{}&#8221;]<\/p>\n<p><span style=\"color: #ff0000;\"><b>(Esta sesi\u00f3n se llevar\u00e1 a cabo en ingl\u00e9s)<\/b><\/span><\/p>\n<p><b>Horario:<\/b><span style=\"font-weight: 400;\"> 12:00\u201313:00 (ARG, CHI, BRA) \u2014 10:00\u201311:00 (COL, PER, EST) \u2014 09:00\u201310:00 (CDMX)<\/span><\/p>\n<p><b>Participantes:<\/b><\/p>\n<ul>\n<li style=\"font-weight: 400;\" aria-level=\"1\"><b>Isabella Luksic (Moderadora) \u2013 <\/b><span style=\"font-weight: 400;\">Fundaci\u00f3n Luksic<\/span><\/li>\n<li style=\"font-weight: 400;\" aria-level=\"1\"><b>Janice K. Jackson \u2014 <\/b><span style=\"font-weight: 400;\">Executive Director, Education &amp; Society Program, Aspen Institute y Ex-CEO de Chicago Public Schools.<\/span><\/li>\n<\/ul>\n<p><b>Prop\u00f3sito de la sesi\u00f3n:<\/b><\/p>\n<p><span style=\"font-weight: 400;\">Esta entrevista buscar\u00e1 profundizar en qu\u00e9 elementos de pol\u00edtica y gesti\u00f3n est\u00e1n demostrando funcionar para mejorar la comprensi\u00f3n lectora, y cu\u00e1les son los principales desaf\u00edos de implementaci\u00f3n que enfrentan los sistemas educativos hoy. La conversaci\u00f3n recuperar\u00e1 aprendizajes surgidos de debates internacionales recientes sobre enfoques de ense\u00f1anza, acompa\u00f1amiento a escuelas y uso de evidencia.<\/span><\/p>\n<p><span style=\"font-weight: 400;\">La sesi\u00f3n tambi\u00e9n abordar\u00e1 el potencial de la tecnolog\u00eda como herramienta para apoyar la ense\u00f1anza de la lectura: sus oportunidades, sus l\u00edmites y las condiciones para que complemente el trabajo docente. El objetivo es ofrecer ideas concretas que puedan inspirar a Am\u00e9rica Latina en esta nueva etapa de priorizaci\u00f3n de la alfabetizaci\u00f3n y la comprensi\u00f3n lectora.<\/span><\/p>\n<p>[\/et_pb_toggle][et_pb_toggle title=&#8221;2. Innovar para lograr impacto: qu\u00e9 hemos aprendido sobre la implementaci\u00f3n eficaz de programas de alfabetizaci\u00f3n&#8221; _builder_version=&#8221;4.27.5&#8243; _module_preset=&#8221;default&#8221; global_colors_info=&#8221;{}&#8221;]<\/p>\n<p><span style=\"color: #ff0000;\"><b>(Esta sesi\u00f3n se llevar\u00e1 a cabo en ingl\u00e9s)<\/b><\/span><\/p>\n<p><b>Horario:<\/b><span style=\"font-weight: 400;\"> 14:00\u201315:00 (ARG, CHI, BRA) \u2014 12:00\u201313:00 (COL, PER, EST) \u2014 11:00\u201312:00 (CDMX)<\/span><\/p>\n<p><b>Participantes:<\/b><\/p>\n<ul>\n<li style=\"font-weight: 400;\" aria-level=\"1\"><b>Ignacio Ibarz\u00e1bal (Moderador)\u00a0 \u2013 <\/b><span style=\"font-weight: 400;\">Director Ejecutivo, Argentinos por la Educaci\u00f3n<\/span><\/li>\n<li style=\"font-weight: 400;\" aria-level=\"1\"><b>Ben Piper \u2013<\/b><span style=\"font-weight: 400;\"> Director of the Global Education Programme, Gates Foundation<\/span><\/li>\n<\/ul>\n<p><b>Prop\u00f3sito de la sesi\u00f3n:<\/b><\/p>\n<p><span style=\"font-weight: 400;\">Mejorar la alfabetizaci\u00f3n a gran escala requiere entender qu\u00e9 hace que una pol\u00edtica funcione en la pr\u00e1ctica. Esta sesi\u00f3n propondr\u00e1 mirar la implementaci\u00f3n desde otro \u00e1ngulo: no como un tr\u00e1mite operativo, sino como el coraz\u00f3n del cambio educativo. A partir de experiencias internacionales, la conversaci\u00f3n explorar\u00e1 qu\u00e9 condiciones permiten que las estrategias de lectura se sostengan y produzcan resultados.<\/span><\/p>\n<p><span style=\"font-weight: 400;\">Se discutir\u00e1 el peso de enfoques simples y coherentes, la claridad sobre los aprendizajes esperados, las rutinas de lectura que pueden integrarse en la vida escolar y las formas de acompa\u00f1amiento que realmente ayudan a docentes y escuelas. Tambi\u00e9n se abordar\u00e1 el valor de evaluaciones claras y oportunas, que orienten decisiones y ajustes continuos.<\/span><\/p>\n<p><span style=\"font-weight: 400;\">El objetivo es identificar qu\u00e9 aspectos de estos modelos pueden inspirar a Am\u00e9rica Latina y qu\u00e9 decisiones vuelven a la alfabetizaci\u00f3n una pol\u00edtica viva, capaz de mejorar la comprensi\u00f3n lectora de los estudiantes.<\/span><\/p>\n<p>[\/et_pb_toggle][et_pb_text _builder_version=&#8221;4.27.4&#8243; _module_preset=&#8221;default&#8221; global_colors_info=&#8221;{}&#8221;]<\/p>\n<h3 style=\"text-align: center;\"><span style=\"color: #2E5B3E;\"><b>MARTES 16 DE DICIEMBRE<\/b><\/span><\/h3>\n<p>[\/et_pb_text][et_pb_toggle title=&#8221;1. De los datos a las decisiones: fortaleciendo los ecosistemas de evidencia para el aprendizaje fundamental &#8221; _builder_version=&#8221;4.27.4&#8243; _module_preset=&#8221;default&#8221; global_colors_info=&#8221;{}&#8221;]<\/p>\n<p><span style=\"color: #ff0000;\"><b>(Esta sesi\u00f3n se llevar\u00e1 a cabo en ingl\u00e9s)<\/b><\/span><\/p>\n<p><b>Horario: <\/b><span style=\"font-weight: 400;\">10:00\u201311:00 (ARG, CHI, BRA) \u2014 09:00\u201309:00 (COL, PER, EST) \u2014 07:00\u201308:00 (CDMX)<\/span><\/p>\n<p><b>Participantes:<\/b><\/p>\n<ul>\n<li aria-level=\"1\"><b>Javier Gonz\u00e1lez D. (Moderador) <\/b><span style=\"font-weight: 400;\">\u2013 Director, SUMMA<\/span><\/li>\n<\/ul>\n<ul>\n<li style=\"font-weight: 400;\" aria-level=\"1\"><b>Mart\u00edn Benavides<\/b><span style=\"font-weight: 400;\"> \u2013 Director, IIPE UNESCO<\/span><\/li>\n<li style=\"font-weight: 400;\" aria-level=\"1\"><b>Rachel Hinton<\/b><span style=\"font-weight: 400;\"> \u2013 Senior Adviser, UK Foreign, Commonwealth &amp; Development Office (FCDO) \/\/ Global Education Research Lead, What Works Hub for Global Education (Blavatnik School of Government, University of Oxford)<\/span><\/li>\n<\/ul>\n<p><b>Prop\u00f3sito de la sesi\u00f3n:<\/b><\/p>\n<p><span style=\"font-weight: 400;\">Los pa\u00edses de todo el mundo est\u00e1n desarrollando ecosistemas de evidencia m\u00e1s s\u00f3lidos para mejorar la toma de decisiones en aprendizajes fundamentales. Esta sesi\u00f3n analizar\u00e1 qu\u00e9 tipos de datos est\u00e1n resultando m\u00e1s valiosos para orientar pol\u00edticas, c\u00f3mo se organizan las instituciones para traducir evidencia en pr\u00e1cticas educativas concretas y qu\u00e9 mecanismos facilitan el puente entre investigaci\u00f3n y pol\u00edtica.<\/span><\/p>\n<p><span style=\"font-weight: 400;\">La conversaci\u00f3n recuperar\u00e1 experiencias globales para identificar lecciones \u00fatiles para Am\u00e9rica Latina: c\u00f3mo fortalecer la capacidad regional para generar, interpretar y usar evidencia de forma efectiva; qu\u00e9 arreglos institucionales pueden mejorar la coherencia y el impacto; y qu\u00e9 oportunidades se abren en un contexto donde la alfabetizaci\u00f3n y la comprensi\u00f3n lectora se est\u00e1n convirtiendo en prioridades compartidas en toda la regi\u00f3n.<\/span><\/p>\n<p>[\/et_pb_toggle][et_pb_toggle title=&#8221;2. La oportunidad de Am\u00e9rica Latina para avanzar en comprensi\u00f3n lectora&#8221; _builder_version=&#8221;4.27.4&#8243; _module_preset=&#8221;default&#8221; global_colors_info=&#8221;{}&#8221;]<\/p>\n<p><span style=\"color: #ff0000;\"><b>(Esta sesi\u00f3n se llevar\u00e1 a cabo en ingl\u00e9s)<\/b><\/span><\/p>\n<p><b>Horario:<\/b><span style=\"font-weight: 400;\"> 12:00\u201313:00 (ARG, CHI, BRA) \u2014 10:00\u201311:00 (COL, PER, EST) \u2014 09:00\u201310:00 (CDMX)<\/span><\/p>\n<p><b>Participantes:<\/b><\/p>\n<ul>\n<li style=\"font-weight: 400;\" aria-level=\"1\"><b>Victor Volman (Moderador) &#8211; <\/b><span style=\"font-weight: 400;\">Director del Observatorio, Argentinos por la Educaci\u00f3n<\/span><\/li>\n<li style=\"font-weight: 400;\" aria-level=\"1\"><b>Andreas Schleicher<\/b><span style=\"font-weight: 400;\"> \u2013 Director for Education and Skills, OECD<\/span><\/li>\n<\/ul>\n<p><b>Prop\u00f3sito de la sesi\u00f3n:<\/b><\/p>\n<p><span style=\"font-weight: 400;\">Esta entrevista abordar\u00e1 qu\u00e9 muestran hoy los datos internacionales sobre los sistemas que est\u00e1n mejorando en comprensi\u00f3n lectora y qu\u00e9 factores explican esas trayectorias.<\/span><span style=\"font-weight: 400;\"><br \/><\/span><span style=\"font-weight: 400;\">La conversaci\u00f3n se centrar\u00e1 en c\u00f3mo se posiciona Am\u00e9rica Latina frente a esas tendencias globales, qu\u00e9 se\u00f1ales de oportunidad abre la actual ola de pol\u00edticas de alfabetizaci\u00f3n en la regi\u00f3n y cu\u00e1les son los consensos que pueden consolidarse.<\/span><\/p>\n<p><span style=\"font-weight: 400;\">Tambi\u00e9n se reflexionar\u00e1 sobre qu\u00e9 puede aprender Am\u00e9rica Latina del mundo y qu\u00e9 puede aportar la regi\u00f3n a partir de sus avances recientes, sus reformas en marcha y la creciente priorizaci\u00f3n de los aprendizajes fundamentales.<\/span><\/p>\n<p>[\/et_pb_toggle][et_pb_toggle title=&#8221;3. Liderazgo escolar para mejorar la comprensi\u00f3n lectora: voces desde las escuelas&#8221; _builder_version=&#8221;4.27.4&#8243; _module_preset=&#8221;default&#8221; global_colors_info=&#8221;{}&#8221;]<\/p>\n<p><b>Horario:<\/b><span style=\"font-weight: 400;\"> 16:00\u201317:00 (ARG, CHI, BRA) \u2014 14:00\u201315:00 (COL, PER, EST) \u2014 13:00\u201314:00 (CDMX)<\/span><\/p>\n<p><b>Participantes:<\/b><\/p>\n<ul>\n<li style=\"font-weight: 400;\" aria-level=\"1\"><b>Magdalena Fern\u00e1ndez Lemos (Moderadora) &#8211; <\/b><span style=\"font-weight: 400;\">Chief of Growth, Global School Leaders<\/span><\/li>\n<li style=\"font-weight: 400;\" aria-level=\"1\"><b>Ver\u00f3nica Suero Rojas<\/b><span style=\"font-weight: 400;\"> \u2013 Directora, Escuela Claudio Arrau, (Antofagasta, Chile)<\/span><\/li>\n<li style=\"font-weight: 400;\" aria-level=\"1\"><b>Antonia Raquel Chaves Luciano<\/b><span style=\"font-weight: 400;\"> \u2013 Directora, Escola Raimundo Pimentel Gomes (Sobral, Cear\u00e1, Brasil)<\/span><\/li>\n<li style=\"font-weight: 400;\" aria-level=\"1\"><b>Jorge Rafael Le\u00f3n Arenas<\/b><span style=\"font-weight: 400;\"> \u2013 Director,\u00a0 Telesecundaria Francisco del Paso y Troncoso (La Palma, Tepatlaxco, Veracruz, M\u00e9xico)<\/span><\/li>\n<\/ul>\n<p><b>Prop\u00f3sito de la sesi\u00f3n:<\/b><\/p>\n<p><span style=\"font-weight: 400;\">La mejora de la comprensi\u00f3n lectora ocurre, ante todo, en la escuela y en el aula. Este panel reunir\u00e1 a directores y directoras de distintos pa\u00edses para compartir c\u00f3mo est\u00e1n organizando sus instituciones para priorizar la lectura, qu\u00e9 cambios de liderazgo est\u00e1n impulsando mejores pr\u00e1cticas pedag\u00f3gicas y c\u00f3mo sostienen el foco en un contexto lleno de demandas y urgencias.\u00a0<\/span><\/p>\n<p><span style=\"font-weight: 400;\">La conversaci\u00f3n buscar\u00e1 recuperar experiencias concretas sobre c\u00f3mo se construye una cultura escolar que cuida la ense\u00f1anza, c\u00f3mo se acompa\u00f1a a los docentes, qu\u00e9 decisiones de gesti\u00f3n favorecen el avance de los estudiantes y qu\u00e9 rutinas de seguimiento ayudan a mantener el rumbo. El objetivo es traer al Encuentro una mirada directa desde quienes est\u00e1n m\u00e1s cerca de los estudiantes, mostrando qu\u00e9 est\u00e1 funcionando en las escuelas y qu\u00e9 aprendizajes pueden inspirar a los sistemas educativos en la tarea de mejorar la comprensi\u00f3n lectora a gran escala<\/span><span style=\"font-weight: 400;\">.<\/span><\/p>\n<p>[\/et_pb_toggle][\/et_pb_column][\/et_pb_row][\/et_pb_section][et_pb_section fb_built=&#8221;1&#8243; module_id=&#8221;quienessomos&#8221; _builder_version=&#8221;4.27.4&#8243; _module_preset=&#8221;default&#8221; background_color=&#8221;#aad6e1&#8243; global_colors_info=&#8221;{}&#8221;][et_pb_row _builder_version=&#8221;4.27.4&#8243; _module_preset=&#8221;default&#8221; custom_padding=&#8221;||0px|||&#8221; global_colors_info=&#8221;{}&#8221;][et_pb_column type=&#8221;4_4&#8243; _builder_version=&#8221;4.27.4&#8243; _module_preset=&#8221;default&#8221; global_colors_info=&#8221;{}&#8221;][et_pb_text _builder_version=&#8221;4.27.4&#8243; _module_preset=&#8221;default&#8221; text_font=&#8221;Montserrat||||||||&#8221; text_font_size=&#8221;36px&#8221; text_line_height=&#8221;1.6em&#8221; custom_margin=&#8221;50px||49px||false|false&#8221; animation_style=&#8221;slide&#8221; animation_direction=&#8221;bottom&#8221; text_font_size_tablet=&#8221;36px&#8221; text_font_size_phone=&#8221;20px&#8221; text_font_size_last_edited=&#8221;on|phone&#8221; text_line_height_tablet=&#8221;1.6em&#8221; text_line_height_phone=&#8221;1.4em&#8221; text_line_height_last_edited=&#8221;on|phone&#8221; inline_fonts=&#8221;Nunito Sans&#8221; global_colors_info=&#8221;{}&#8221;]<\/p>\n<p style=\"text-align: center;\"><strong><span style=\"font-family: 'Nunito Sans'; color: #2e5b3e;\"><b>QUIENES SOMOS<\/b><\/span><\/strong><\/p>\n<h2 style=\"text-align: center;\"><span style=\"font-weight: 400; color: #2e5b3e;\">El Movimiento por la Comprensi\u00f3n Lectora re\u00fane a colectivos de la sociedad civil de Argentina, Brasil, Chile, Colombia, Per\u00fa y M\u00e9xico, que trabajan con independencia partidaria para posicionar la alfabetizaci\u00f3n y la comprensi\u00f3n lectora como prioridad educativa en cada pa\u00eds.<\/span><\/h2>\n<h2 style=\"text-align: center;\"><span style=\"font-weight: 400; color: #2e5b3e;\">En conjunto, las m\u00e1s de 400 organizaciones que formamos parte del Movimiento buscamos fortalecer pol\u00edticas p\u00fablicas, promover el uso de evidencia y articular esfuerzos entre gobiernos, academia, organismos multilaterales y sociedad civil para garantizar que todas las ni\u00f1as y ni\u00f1os aprendan a leer y comprender a tiempo.<\/span><\/h2>\n<p><strong><\/strong><\/p>\n<p>[\/et_pb_text][\/et_pb_column][\/et_pb_row][et_pb_row _builder_version=&#8221;4.27.4&#8243; _module_preset=&#8221;default&#8221; global_colors_info=&#8221;{}&#8221;][et_pb_column type=&#8221;4_4&#8243; _builder_version=&#8221;4.27.4&#8243; _module_preset=&#8221;default&#8221; global_colors_info=&#8221;{}&#8221;][et_pb_text _builder_version=&#8221;4.27.4&#8243; _module_preset=&#8221;default&#8221; background_color=&#8221;#d9d7c5&#8243; global_colors_info=&#8221;{}&#8221;]<\/p>\n<table>\n<tbody>\n<tr>\n<td>\n<p><span style=\"font-weight: 400;\">Quienes formamos parte del Movimiento por la Comprensi\u00f3n Lectora compartimos que:<\/span><\/p>\n<p style=\"padding-left: 80px;\"><span style=\"color: #ff6600;\"><b>1.<\/b><\/span><span style=\"font-weight: 400;\">\u00a0 La alfabetizaci\u00f3n inicial es la puerta de entrada al aprendizaje y a la igualdad de oportunidades.<\/span><\/p>\n<p style=\"padding-left: 80px;\"><span style=\"color: #ff6600;\"><b>2.<\/b><\/span><span style=\"font-weight: 400;\"> Las pol\u00edticas deben basarse en evidencia y sostenerse en el tiempo, m\u00e1s all\u00e1 de los ciclos pol\u00edticos.<\/span><\/p>\n<p style=\"padding-left: 80px;\"><span style=\"color: #ff6600;\"><b>3.<\/b><\/span><span style=\"font-weight: 400;\"> La cooperaci\u00f3n entre gobiernos, sociedad civil y academia es indispensable para lograr resultados duraderos.<\/span><\/p>\n<\/td>\n<\/tr>\n<\/tbody>\n<\/table>\n<p>[\/et_pb_text][\/et_pb_column][\/et_pb_row][et_pb_row _builder_version=&#8221;4.27.4&#8243; _module_preset=&#8221;default&#8221; background_color=&#8221;#FFFFFF&#8221; global_colors_info=&#8221;{}&#8221;][et_pb_column type=&#8221;4_4&#8243; _builder_version=&#8221;4.27.4&#8243; _module_preset=&#8221;default&#8221; global_colors_info=&#8221;{}&#8221;][et_pb_text admin_label=&#8221;Text&#8221; _builder_version=&#8221;4.27.4&#8243; _module_preset=&#8221;default&#8221; min_height=&#8221;22px&#8221; global_colors_info=&#8221;{}&#8221;]<\/p>\n<h1 style=\"text-align: center;\"><span style=\"color: #ff8343;\"><b>Conforman el Movimiento<\/b><\/span><\/h1>\n<p>[\/et_pb_text][\/et_pb_column][\/et_pb_row][et_pb_row column_structure=&#8221;1_3,1_3,1_3&#8243; _builder_version=&#8221;4.27.4&#8243; _module_preset=&#8221;default&#8221; background_color=&#8221;#FFFFFF&#8221; global_colors_info=&#8221;{}&#8221;][et_pb_column type=&#8221;1_3&#8243; _builder_version=&#8221;4.27.4&#8243; _module_preset=&#8221;default&#8221; global_colors_info=&#8221;{}&#8221;][et_pb_image src=&#8221;https:\/\/movimientocomprensionlectora.org\/es\/wp-content\/uploads\/2025\/12\/c01.jpg&#8221; title_text=&#8221;c01&#8243; align=&#8221;center&#8221; _builder_version=&#8221;4.27.4&#8243; _module_preset=&#8221;default&#8221; global_colors_info=&#8221;{}&#8221;][\/et_pb_image][et_pb_image src=&#8221;https:\/\/movimientocomprensionlectora.org\/es\/wp-content\/uploads\/2025\/12\/c04.jpg&#8221; title_text=&#8221;c04&#8243; url=&#8221;https:\/\/queentiendanloquelean.org\/&#8221; url_new_window=&#8221;on&#8221; align=&#8221;center&#8221; _builder_version=&#8221;4.27.4&#8243; _module_preset=&#8221;default&#8221; global_colors_info=&#8221;{}&#8221;][\/et_pb_image][\/et_pb_column][et_pb_column type=&#8221;1_3&#8243; _builder_version=&#8221;4.27.4&#8243; _module_preset=&#8221;default&#8221; global_colors_info=&#8221;{}&#8221;][et_pb_image src=&#8221;https:\/\/movimientocomprensionlectora.org\/es\/wp-content\/uploads\/2025\/12\/c02.jpg&#8221; title_text=&#8221;c02&#8243; url=&#8221;https:\/\/porunchilequelee.cl\/&#8221; url_new_window=&#8221;on&#8221; align=&#8221;center&#8221; _builder_version=&#8221;4.27.4&#8243; _module_preset=&#8221;default&#8221; global_colors_info=&#8221;{}&#8221;][\/et_pb_image][et_pb_image src=&#8221;https:\/\/movimientocomprensionlectora.org\/es\/wp-content\/uploads\/2025\/12\/c05.jpg&#8221; title_text=&#8221;c05&#8243; url=&#8221;https:\/\/colombiaseescribeleyendo.org\/&#8221; url_new_window=&#8221;on&#8221; align=&#8221;center&#8221; _builder_version=&#8221;4.27.4&#8243; _module_preset=&#8221;default&#8221; global_colors_info=&#8221;{}&#8221;][\/et_pb_image][\/et_pb_column][et_pb_column type=&#8221;1_3&#8243; _builder_version=&#8221;4.27.4&#8243; _module_preset=&#8221;default&#8221; global_colors_info=&#8221;{}&#8221;][et_pb_image src=&#8221;https:\/\/movimientocomprensionlectora.org\/es\/wp-content\/uploads\/2025\/12\/c03.jpg&#8221; title_text=&#8221;c03&#8243; align=&#8221;center&#8221; _builder_version=&#8221;4.27.4&#8243; _module_preset=&#8221;default&#8221; global_colors_info=&#8221;{}&#8221;][\/et_pb_image][et_pb_image src=&#8221;https:\/\/movimientocomprensionlectora.org\/es\/wp-content\/uploads\/2025\/12\/c06.jpg&#8221; title_text=&#8221;c06&#8243; url=&#8221;https:\/\/abemcomum.org\/parceria-pela-alfabetizacao-em-regime-de-colaboracao\/&#8221; url_new_window=&#8221;on&#8221; align=&#8221;center&#8221; _builder_version=&#8221;4.27.4&#8243; _module_preset=&#8221;default&#8221; global_colors_info=&#8221;{}&#8221;][\/et_pb_image][\/et_pb_column][\/et_pb_row][\/et_pb_section][et_pb_section fb_built=&#8221;1&#8243; _builder_version=&#8221;4.27.4&#8243; _module_preset=&#8221;default&#8221; custom_padding=&#8221;||0px|||&#8221; global_colors_info=&#8221;{}&#8221;][et_pb_row _builder_version=&#8221;4.27.4&#8243; _module_preset=&#8221;default&#8221; custom_padding=&#8221;||0px|||&#8221; global_colors_info=&#8221;{}&#8221;][et_pb_column type=&#8221;4_4&#8243; _builder_version=&#8221;4.27.4&#8243; _module_preset=&#8221;default&#8221; global_colors_info=&#8221;{}&#8221;][et_pb_text admin_label=&#8221;Text&#8221; _builder_version=&#8221;4.27.4&#8243; _module_preset=&#8221;default&#8221; min_height=&#8221;22px&#8221; global_colors_info=&#8221;{}&#8221;]<\/p>\n<h1 style=\"text-align: center;\"><span style=\"color: #ff8343;\"><b>\u00bfQui\u00e9nes nos apoyan?<\/b><\/span><\/h1>\n<p>[\/et_pb_text][dnxte_logo_carousel_parent dnxt_carousel_loop=&#8221;on&#8221; dnxt_carousel_centered_slides=&#8221;on&#8221; dnxt_carousel_grab=&#8221;on&#8221; dnxt_carousel_pagination_type=&#8221;none&#8221; dnxt_carousel_breakpoint_desktop=&#8221;9&#8243; _builder_version=&#8221;4.27.4&#8243; _module_preset=&#8221;default&#8221; custom_padding=&#8221;0px|||||&#8221; global_colors_info=&#8221;{}&#8221;][dnxte_logo_carousel_child logo_carousel_image=&#8221;https:\/\/movimientocomprensionlectora.org\/es\/wp-content\/uploads\/2025\/12\/2-1.png&#8221; logo_carousel_alt=&#8221;BID&#8221; _builder_version=&#8221;4.27.4&#8243; _module_preset=&#8221;default&#8221; global_colors_info=&#8221;{}&#8221;][\/dnxte_logo_carousel_child][dnxte_logo_carousel_child logo_carousel_image=&#8221;https:\/\/movimientocomprensionlectora.org\/es\/wp-content\/uploads\/2025\/12\/3-1.png&#8221; logo_carousel_alt=&#8221;Unesco&#8221; _builder_version=&#8221;4.27.4&#8243; _module_preset=&#8221;default&#8221; global_colors_info=&#8221;{}&#8221;][\/dnxte_logo_carousel_child][dnxte_logo_carousel_child logo_carousel_image=&#8221;https:\/\/movimientocomprensionlectora.org\/es\/wp-content\/uploads\/2025\/12\/4-1.png&#8221; logo_carousel_alt=&#8221;Banco de Desarrollo de Am\u00e9rica Latina&#8221; _builder_version=&#8221;4.27.4&#8243; _module_preset=&#8221;default&#8221; global_colors_info=&#8221;{}&#8221;][\/dnxte_logo_carousel_child][dnxte_logo_carousel_child logo_carousel_image=&#8221;https:\/\/movimientocomprensionlectora.org\/es\/wp-content\/uploads\/2025\/12\/5-1.png&#8221; logo_carousel_alt=&#8221;OECD&#8221; _builder_version=&#8221;4.27.4&#8243; _module_preset=&#8221;default&#8221; global_colors_info=&#8221;{}&#8221;][\/dnxte_logo_carousel_child][dnxte_logo_carousel_child logo_carousel_image=&#8221;https:\/\/movimientocomprensionlectora.org\/es\/wp-content\/uploads\/2025\/12\/6.png&#8221; logo_carousel_alt=&#8221;Unicef&#8221; _builder_version=&#8221;4.27.4&#8243; _module_preset=&#8221;default&#8221; global_colors_info=&#8221;{}&#8221;][\/dnxte_logo_carousel_child][dnxte_logo_carousel_child logo_carousel_image=&#8221;https:\/\/movimientocomprensionlectora.org\/es\/wp-content\/uploads\/2025\/12\/6.jpg&#8221; logo_carousel_alt=&#8221;Instituto Natura&#8221; _builder_version=&#8221;4.27.4&#8243; _module_preset=&#8221;default&#8221; global_colors_info=&#8221;{}&#8221;][\/dnxte_logo_carousel_child][dnxte_logo_carousel_child logo_carousel_image=&#8221;https:\/\/movimientocomprensionlectora.org\/es\/wp-content\/uploads\/2025\/12\/7.png&#8221; logo_carousel_alt=&#8221;infobae&#8221; _builder_version=&#8221;4.27.4&#8243; _module_preset=&#8221;default&#8221; global_colors_info=&#8221;{}&#8221;][\/dnxte_logo_carousel_child][dnxte_logo_carousel_child logo_carousel_image=&#8221;https:\/\/movimientocomprensionlectora.org\/es\/wp-content\/uploads\/2025\/12\/8.png&#8221; logo_carousel_alt=&#8221;Varkey Foundation&#8221; _builder_version=&#8221;4.27.4&#8243; _module_preset=&#8221;default&#8221; global_colors_info=&#8221;{}&#8221;][\/dnxte_logo_carousel_child][dnxte_logo_carousel_child logo_carousel_image=&#8221;https:\/\/movimientocomprensionlectora.org\/es\/wp-content\/uploads\/2025\/12\/9.png&#8221; logo_carousel_alt=&#8221;F\u00e9 y Alegria&#8221; _builder_version=&#8221;4.27.4&#8243; _module_preset=&#8221;default&#8221; global_colors_info=&#8221;{}&#8221;][\/dnxte_logo_carousel_child][dnxte_logo_carousel_child logo_carousel_image=&#8221;https:\/\/movimientocomprensionlectora.org\/es\/wp-content\/uploads\/2025\/12\/image225.png&#8221; logo_carousel_alt=&#8221;Fundaci\u00f3n Barco&#8221; _builder_version=&#8221;4.27.4&#8243; _module_preset=&#8221;default&#8221; global_colors_info=&#8221;{}&#8221;][\/dnxte_logo_carousel_child][dnxte_logo_carousel_child logo_carousel_image=&#8221;https:\/\/movimientocomprensionlectora.org\/es\/wp-content\/uploads\/2025\/12\/image224.png&#8221; _builder_version=&#8221;4.27.4&#8243; _module_preset=&#8221;default&#8221; global_colors_info=&#8221;{}&#8221;][\/dnxte_logo_carousel_child][dnxte_logo_carousel_child logo_carousel_image=&#8221;https:\/\/movimientocomprensionlectora.org\/es\/wp-content\/uploads\/2025\/12\/image223.png&#8221; _builder_version=&#8221;4.27.4&#8243; _module_preset=&#8221;default&#8221; global_colors_info=&#8221;{}&#8221;][\/dnxte_logo_carousel_child][dnxte_logo_carousel_child logo_carousel_image=&#8221;https:\/\/movimientocomprensionlectora.org\/es\/wp-content\/uploads\/2025\/12\/image222.png&#8221; _builder_version=&#8221;4.27.4&#8243; _module_preset=&#8221;default&#8221; global_colors_info=&#8221;{}&#8221;][\/dnxte_logo_carousel_child][dnxte_logo_carousel_child logo_carousel_image=&#8221;https:\/\/movimientocomprensionlectora.org\/es\/wp-content\/uploads\/2025\/12\/image221.png&#8221; _builder_version=&#8221;4.27.4&#8243; _module_preset=&#8221;default&#8221; global_colors_info=&#8221;{}&#8221;][\/dnxte_logo_carousel_child][dnxte_logo_carousel_child logo_carousel_image=&#8221;https:\/\/movimientocomprensionlectora.org\/es\/wp-content\/uploads\/2025\/12\/image220.png&#8221; _builder_version=&#8221;4.27.4&#8243; _module_preset=&#8221;default&#8221; global_colors_info=&#8221;{}&#8221;][\/dnxte_logo_carousel_child][dnxte_logo_carousel_child logo_carousel_image=&#8221;https:\/\/movimientocomprensionlectora.org\/es\/wp-content\/uploads\/2025\/12\/image219.png&#8221; _builder_version=&#8221;4.27.4&#8243; _module_preset=&#8221;default&#8221; global_colors_info=&#8221;{}&#8221;][\/dnxte_logo_carousel_child][dnxte_logo_carousel_child logo_carousel_image=&#8221;https:\/\/movimientocomprensionlectora.org\/es\/wp-content\/uploads\/2025\/12\/image218.png&#8221; _builder_version=&#8221;4.27.4&#8243; _module_preset=&#8221;default&#8221; global_colors_info=&#8221;{}&#8221;][\/dnxte_logo_carousel_child][dnxte_logo_carousel_child logo_carousel_image=&#8221;https:\/\/movimientocomprensionlectora.org\/es\/wp-content\/uploads\/2025\/12\/image215.png&#8221; _builder_version=&#8221;4.27.4&#8243; _module_preset=&#8221;default&#8221; global_colors_info=&#8221;{}&#8221;][\/dnxte_logo_carousel_child][dnxte_logo_carousel_child logo_carousel_image=&#8221;https:\/\/movimientocomprensionlectora.org\/es\/wp-content\/uploads\/2025\/12\/image212.png&#8221; _builder_version=&#8221;4.27.4&#8243; _module_preset=&#8221;default&#8221; global_colors_info=&#8221;{}&#8221;][\/dnxte_logo_carousel_child][dnxte_logo_carousel_child logo_carousel_image=&#8221;https:\/\/movimientocomprensionlectora.org\/es\/wp-content\/uploads\/2025\/12\/image211.png&#8221; _builder_version=&#8221;4.27.4&#8243; _module_preset=&#8221;default&#8221; global_colors_info=&#8221;{}&#8221;][\/dnxte_logo_carousel_child][dnxte_logo_carousel_child logo_carousel_image=&#8221;https:\/\/movimientocomprensionlectora.org\/es\/wp-content\/uploads\/2025\/12\/image209.png&#8221; _builder_version=&#8221;4.27.4&#8243; _module_preset=&#8221;default&#8221; global_colors_info=&#8221;{}&#8221;][\/dnxte_logo_carousel_child][dnxte_logo_carousel_child logo_carousel_image=&#8221;https:\/\/movimientocomprensionlectora.org\/es\/wp-content\/uploads\/2025\/12\/image208.png&#8221; _builder_version=&#8221;4.27.4&#8243; _module_preset=&#8221;default&#8221; global_colors_info=&#8221;{}&#8221;][\/dnxte_logo_carousel_child][dnxte_logo_carousel_child logo_carousel_image=&#8221;https:\/\/movimientocomprensionlectora.org\/es\/wp-content\/uploads\/2025\/12\/image207.png&#8221; _builder_version=&#8221;4.27.4&#8243; _module_preset=&#8221;default&#8221; global_colors_info=&#8221;{}&#8221;][\/dnxte_logo_carousel_child][dnxte_logo_carousel_child logo_carousel_image=&#8221;https:\/\/movimientocomprensionlectora.org\/es\/wp-content\/uploads\/2025\/12\/image204.png&#8221; _builder_version=&#8221;4.27.4&#8243; _module_preset=&#8221;default&#8221; global_colors_info=&#8221;{}&#8221;][\/dnxte_logo_carousel_child][dnxte_logo_carousel_child logo_carousel_image=&#8221;https:\/\/movimientocomprensionlectora.org\/es\/wp-content\/uploads\/2025\/12\/image203.png&#8221; _builder_version=&#8221;4.27.4&#8243; _module_preset=&#8221;default&#8221; global_colors_info=&#8221;{}&#8221;][\/dnxte_logo_carousel_child][dnxte_logo_carousel_child logo_carousel_image=&#8221;https:\/\/movimientocomprensionlectora.org\/es\/wp-content\/uploads\/2025\/12\/image202.png&#8221; _builder_version=&#8221;4.27.4&#8243; _module_preset=&#8221;default&#8221; global_colors_info=&#8221;{}&#8221;][\/dnxte_logo_carousel_child][dnxte_logo_carousel_child logo_carousel_image=&#8221;https:\/\/movimientocomprensionlectora.org\/es\/wp-content\/uploads\/2025\/12\/image201.png&#8221; _builder_version=&#8221;4.27.4&#8243; _module_preset=&#8221;default&#8221; global_colors_info=&#8221;{}&#8221;][\/dnxte_logo_carousel_child][dnxte_logo_carousel_child logo_carousel_image=&#8221;https:\/\/movimientocomprensionlectora.org\/es\/wp-content\/uploads\/2025\/12\/image200.png&#8221; _builder_version=&#8221;4.27.4&#8243; _module_preset=&#8221;default&#8221; global_colors_info=&#8221;{}&#8221;][\/dnxte_logo_carousel_child][dnxte_logo_carousel_child logo_carousel_image=&#8221;https:\/\/movimientocomprensionlectora.org\/es\/wp-content\/uploads\/2025\/12\/image199.png&#8221; _builder_version=&#8221;4.27.4&#8243; _module_preset=&#8221;default&#8221; global_colors_info=&#8221;{}&#8221;][\/dnxte_logo_carousel_child][dnxte_logo_carousel_child logo_carousel_image=&#8221;https:\/\/movimientocomprensionlectora.org\/es\/wp-content\/uploads\/2025\/12\/image198.png&#8221; _builder_version=&#8221;4.27.4&#8243; _module_preset=&#8221;default&#8221; global_colors_info=&#8221;{}&#8221;][\/dnxte_logo_carousel_child][dnxte_logo_carousel_child logo_carousel_image=&#8221;https:\/\/movimientocomprensionlectora.org\/es\/wp-content\/uploads\/2025\/12\/image197.png&#8221; _builder_version=&#8221;4.27.4&#8243; _module_preset=&#8221;default&#8221; global_colors_info=&#8221;{}&#8221;][\/dnxte_logo_carousel_child][dnxte_logo_carousel_child logo_carousel_image=&#8221;https:\/\/movimientocomprensionlectora.org\/es\/wp-content\/uploads\/2025\/12\/image196.png&#8221; _builder_version=&#8221;4.27.4&#8243; _module_preset=&#8221;default&#8221; global_colors_info=&#8221;{}&#8221;][\/dnxte_logo_carousel_child][dnxte_logo_carousel_child logo_carousel_image=&#8221;https:\/\/movimientocomprensionlectora.org\/es\/wp-content\/uploads\/2025\/12\/image194.png&#8221; _builder_version=&#8221;4.27.4&#8243; _module_preset=&#8221;default&#8221; global_colors_info=&#8221;{}&#8221;][\/dnxte_logo_carousel_child][dnxte_logo_carousel_child logo_carousel_image=&#8221;https:\/\/movimientocomprensionlectora.org\/es\/wp-content\/uploads\/2025\/12\/image193.jpg&#8221; _builder_version=&#8221;4.27.4&#8243; _module_preset=&#8221;default&#8221; global_colors_info=&#8221;{}&#8221;][\/dnxte_logo_carousel_child][dnxte_logo_carousel_child logo_carousel_image=&#8221;https:\/\/movimientocomprensionlectora.org\/es\/wp-content\/uploads\/2025\/12\/image192.png&#8221; _builder_version=&#8221;4.27.4&#8243; _module_preset=&#8221;default&#8221; global_colors_info=&#8221;{}&#8221;][\/dnxte_logo_carousel_child][dnxte_logo_carousel_child logo_carousel_image=&#8221;https:\/\/movimientocomprensionlectora.org\/es\/wp-content\/uploads\/2025\/12\/image191.png&#8221; _builder_version=&#8221;4.27.4&#8243; _module_preset=&#8221;default&#8221; global_colors_info=&#8221;{}&#8221;][\/dnxte_logo_carousel_child][dnxte_logo_carousel_child logo_carousel_image=&#8221;https:\/\/movimientocomprensionlectora.org\/es\/wp-content\/uploads\/2025\/12\/image190.png&#8221; _builder_version=&#8221;4.27.4&#8243; _module_preset=&#8221;default&#8221; global_colors_info=&#8221;{}&#8221;][\/dnxte_logo_carousel_child][dnxte_logo_carousel_child logo_carousel_image=&#8221;https:\/\/movimientocomprensionlectora.org\/es\/wp-content\/uploads\/2025\/12\/image189.png&#8221; _builder_version=&#8221;4.27.4&#8243; _module_preset=&#8221;default&#8221; global_colors_info=&#8221;{}&#8221;][\/dnxte_logo_carousel_child][dnxte_logo_carousel_child logo_carousel_image=&#8221;https:\/\/movimientocomprensionlectora.org\/es\/wp-content\/uploads\/2025\/12\/image188.png&#8221; _builder_version=&#8221;4.27.4&#8243; _module_preset=&#8221;default&#8221; global_colors_info=&#8221;{}&#8221;][\/dnxte_logo_carousel_child][dnxte_logo_carousel_child logo_carousel_image=&#8221;https:\/\/movimientocomprensionlectora.org\/es\/wp-content\/uploads\/2025\/12\/image187.png&#8221; _builder_version=&#8221;4.27.4&#8243; _module_preset=&#8221;default&#8221; global_colors_info=&#8221;{}&#8221;][\/dnxte_logo_carousel_child][dnxte_logo_carousel_child logo_carousel_image=&#8221;https:\/\/movimientocomprensionlectora.org\/es\/wp-content\/uploads\/2025\/12\/image186.png&#8221; _builder_version=&#8221;4.27.4&#8243; _module_preset=&#8221;default&#8221; global_colors_info=&#8221;{}&#8221;][\/dnxte_logo_carousel_child][dnxte_logo_carousel_child logo_carousel_image=&#8221;https:\/\/movimientocomprensionlectora.org\/es\/wp-content\/uploads\/2025\/12\/image185.png&#8221; _builder_version=&#8221;4.27.4&#8243; _module_preset=&#8221;default&#8221; global_colors_info=&#8221;{}&#8221;][\/dnxte_logo_carousel_child][dnxte_logo_carousel_child logo_carousel_image=&#8221;https:\/\/movimientocomprensionlectora.org\/es\/wp-content\/uploads\/2025\/12\/image184.png&#8221; _builder_version=&#8221;4.27.4&#8243; _module_preset=&#8221;default&#8221; global_colors_info=&#8221;{}&#8221;][\/dnxte_logo_carousel_child][dnxte_logo_carousel_child logo_carousel_image=&#8221;https:\/\/movimientocomprensionlectora.org\/es\/wp-content\/uploads\/2025\/12\/image183.png&#8221; _builder_version=&#8221;4.27.4&#8243; _module_preset=&#8221;default&#8221; global_colors_info=&#8221;{}&#8221;][\/dnxte_logo_carousel_child][dnxte_logo_carousel_child logo_carousel_image=&#8221;https:\/\/movimientocomprensionlectora.org\/es\/wp-content\/uploads\/2025\/12\/image182.png&#8221; _builder_version=&#8221;4.27.4&#8243; _module_preset=&#8221;default&#8221; global_colors_info=&#8221;{}&#8221;][\/dnxte_logo_carousel_child][dnxte_logo_carousel_child logo_carousel_image=&#8221;https:\/\/movimientocomprensionlectora.org\/es\/wp-content\/uploads\/2025\/12\/image181.png&#8221; _builder_version=&#8221;4.27.4&#8243; _module_preset=&#8221;default&#8221; global_colors_info=&#8221;{}&#8221;][\/dnxte_logo_carousel_child][dnxte_logo_carousel_child logo_carousel_image=&#8221;https:\/\/movimientocomprensionlectora.org\/es\/wp-content\/uploads\/2025\/12\/image180.png&#8221; _builder_version=&#8221;4.27.4&#8243; _module_preset=&#8221;default&#8221; global_colors_info=&#8221;{}&#8221;][\/dnxte_logo_carousel_child][dnxte_logo_carousel_child logo_carousel_image=&#8221;https:\/\/movimientocomprensionlectora.org\/es\/wp-content\/uploads\/2025\/12\/image179.png&#8221; _builder_version=&#8221;4.27.4&#8243; _module_preset=&#8221;default&#8221; global_colors_info=&#8221;{}&#8221;][\/dnxte_logo_carousel_child][dnxte_logo_carousel_child logo_carousel_image=&#8221;https:\/\/movimientocomprensionlectora.org\/es\/wp-content\/uploads\/2025\/12\/image178.png&#8221; _builder_version=&#8221;4.27.4&#8243; _module_preset=&#8221;default&#8221; global_colors_info=&#8221;{}&#8221;][\/dnxte_logo_carousel_child][dnxte_logo_carousel_child logo_carousel_image=&#8221;https:\/\/movimientocomprensionlectora.org\/es\/wp-content\/uploads\/2025\/12\/image177.png&#8221; _builder_version=&#8221;4.27.4&#8243; _module_preset=&#8221;default&#8221; global_colors_info=&#8221;{}&#8221;][\/dnxte_logo_carousel_child][dnxte_logo_carousel_child logo_carousel_image=&#8221;https:\/\/movimientocomprensionlectora.org\/es\/wp-content\/uploads\/2025\/12\/image176.png&#8221; _builder_version=&#8221;4.27.4&#8243; _module_preset=&#8221;default&#8221; global_colors_info=&#8221;{}&#8221;][\/dnxte_logo_carousel_child][dnxte_logo_carousel_child logo_carousel_image=&#8221;https:\/\/movimientocomprensionlectora.org\/es\/wp-content\/uploads\/2025\/12\/image175.png&#8221; _builder_version=&#8221;4.27.4&#8243; _module_preset=&#8221;default&#8221; global_colors_info=&#8221;{}&#8221;][\/dnxte_logo_carousel_child][dnxte_logo_carousel_child logo_carousel_image=&#8221;https:\/\/movimientocomprensionlectora.org\/es\/wp-content\/uploads\/2025\/12\/image174.png&#8221; _builder_version=&#8221;4.27.4&#8243; _module_preset=&#8221;default&#8221; global_colors_info=&#8221;{}&#8221;][\/dnxte_logo_carousel_child][dnxte_logo_carousel_child logo_carousel_image=&#8221;https:\/\/movimientocomprensionlectora.org\/es\/wp-content\/uploads\/2025\/12\/image173.png&#8221; _builder_version=&#8221;4.27.4&#8243; _module_preset=&#8221;default&#8221; global_colors_info=&#8221;{}&#8221;][\/dnxte_logo_carousel_child][dnxte_logo_carousel_child logo_carousel_image=&#8221;https:\/\/movimientocomprensionlectora.org\/es\/wp-content\/uploads\/2025\/12\/image172.png&#8221; _builder_version=&#8221;4.27.4&#8243; _module_preset=&#8221;default&#8221; global_colors_info=&#8221;{}&#8221;][\/dnxte_logo_carousel_child][dnxte_logo_carousel_child logo_carousel_image=&#8221;https:\/\/movimientocomprensionlectora.org\/es\/wp-content\/uploads\/2025\/12\/image171.png&#8221; _builder_version=&#8221;4.27.4&#8243; _module_preset=&#8221;default&#8221; global_colors_info=&#8221;{}&#8221;][\/dnxte_logo_carousel_child][dnxte_logo_carousel_child logo_carousel_image=&#8221;https:\/\/movimientocomprensionlectora.org\/es\/wp-content\/uploads\/2025\/12\/image170.png&#8221; _builder_version=&#8221;4.27.4&#8243; _module_preset=&#8221;default&#8221; global_colors_info=&#8221;{}&#8221;][\/dnxte_logo_carousel_child][dnxte_logo_carousel_child logo_carousel_image=&#8221;https:\/\/movimientocomprensionlectora.org\/es\/wp-content\/uploads\/2025\/12\/image169.png&#8221; _builder_version=&#8221;4.27.4&#8243; _module_preset=&#8221;default&#8221; global_colors_info=&#8221;{}&#8221;][\/dnxte_logo_carousel_child][dnxte_logo_carousel_child logo_carousel_image=&#8221;https:\/\/movimientocomprensionlectora.org\/es\/wp-content\/uploads\/2025\/12\/image168.png&#8221; _builder_version=&#8221;4.27.4&#8243; _module_preset=&#8221;default&#8221; global_colors_info=&#8221;{}&#8221;][\/dnxte_logo_carousel_child][dnxte_logo_carousel_child logo_carousel_image=&#8221;https:\/\/movimientocomprensionlectora.org\/es\/wp-content\/uploads\/2025\/12\/image167.png&#8221; _builder_version=&#8221;4.27.4&#8243; _module_preset=&#8221;default&#8221; global_colors_info=&#8221;{}&#8221;][\/dnxte_logo_carousel_child][dnxte_logo_carousel_child logo_carousel_image=&#8221;https:\/\/movimientocomprensionlectora.org\/es\/wp-content\/uploads\/2025\/12\/image166.png&#8221; _builder_version=&#8221;4.27.4&#8243; _module_preset=&#8221;default&#8221; global_colors_info=&#8221;{}&#8221;][\/dnxte_logo_carousel_child][dnxte_logo_carousel_child logo_carousel_image=&#8221;https:\/\/movimientocomprensionlectora.org\/es\/wp-content\/uploads\/2025\/12\/image165.png&#8221; _builder_version=&#8221;4.27.4&#8243; _module_preset=&#8221;default&#8221; global_colors_info=&#8221;{}&#8221;][\/dnxte_logo_carousel_child][dnxte_logo_carousel_child logo_carousel_image=&#8221;https:\/\/movimientocomprensionlectora.org\/es\/wp-content\/uploads\/2025\/12\/image164.png&#8221; _builder_version=&#8221;4.27.4&#8243; _module_preset=&#8221;default&#8221; global_colors_info=&#8221;{}&#8221;][\/dnxte_logo_carousel_child][dnxte_logo_carousel_child logo_carousel_image=&#8221;https:\/\/movimientocomprensionlectora.org\/es\/wp-content\/uploads\/2025\/12\/image163.png&#8221; _builder_version=&#8221;4.27.4&#8243; _module_preset=&#8221;default&#8221; global_colors_info=&#8221;{}&#8221;][\/dnxte_logo_carousel_child][dnxte_logo_carousel_child logo_carousel_image=&#8221;https:\/\/movimientocomprensionlectora.org\/es\/wp-content\/uploads\/2025\/12\/image162.png&#8221; _builder_version=&#8221;4.27.4&#8243; _module_preset=&#8221;default&#8221; global_colors_info=&#8221;{}&#8221;][\/dnxte_logo_carousel_child][dnxte_logo_carousel_child logo_carousel_image=&#8221;https:\/\/movimientocomprensionlectora.org\/es\/wp-content\/uploads\/2025\/12\/image161.png&#8221; _builder_version=&#8221;4.27.4&#8243; _module_preset=&#8221;default&#8221; global_colors_info=&#8221;{}&#8221;][\/dnxte_logo_carousel_child][dnxte_logo_carousel_child logo_carousel_image=&#8221;https:\/\/movimientocomprensionlectora.org\/es\/wp-content\/uploads\/2025\/12\/image160.png&#8221; _builder_version=&#8221;4.27.4&#8243; _module_preset=&#8221;default&#8221; global_colors_info=&#8221;{}&#8221;][\/dnxte_logo_carousel_child][dnxte_logo_carousel_child logo_carousel_image=&#8221;https:\/\/movimientocomprensionlectora.org\/es\/wp-content\/uploads\/2025\/12\/image159.png&#8221; _builder_version=&#8221;4.27.4&#8243; _module_preset=&#8221;default&#8221; global_colors_info=&#8221;{}&#8221;][\/dnxte_logo_carousel_child][dnxte_logo_carousel_child logo_carousel_image=&#8221;https:\/\/movimientocomprensionlectora.org\/es\/wp-content\/uploads\/2025\/12\/image158.png&#8221; _builder_version=&#8221;4.27.4&#8243; _module_preset=&#8221;default&#8221; global_colors_info=&#8221;{}&#8221;][\/dnxte_logo_carousel_child][dnxte_logo_carousel_child logo_carousel_image=&#8221;https:\/\/movimientocomprensionlectora.org\/es\/wp-content\/uploads\/2025\/12\/image157.png&#8221; _builder_version=&#8221;4.27.4&#8243; _module_preset=&#8221;default&#8221; global_colors_info=&#8221;{}&#8221;][\/dnxte_logo_carousel_child][dnxte_logo_carousel_child logo_carousel_image=&#8221;https:\/\/movimientocomprensionlectora.org\/es\/wp-content\/uploads\/2025\/12\/image156.png&#8221; _builder_version=&#8221;4.27.4&#8243; _module_preset=&#8221;default&#8221; global_colors_info=&#8221;{}&#8221;][\/dnxte_logo_carousel_child][dnxte_logo_carousel_child logo_carousel_image=&#8221;https:\/\/movimientocomprensionlectora.org\/es\/wp-content\/uploads\/2025\/12\/image155.png&#8221; _builder_version=&#8221;4.27.4&#8243; _module_preset=&#8221;default&#8221; global_colors_info=&#8221;{}&#8221;][\/dnxte_logo_carousel_child][dnxte_logo_carousel_child logo_carousel_image=&#8221;https:\/\/movimientocomprensionlectora.org\/es\/wp-content\/uploads\/2025\/12\/image154.png&#8221; _builder_version=&#8221;4.27.4&#8243; _module_preset=&#8221;default&#8221; global_colors_info=&#8221;{}&#8221;][\/dnxte_logo_carousel_child][dnxte_logo_carousel_child logo_carousel_image=&#8221;https:\/\/movimientocomprensionlectora.org\/es\/wp-content\/uploads\/2025\/12\/image153.png&#8221; _builder_version=&#8221;4.27.4&#8243; _module_preset=&#8221;default&#8221; global_colors_info=&#8221;{}&#8221;][\/dnxte_logo_carousel_child][dnxte_logo_carousel_child logo_carousel_image=&#8221;https:\/\/movimientocomprensionlectora.org\/es\/wp-content\/uploads\/2025\/12\/image152.png&#8221; _builder_version=&#8221;4.27.4&#8243; _module_preset=&#8221;default&#8221; global_colors_info=&#8221;{}&#8221;][\/dnxte_logo_carousel_child][dnxte_logo_carousel_child logo_carousel_image=&#8221;https:\/\/movimientocomprensionlectora.org\/es\/wp-content\/uploads\/2025\/12\/image151.png&#8221; _builder_version=&#8221;4.27.4&#8243; _module_preset=&#8221;default&#8221; global_colors_info=&#8221;{}&#8221;][\/dnxte_logo_carousel_child][dnxte_logo_carousel_child logo_carousel_image=&#8221;https:\/\/movimientocomprensionlectora.org\/es\/wp-content\/uploads\/2025\/12\/image150.png&#8221; _builder_version=&#8221;4.27.4&#8243; _module_preset=&#8221;default&#8221; global_colors_info=&#8221;{}&#8221;][\/dnxte_logo_carousel_child][dnxte_logo_carousel_child logo_carousel_image=&#8221;https:\/\/movimientocomprensionlectora.org\/es\/wp-content\/uploads\/2025\/12\/image148.png&#8221; _builder_version=&#8221;4.27.4&#8243; _module_preset=&#8221;default&#8221; global_colors_info=&#8221;{}&#8221;][\/dnxte_logo_carousel_child][dnxte_logo_carousel_child logo_carousel_image=&#8221;https:\/\/movimientocomprensionlectora.org\/es\/wp-content\/uploads\/2025\/12\/image147.png&#8221; _builder_version=&#8221;4.27.4&#8243; _module_preset=&#8221;default&#8221; global_colors_info=&#8221;{}&#8221;][\/dnxte_logo_carousel_child][dnxte_logo_carousel_child logo_carousel_image=&#8221;https:\/\/movimientocomprensionlectora.org\/es\/wp-content\/uploads\/2025\/12\/image145.png&#8221; _builder_version=&#8221;4.27.4&#8243; _module_preset=&#8221;default&#8221; global_colors_info=&#8221;{}&#8221;][\/dnxte_logo_carousel_child][dnxte_logo_carousel_child logo_carousel_image=&#8221;https:\/\/movimientocomprensionlectora.org\/es\/wp-content\/uploads\/2025\/12\/image146.png&#8221; _builder_version=&#8221;4.27.4&#8243; _module_preset=&#8221;default&#8221; global_colors_info=&#8221;{}&#8221;][\/dnxte_logo_carousel_child][dnxte_logo_carousel_child logo_carousel_image=&#8221;https:\/\/movimientocomprensionlectora.org\/es\/wp-content\/uploads\/2025\/12\/image144.png&#8221; _builder_version=&#8221;4.27.4&#8243; _module_preset=&#8221;default&#8221; global_colors_info=&#8221;{}&#8221;][\/dnxte_logo_carousel_child][dnxte_logo_carousel_child logo_carousel_image=&#8221;https:\/\/movimientocomprensionlectora.org\/es\/wp-content\/uploads\/2025\/12\/image143.png&#8221; _builder_version=&#8221;4.27.4&#8243; _module_preset=&#8221;default&#8221; global_colors_info=&#8221;{}&#8221;][\/dnxte_logo_carousel_child][dnxte_logo_carousel_child logo_carousel_image=&#8221;https:\/\/movimientocomprensionlectora.org\/es\/wp-content\/uploads\/2025\/12\/image142.png&#8221; _builder_version=&#8221;4.27.4&#8243; _module_preset=&#8221;default&#8221; global_colors_info=&#8221;{}&#8221;][\/dnxte_logo_carousel_child][dnxte_logo_carousel_child logo_carousel_image=&#8221;https:\/\/movimientocomprensionlectora.org\/es\/wp-content\/uploads\/2025\/12\/image141.png&#8221; _builder_version=&#8221;4.27.4&#8243; _module_preset=&#8221;default&#8221; global_colors_info=&#8221;{}&#8221;][\/dnxte_logo_carousel_child][dnxte_logo_carousel_child logo_carousel_image=&#8221;https:\/\/movimientocomprensionlectora.org\/es\/wp-content\/uploads\/2025\/12\/image140.png&#8221; _builder_version=&#8221;4.27.4&#8243; _module_preset=&#8221;default&#8221; global_colors_info=&#8221;{}&#8221;][\/dnxte_logo_carousel_child][dnxte_logo_carousel_child logo_carousel_image=&#8221;https:\/\/movimientocomprensionlectora.org\/es\/wp-content\/uploads\/2025\/12\/image139.png&#8221; _builder_version=&#8221;4.27.4&#8243; _module_preset=&#8221;default&#8221; global_colors_info=&#8221;{}&#8221;][\/dnxte_logo_carousel_child][dnxte_logo_carousel_child logo_carousel_image=&#8221;https:\/\/movimientocomprensionlectora.org\/es\/wp-content\/uploads\/2025\/12\/image138.png&#8221; _builder_version=&#8221;4.27.4&#8243; _module_preset=&#8221;default&#8221; global_colors_info=&#8221;{}&#8221;][\/dnxte_logo_carousel_child][dnxte_logo_carousel_child logo_carousel_image=&#8221;https:\/\/movimientocomprensionlectora.org\/es\/wp-content\/uploads\/2025\/12\/image137.png&#8221; _builder_version=&#8221;4.27.4&#8243; _module_preset=&#8221;default&#8221; global_colors_info=&#8221;{}&#8221;][\/dnxte_logo_carousel_child][dnxte_logo_carousel_child logo_carousel_image=&#8221;https:\/\/movimientocomprensionlectora.org\/es\/wp-content\/uploads\/2025\/12\/image136.png&#8221; _builder_version=&#8221;4.27.4&#8243; _module_preset=&#8221;default&#8221; global_colors_info=&#8221;{}&#8221;][\/dnxte_logo_carousel_child][dnxte_logo_carousel_child logo_carousel_image=&#8221;https:\/\/movimientocomprensionlectora.org\/es\/wp-content\/uploads\/2025\/12\/image135.png&#8221; _builder_version=&#8221;4.27.4&#8243; _module_preset=&#8221;default&#8221; global_colors_info=&#8221;{}&#8221;][\/dnxte_logo_carousel_child][dnxte_logo_carousel_child logo_carousel_image=&#8221;https:\/\/movimientocomprensionlectora.org\/es\/wp-content\/uploads\/2025\/12\/image134.png&#8221; _builder_version=&#8221;4.27.4&#8243; _module_preset=&#8221;default&#8221; global_colors_info=&#8221;{}&#8221;][\/dnxte_logo_carousel_child][dnxte_logo_carousel_child logo_carousel_image=&#8221;https:\/\/movimientocomprensionlectora.org\/es\/wp-content\/uploads\/2025\/12\/image133.png&#8221; _builder_version=&#8221;4.27.4&#8243; _module_preset=&#8221;default&#8221; global_colors_info=&#8221;{}&#8221;][\/dnxte_logo_carousel_child][dnxte_logo_carousel_child logo_carousel_image=&#8221;https:\/\/movimientocomprensionlectora.org\/es\/wp-content\/uploads\/2025\/12\/image132.png&#8221; _builder_version=&#8221;4.27.4&#8243; _module_preset=&#8221;default&#8221; global_colors_info=&#8221;{}&#8221;][\/dnxte_logo_carousel_child][dnxte_logo_carousel_child logo_carousel_image=&#8221;https:\/\/movimientocomprensionlectora.org\/es\/wp-content\/uploads\/2025\/12\/image131.png&#8221; _builder_version=&#8221;4.27.4&#8243; _module_preset=&#8221;default&#8221; global_colors_info=&#8221;{}&#8221;][\/dnxte_logo_carousel_child][dnxte_logo_carousel_child logo_carousel_image=&#8221;https:\/\/movimientocomprensionlectora.org\/es\/wp-content\/uploads\/2025\/12\/image130.png&#8221; _builder_version=&#8221;4.27.4&#8243; _module_preset=&#8221;default&#8221; global_colors_info=&#8221;{}&#8221;][\/dnxte_logo_carousel_child][dnxte_logo_carousel_child logo_carousel_image=&#8221;https:\/\/movimientocomprensionlectora.org\/es\/wp-content\/uploads\/2025\/12\/image129.png&#8221; _builder_version=&#8221;4.27.4&#8243; _module_preset=&#8221;default&#8221; global_colors_info=&#8221;{}&#8221;][\/dnxte_logo_carousel_child][dnxte_logo_carousel_child logo_carousel_image=&#8221;https:\/\/movimientocomprensionlectora.org\/es\/wp-content\/uploads\/2025\/12\/image128.png&#8221; _builder_version=&#8221;4.27.4&#8243; _module_preset=&#8221;default&#8221; global_colors_info=&#8221;{}&#8221;][\/dnxte_logo_carousel_child][dnxte_logo_carousel_child logo_carousel_image=&#8221;https:\/\/movimientocomprensionlectora.org\/es\/wp-content\/uploads\/2025\/12\/image127.png&#8221; _builder_version=&#8221;4.27.4&#8243; _module_preset=&#8221;default&#8221; global_colors_info=&#8221;{}&#8221;][\/dnxte_logo_carousel_child][dnxte_logo_carousel_child logo_carousel_image=&#8221;https:\/\/movimientocomprensionlectora.org\/es\/wp-content\/uploads\/2025\/12\/image126.png&#8221; _builder_version=&#8221;4.27.4&#8243; _module_preset=&#8221;default&#8221; global_colors_info=&#8221;{}&#8221;][\/dnxte_logo_carousel_child][dnxte_logo_carousel_child logo_carousel_image=&#8221;https:\/\/movimientocomprensionlectora.org\/es\/wp-content\/uploads\/2025\/12\/image125.png&#8221; _builder_version=&#8221;4.27.4&#8243; _module_preset=&#8221;default&#8221; global_colors_info=&#8221;{}&#8221;][\/dnxte_logo_carousel_child][dnxte_logo_carousel_child logo_carousel_image=&#8221;https:\/\/movimientocomprensionlectora.org\/es\/wp-content\/uploads\/2025\/12\/image124.png&#8221; _builder_version=&#8221;4.27.4&#8243; _module_preset=&#8221;default&#8221; global_colors_info=&#8221;{}&#8221;][\/dnxte_logo_carousel_child][dnxte_logo_carousel_child logo_carousel_image=&#8221;https:\/\/movimientocomprensionlectora.org\/es\/wp-content\/uploads\/2025\/12\/image123.png&#8221; _builder_version=&#8221;4.27.4&#8243; _module_preset=&#8221;default&#8221; global_colors_info=&#8221;{}&#8221;][\/dnxte_logo_carousel_child][dnxte_logo_carousel_child logo_carousel_image=&#8221;https:\/\/movimientocomprensionlectora.org\/es\/wp-content\/uploads\/2025\/12\/image122.png&#8221; _builder_version=&#8221;4.27.4&#8243; _module_preset=&#8221;default&#8221; global_colors_info=&#8221;{}&#8221;][\/dnxte_logo_carousel_child][dnxte_logo_carousel_child logo_carousel_image=&#8221;https:\/\/movimientocomprensionlectora.org\/es\/wp-content\/uploads\/2025\/12\/image120.png&#8221; _builder_version=&#8221;4.27.4&#8243; _module_preset=&#8221;default&#8221; global_colors_info=&#8221;{}&#8221;][\/dnxte_logo_carousel_child][dnxte_logo_carousel_child logo_carousel_image=&#8221;https:\/\/movimientocomprensionlectora.org\/es\/wp-content\/uploads\/2025\/12\/image119.png&#8221; _builder_version=&#8221;4.27.4&#8243; _module_preset=&#8221;default&#8221; global_colors_info=&#8221;{}&#8221;][\/dnxte_logo_carousel_child][dnxte_logo_carousel_child logo_carousel_image=&#8221;https:\/\/movimientocomprensionlectora.org\/es\/wp-content\/uploads\/2025\/12\/image118.png&#8221; _builder_version=&#8221;4.27.4&#8243; _module_preset=&#8221;default&#8221; global_colors_info=&#8221;{}&#8221;][\/dnxte_logo_carousel_child][dnxte_logo_carousel_child logo_carousel_image=&#8221;https:\/\/movimientocomprensionlectora.org\/es\/wp-content\/uploads\/2025\/12\/image117.png&#8221; _builder_version=&#8221;4.27.4&#8243; _module_preset=&#8221;default&#8221; global_colors_info=&#8221;{}&#8221;][\/dnxte_logo_carousel_child][dnxte_logo_carousel_child logo_carousel_image=&#8221;https:\/\/movimientocomprensionlectora.org\/es\/wp-content\/uploads\/2025\/12\/image116.png&#8221; _builder_version=&#8221;4.27.4&#8243; _module_preset=&#8221;default&#8221; global_colors_info=&#8221;{}&#8221;][\/dnxte_logo_carousel_child][dnxte_logo_carousel_child logo_carousel_image=&#8221;https:\/\/movimientocomprensionlectora.org\/es\/wp-content\/uploads\/2025\/12\/image115.png&#8221; _builder_version=&#8221;4.27.4&#8243; _module_preset=&#8221;default&#8221; global_colors_info=&#8221;{}&#8221;][\/dnxte_logo_carousel_child][dnxte_logo_carousel_child logo_carousel_image=&#8221;https:\/\/movimientocomprensionlectora.org\/es\/wp-content\/uploads\/2025\/12\/image114.png&#8221; _builder_version=&#8221;4.27.4&#8243; _module_preset=&#8221;default&#8221; global_colors_info=&#8221;{}&#8221;][\/dnxte_logo_carousel_child][dnxte_logo_carousel_child logo_carousel_image=&#8221;https:\/\/movimientocomprensionlectora.org\/es\/wp-content\/uploads\/2025\/12\/image113.png&#8221; _builder_version=&#8221;4.27.4&#8243; _module_preset=&#8221;default&#8221; global_colors_info=&#8221;{}&#8221;][\/dnxte_logo_carousel_child][dnxte_logo_carousel_child logo_carousel_image=&#8221;https:\/\/movimientocomprensionlectora.org\/es\/wp-content\/uploads\/2025\/12\/image112.png&#8221; _builder_version=&#8221;4.27.4&#8243; _module_preset=&#8221;default&#8221; global_colors_info=&#8221;{}&#8221;][\/dnxte_logo_carousel_child][dnxte_logo_carousel_child logo_carousel_image=&#8221;https:\/\/movimientocomprensionlectora.org\/es\/wp-content\/uploads\/2025\/12\/image111.png&#8221; _builder_version=&#8221;4.27.4&#8243; _module_preset=&#8221;default&#8221; global_colors_info=&#8221;{}&#8221;][\/dnxte_logo_carousel_child][dnxte_logo_carousel_child logo_carousel_image=&#8221;https:\/\/movimientocomprensionlectora.org\/es\/wp-content\/uploads\/2025\/12\/image110.png&#8221; _builder_version=&#8221;4.27.4&#8243; _module_preset=&#8221;default&#8221; global_colors_info=&#8221;{}&#8221;][\/dnxte_logo_carousel_child][dnxte_logo_carousel_child logo_carousel_image=&#8221;https:\/\/movimientocomprensionlectora.org\/es\/wp-content\/uploads\/2025\/12\/image109.png&#8221; _builder_version=&#8221;4.27.4&#8243; _module_preset=&#8221;default&#8221; global_colors_info=&#8221;{}&#8221;][\/dnxte_logo_carousel_child][dnxte_logo_carousel_child logo_carousel_image=&#8221;https:\/\/movimientocomprensionlectora.org\/es\/wp-content\/uploads\/2025\/12\/image108.png&#8221; _builder_version=&#8221;4.27.4&#8243; _module_preset=&#8221;default&#8221; global_colors_info=&#8221;{}&#8221;][\/dnxte_logo_carousel_child][dnxte_logo_carousel_child logo_carousel_image=&#8221;https:\/\/movimientocomprensionlectora.org\/es\/wp-content\/uploads\/2025\/12\/image107.png&#8221; _builder_version=&#8221;4.27.4&#8243; _module_preset=&#8221;default&#8221; global_colors_info=&#8221;{}&#8221;][\/dnxte_logo_carousel_child][dnxte_logo_carousel_child logo_carousel_image=&#8221;https:\/\/movimientocomprensionlectora.org\/es\/wp-content\/uploads\/2025\/12\/image106.png&#8221; _builder_version=&#8221;4.27.4&#8243; _module_preset=&#8221;default&#8221; global_colors_info=&#8221;{}&#8221;][\/dnxte_logo_carousel_child][dnxte_logo_carousel_child logo_carousel_image=&#8221;https:\/\/movimientocomprensionlectora.org\/es\/wp-content\/uploads\/2025\/12\/image105.png&#8221; _builder_version=&#8221;4.27.4&#8243; _module_preset=&#8221;default&#8221; global_colors_info=&#8221;{}&#8221;][\/dnxte_logo_carousel_child][dnxte_logo_carousel_child logo_carousel_image=&#8221;https:\/\/movimientocomprensionlectora.org\/es\/wp-content\/uploads\/2025\/12\/image104.png&#8221; _builder_version=&#8221;4.27.4&#8243; _module_preset=&#8221;default&#8221; global_colors_info=&#8221;{}&#8221;][\/dnxte_logo_carousel_child][dnxte_logo_carousel_child logo_carousel_image=&#8221;https:\/\/movimientocomprensionlectora.org\/es\/wp-content\/uploads\/2025\/12\/image103.png&#8221; _builder_version=&#8221;4.27.4&#8243; _module_preset=&#8221;default&#8221; global_colors_info=&#8221;{}&#8221;][\/dnxte_logo_carousel_child][dnxte_logo_carousel_child logo_carousel_image=&#8221;https:\/\/movimientocomprensionlectora.org\/es\/wp-content\/uploads\/2025\/12\/image102.png&#8221; _builder_version=&#8221;4.27.4&#8243; _module_preset=&#8221;default&#8221; global_colors_info=&#8221;{}&#8221;][\/dnxte_logo_carousel_child][dnxte_logo_carousel_child logo_carousel_image=&#8221;https:\/\/movimientocomprensionlectora.org\/es\/wp-content\/uploads\/2025\/12\/image101.png&#8221; _builder_version=&#8221;4.27.4&#8243; _module_preset=&#8221;default&#8221; global_colors_info=&#8221;{}&#8221;][\/dnxte_logo_carousel_child][dnxte_logo_carousel_child logo_carousel_image=&#8221;https:\/\/movimientocomprensionlectora.org\/es\/wp-content\/uploads\/2025\/12\/image100.png&#8221; _builder_version=&#8221;4.27.4&#8243; _module_preset=&#8221;default&#8221; global_colors_info=&#8221;{}&#8221;][\/dnxte_logo_carousel_child][dnxte_logo_carousel_child logo_carousel_image=&#8221;https:\/\/movimientocomprensionlectora.org\/es\/wp-content\/uploads\/2025\/12\/image99.png&#8221; _builder_version=&#8221;4.27.4&#8243; _module_preset=&#8221;default&#8221; global_colors_info=&#8221;{}&#8221;][\/dnxte_logo_carousel_child][dnxte_logo_carousel_child logo_carousel_image=&#8221;https:\/\/movimientocomprensionlectora.org\/es\/wp-content\/uploads\/2025\/12\/image98.png&#8221; _builder_version=&#8221;4.27.4&#8243; _module_preset=&#8221;default&#8221; global_colors_info=&#8221;{}&#8221;][\/dnxte_logo_carousel_child][dnxte_logo_carousel_child logo_carousel_image=&#8221;https:\/\/movimientocomprensionlectora.org\/es\/wp-content\/uploads\/2025\/12\/image97.png&#8221; _builder_version=&#8221;4.27.4&#8243; _module_preset=&#8221;default&#8221; global_colors_info=&#8221;{}&#8221;][\/dnxte_logo_carousel_child][dnxte_logo_carousel_child logo_carousel_image=&#8221;https:\/\/movimientocomprensionlectora.org\/es\/wp-content\/uploads\/2025\/12\/image96.png&#8221; _builder_version=&#8221;4.27.4&#8243; _module_preset=&#8221;default&#8221; global_colors_info=&#8221;{}&#8221;][\/dnxte_logo_carousel_child][dnxte_logo_carousel_child logo_carousel_image=&#8221;https:\/\/movimientocomprensionlectora.org\/es\/wp-content\/uploads\/2025\/12\/image95.png&#8221; _builder_version=&#8221;4.27.4&#8243; _module_preset=&#8221;default&#8221; global_colors_info=&#8221;{}&#8221;][\/dnxte_logo_carousel_child][dnxte_logo_carousel_child logo_carousel_image=&#8221;https:\/\/movimientocomprensionlectora.org\/es\/wp-content\/uploads\/2025\/12\/image94.png&#8221; _builder_version=&#8221;4.27.4&#8243; _module_preset=&#8221;default&#8221; global_colors_info=&#8221;{}&#8221;][\/dnxte_logo_carousel_child][dnxte_logo_carousel_child logo_carousel_image=&#8221;https:\/\/movimientocomprensionlectora.org\/es\/wp-content\/uploads\/2025\/12\/image93.png&#8221; _builder_version=&#8221;4.27.4&#8243; _module_preset=&#8221;default&#8221; global_colors_info=&#8221;{}&#8221;][\/dnxte_logo_carousel_child][dnxte_logo_carousel_child logo_carousel_image=&#8221;https:\/\/movimientocomprensionlectora.org\/es\/wp-content\/uploads\/2025\/12\/image91.png&#8221; _builder_version=&#8221;4.27.4&#8243; _module_preset=&#8221;default&#8221; global_colors_info=&#8221;{}&#8221;][\/dnxte_logo_carousel_child][dnxte_logo_carousel_child logo_carousel_image=&#8221;https:\/\/movimientocomprensionlectora.org\/es\/wp-content\/uploads\/2025\/12\/image90.png&#8221; _builder_version=&#8221;4.27.4&#8243; _module_preset=&#8221;default&#8221; global_colors_info=&#8221;{}&#8221;][\/dnxte_logo_carousel_child][dnxte_logo_carousel_child logo_carousel_image=&#8221;https:\/\/movimientocomprensionlectora.org\/es\/wp-content\/uploads\/2025\/12\/image89.png&#8221; _builder_version=&#8221;4.27.4&#8243; _module_preset=&#8221;default&#8221; global_colors_info=&#8221;{}&#8221;][\/dnxte_logo_carousel_child][dnxte_logo_carousel_child logo_carousel_image=&#8221;https:\/\/movimientocomprensionlectora.org\/es\/wp-content\/uploads\/2025\/12\/image88.png&#8221; _builder_version=&#8221;4.27.4&#8243; _module_preset=&#8221;default&#8221; global_colors_info=&#8221;{}&#8221;][\/dnxte_logo_carousel_child][dnxte_logo_carousel_child logo_carousel_image=&#8221;https:\/\/movimientocomprensionlectora.org\/es\/wp-content\/uploads\/2025\/12\/image86.png&#8221; _builder_version=&#8221;4.27.4&#8243; _module_preset=&#8221;default&#8221; global_colors_info=&#8221;{}&#8221;][\/dnxte_logo_carousel_child][dnxte_logo_carousel_child logo_carousel_image=&#8221;https:\/\/movimientocomprensionlectora.org\/es\/wp-content\/uploads\/2025\/12\/image85.png&#8221; _builder_version=&#8221;4.27.4&#8243; _module_preset=&#8221;default&#8221; global_colors_info=&#8221;{}&#8221;][\/dnxte_logo_carousel_child][dnxte_logo_carousel_child logo_carousel_image=&#8221;https:\/\/movimientocomprensionlectora.org\/es\/wp-content\/uploads\/2025\/12\/image84.png&#8221; _builder_version=&#8221;4.27.4&#8243; _module_preset=&#8221;default&#8221; global_colors_info=&#8221;{}&#8221;][\/dnxte_logo_carousel_child][dnxte_logo_carousel_child logo_carousel_image=&#8221;https:\/\/movimientocomprensionlectora.org\/es\/wp-content\/uploads\/2025\/12\/image83.png&#8221; _builder_version=&#8221;4.27.4&#8243; _module_preset=&#8221;default&#8221; global_colors_info=&#8221;{}&#8221;][\/dnxte_logo_carousel_child][dnxte_logo_carousel_child logo_carousel_image=&#8221;https:\/\/movimientocomprensionlectora.org\/es\/wp-content\/uploads\/2025\/12\/image82.png&#8221; _builder_version=&#8221;4.27.4&#8243; _module_preset=&#8221;default&#8221; global_colors_info=&#8221;{}&#8221;][\/dnxte_logo_carousel_child][dnxte_logo_carousel_child logo_carousel_image=&#8221;https:\/\/movimientocomprensionlectora.org\/es\/wp-content\/uploads\/2025\/12\/image81.png&#8221; _builder_version=&#8221;4.27.4&#8243; _module_preset=&#8221;default&#8221; global_colors_info=&#8221;{}&#8221;][\/dnxte_logo_carousel_child][dnxte_logo_carousel_child logo_carousel_image=&#8221;https:\/\/movimientocomprensionlectora.org\/es\/wp-content\/uploads\/2025\/12\/image80.png&#8221; _builder_version=&#8221;4.27.4&#8243; _module_preset=&#8221;default&#8221; global_colors_info=&#8221;{}&#8221;][\/dnxte_logo_carousel_child][dnxte_logo_carousel_child logo_carousel_image=&#8221;https:\/\/movimientocomprensionlectora.org\/es\/wp-content\/uploads\/2025\/12\/image79.png&#8221; _builder_version=&#8221;4.27.4&#8243; _module_preset=&#8221;default&#8221; global_colors_info=&#8221;{}&#8221;][\/dnxte_logo_carousel_child][dnxte_logo_carousel_child logo_carousel_image=&#8221;https:\/\/movimientocomprensionlectora.org\/es\/wp-content\/uploads\/2025\/12\/image78.png&#8221; _builder_version=&#8221;4.27.4&#8243; _module_preset=&#8221;default&#8221; global_colors_info=&#8221;{}&#8221;][\/dnxte_logo_carousel_child][dnxte_logo_carousel_child logo_carousel_image=&#8221;https:\/\/movimientocomprensionlectora.org\/es\/wp-content\/uploads\/2025\/12\/image77.png&#8221; _builder_version=&#8221;4.27.4&#8243; _module_preset=&#8221;default&#8221; global_colors_info=&#8221;{}&#8221;][\/dnxte_logo_carousel_child][dnxte_logo_carousel_child logo_carousel_image=&#8221;https:\/\/movimientocomprensionlectora.org\/es\/wp-content\/uploads\/2025\/12\/image76.png&#8221; _builder_version=&#8221;4.27.4&#8243; _module_preset=&#8221;default&#8221; global_colors_info=&#8221;{}&#8221;][\/dnxte_logo_carousel_child][dnxte_logo_carousel_child logo_carousel_image=&#8221;https:\/\/movimientocomprensionlectora.org\/es\/wp-content\/uploads\/2025\/12\/image75.png&#8221; _builder_version=&#8221;4.27.4&#8243; _module_preset=&#8221;default&#8221; global_colors_info=&#8221;{}&#8221;][\/dnxte_logo_carousel_child][dnxte_logo_carousel_child logo_carousel_image=&#8221;https:\/\/movimientocomprensionlectora.org\/es\/wp-content\/uploads\/2025\/12\/image74.png&#8221; _builder_version=&#8221;4.27.4&#8243; _module_preset=&#8221;default&#8221; global_colors_info=&#8221;{}&#8221;][\/dnxte_logo_carousel_child][dnxte_logo_carousel_child logo_carousel_image=&#8221;https:\/\/movimientocomprensionlectora.org\/es\/wp-content\/uploads\/2025\/12\/image73.png&#8221; _builder_version=&#8221;4.27.4&#8243; _module_preset=&#8221;default&#8221; global_colors_info=&#8221;{}&#8221;][\/dnxte_logo_carousel_child][dnxte_logo_carousel_child logo_carousel_image=&#8221;https:\/\/movimientocomprensionlectora.org\/es\/wp-content\/uploads\/2025\/12\/image72.png&#8221; _builder_version=&#8221;4.27.4&#8243; _module_preset=&#8221;default&#8221; global_colors_info=&#8221;{}&#8221;][\/dnxte_logo_carousel_child][dnxte_logo_carousel_child logo_carousel_image=&#8221;https:\/\/movimientocomprensionlectora.org\/es\/wp-content\/uploads\/2025\/12\/image71.png&#8221; _builder_version=&#8221;4.27.4&#8243; _module_preset=&#8221;default&#8221; global_colors_info=&#8221;{}&#8221;][\/dnxte_logo_carousel_child][dnxte_logo_carousel_child logo_carousel_image=&#8221;https:\/\/movimientocomprensionlectora.org\/es\/wp-content\/uploads\/2025\/12\/image70.png&#8221; _builder_version=&#8221;4.27.4&#8243; _module_preset=&#8221;default&#8221; global_colors_info=&#8221;{}&#8221;][\/dnxte_logo_carousel_child][dnxte_logo_carousel_child logo_carousel_image=&#8221;https:\/\/movimientocomprensionlectora.org\/es\/wp-content\/uploads\/2025\/12\/image69.png&#8221; _builder_version=&#8221;4.27.4&#8243; _module_preset=&#8221;default&#8221; global_colors_info=&#8221;{}&#8221;][\/dnxte_logo_carousel_child][dnxte_logo_carousel_child logo_carousel_image=&#8221;https:\/\/movimientocomprensionlectora.org\/es\/wp-content\/uploads\/2025\/12\/image68.png&#8221; _builder_version=&#8221;4.27.4&#8243; _module_preset=&#8221;default&#8221; global_colors_info=&#8221;{}&#8221;][\/dnxte_logo_carousel_child][dnxte_logo_carousel_child logo_carousel_image=&#8221;https:\/\/movimientocomprensionlectora.org\/es\/wp-content\/uploads\/2025\/12\/image67.png&#8221; _builder_version=&#8221;4.27.4&#8243; _module_preset=&#8221;default&#8221; global_colors_info=&#8221;{}&#8221;][\/dnxte_logo_carousel_child][dnxte_logo_carousel_child logo_carousel_image=&#8221;https:\/\/movimientocomprensionlectora.org\/es\/wp-content\/uploads\/2025\/12\/image66.png&#8221; _builder_version=&#8221;4.27.4&#8243; _module_preset=&#8221;default&#8221; global_colors_info=&#8221;{}&#8221;][\/dnxte_logo_carousel_child][dnxte_logo_carousel_child logo_carousel_image=&#8221;https:\/\/movimientocomprensionlectora.org\/es\/wp-content\/uploads\/2025\/12\/image64.png&#8221; _builder_version=&#8221;4.27.4&#8243; _module_preset=&#8221;default&#8221; global_colors_info=&#8221;{}&#8221;][\/dnxte_logo_carousel_child][dnxte_logo_carousel_child logo_carousel_image=&#8221;https:\/\/movimientocomprensionlectora.org\/es\/wp-content\/uploads\/2025\/12\/image65.png&#8221; _builder_version=&#8221;4.27.4&#8243; _module_preset=&#8221;default&#8221; global_colors_info=&#8221;{}&#8221;][\/dnxte_logo_carousel_child][dnxte_logo_carousel_child logo_carousel_image=&#8221;https:\/\/movimientocomprensionlectora.org\/es\/wp-content\/uploads\/2025\/12\/image63.png&#8221; _builder_version=&#8221;4.27.4&#8243; _module_preset=&#8221;default&#8221; global_colors_info=&#8221;{}&#8221;][\/dnxte_logo_carousel_child][dnxte_logo_carousel_child logo_carousel_image=&#8221;https:\/\/movimientocomprensionlectora.org\/es\/wp-content\/uploads\/2025\/12\/image62.png&#8221; _builder_version=&#8221;4.27.4&#8243; _module_preset=&#8221;default&#8221; global_colors_info=&#8221;{}&#8221;][\/dnxte_logo_carousel_child][dnxte_logo_carousel_child logo_carousel_image=&#8221;https:\/\/movimientocomprensionlectora.org\/es\/wp-content\/uploads\/2025\/12\/image61.png&#8221; _builder_version=&#8221;4.27.4&#8243; _module_preset=&#8221;default&#8221; global_colors_info=&#8221;{}&#8221;][\/dnxte_logo_carousel_child][dnxte_logo_carousel_child logo_carousel_image=&#8221;https:\/\/movimientocomprensionlectora.org\/es\/wp-content\/uploads\/2025\/12\/image60.png&#8221; _builder_version=&#8221;4.27.4&#8243; _module_preset=&#8221;default&#8221; global_colors_info=&#8221;{}&#8221;][\/dnxte_logo_carousel_child][dnxte_logo_carousel_child logo_carousel_image=&#8221;https:\/\/movimientocomprensionlectora.org\/es\/wp-content\/uploads\/2025\/12\/image59.png&#8221; _builder_version=&#8221;4.27.4&#8243; _module_preset=&#8221;default&#8221; global_colors_info=&#8221;{}&#8221;][\/dnxte_logo_carousel_child][dnxte_logo_carousel_child logo_carousel_image=&#8221;https:\/\/movimientocomprensionlectora.org\/es\/wp-content\/uploads\/2025\/12\/image58.png&#8221; _builder_version=&#8221;4.27.4&#8243; _module_preset=&#8221;default&#8221; global_colors_info=&#8221;{}&#8221;][\/dnxte_logo_carousel_child][dnxte_logo_carousel_child logo_carousel_image=&#8221;https:\/\/movimientocomprensionlectora.org\/es\/wp-content\/uploads\/2025\/12\/image57.png&#8221; _builder_version=&#8221;4.27.4&#8243; _module_preset=&#8221;default&#8221; global_colors_info=&#8221;{}&#8221;][\/dnxte_logo_carousel_child][dnxte_logo_carousel_child logo_carousel_image=&#8221;https:\/\/movimientocomprensionlectora.org\/es\/wp-content\/uploads\/2025\/12\/image56.png&#8221; _builder_version=&#8221;4.27.4&#8243; _module_preset=&#8221;default&#8221; global_colors_info=&#8221;{}&#8221;][\/dnxte_logo_carousel_child][dnxte_logo_carousel_child logo_carousel_image=&#8221;https:\/\/movimientocomprensionlectora.org\/es\/wp-content\/uploads\/2025\/12\/image55.png&#8221; _builder_version=&#8221;4.27.4&#8243; _module_preset=&#8221;default&#8221; global_colors_info=&#8221;{}&#8221;][\/dnxte_logo_carousel_child][dnxte_logo_carousel_child logo_carousel_image=&#8221;https:\/\/movimientocomprensionlectora.org\/es\/wp-content\/uploads\/2025\/12\/image54.png&#8221; _builder_version=&#8221;4.27.4&#8243; _module_preset=&#8221;default&#8221; global_colors_info=&#8221;{}&#8221;][\/dnxte_logo_carousel_child][dnxte_logo_carousel_child logo_carousel_image=&#8221;https:\/\/movimientocomprensionlectora.org\/es\/wp-content\/uploads\/2025\/12\/image53.png&#8221; _builder_version=&#8221;4.27.4&#8243; _module_preset=&#8221;default&#8221; global_colors_info=&#8221;{}&#8221;][\/dnxte_logo_carousel_child][dnxte_logo_carousel_child logo_carousel_image=&#8221;https:\/\/movimientocomprensionlectora.org\/es\/wp-content\/uploads\/2025\/12\/image52.png&#8221; _builder_version=&#8221;4.27.4&#8243; _module_preset=&#8221;default&#8221; global_colors_info=&#8221;{}&#8221;][\/dnxte_logo_carousel_child][dnxte_logo_carousel_child logo_carousel_image=&#8221;https:\/\/movimientocomprensionlectora.org\/es\/wp-content\/uploads\/2025\/12\/image51.png&#8221; _builder_version=&#8221;4.27.4&#8243; _module_preset=&#8221;default&#8221; global_colors_info=&#8221;{}&#8221;][\/dnxte_logo_carousel_child][dnxte_logo_carousel_child logo_carousel_image=&#8221;https:\/\/movimientocomprensionlectora.org\/es\/wp-content\/uploads\/2025\/12\/image50.png&#8221; _builder_version=&#8221;4.27.4&#8243; _module_preset=&#8221;default&#8221; global_colors_info=&#8221;{}&#8221;][\/dnxte_logo_carousel_child][dnxte_logo_carousel_child logo_carousel_image=&#8221;https:\/\/movimientocomprensionlectora.org\/es\/wp-content\/uploads\/2025\/12\/image49.png&#8221; _builder_version=&#8221;4.27.4&#8243; _module_preset=&#8221;default&#8221; global_colors_info=&#8221;{}&#8221;][\/dnxte_logo_carousel_child][dnxte_logo_carousel_child logo_carousel_image=&#8221;https:\/\/movimientocomprensionlectora.org\/es\/wp-content\/uploads\/2025\/12\/image48.png&#8221; _builder_version=&#8221;4.27.4&#8243; _module_preset=&#8221;default&#8221; global_colors_info=&#8221;{}&#8221;][\/dnxte_logo_carousel_child][dnxte_logo_carousel_child logo_carousel_image=&#8221;https:\/\/movimientocomprensionlectora.org\/es\/wp-content\/uploads\/2025\/12\/image47.png&#8221; _builder_version=&#8221;4.27.4&#8243; _module_preset=&#8221;default&#8221; global_colors_info=&#8221;{}&#8221;][\/dnxte_logo_carousel_child][dnxte_logo_carousel_child logo_carousel_image=&#8221;https:\/\/movimientocomprensionlectora.org\/es\/wp-content\/uploads\/2025\/12\/image46.png&#8221; _builder_version=&#8221;4.27.4&#8243; _module_preset=&#8221;default&#8221; global_colors_info=&#8221;{}&#8221;][\/dnxte_logo_carousel_child][dnxte_logo_carousel_child logo_carousel_image=&#8221;https:\/\/movimientocomprensionlectora.org\/es\/wp-content\/uploads\/2025\/12\/image45.png&#8221; _builder_version=&#8221;4.27.4&#8243; _module_preset=&#8221;default&#8221; global_colors_info=&#8221;{}&#8221;][\/dnxte_logo_carousel_child][dnxte_logo_carousel_child logo_carousel_image=&#8221;https:\/\/movimientocomprensionlectora.org\/es\/wp-content\/uploads\/2025\/12\/image44.png&#8221; _builder_version=&#8221;4.27.4&#8243; _module_preset=&#8221;default&#8221; global_colors_info=&#8221;{}&#8221;][\/dnxte_logo_carousel_child][dnxte_logo_carousel_child logo_carousel_image=&#8221;https:\/\/movimientocomprensionlectora.org\/es\/wp-content\/uploads\/2025\/12\/image43.png&#8221; _builder_version=&#8221;4.27.4&#8243; _module_preset=&#8221;default&#8221; global_colors_info=&#8221;{}&#8221;][\/dnxte_logo_carousel_child][dnxte_logo_carousel_child logo_carousel_image=&#8221;https:\/\/movimientocomprensionlectora.org\/es\/wp-content\/uploads\/2025\/12\/image42.png&#8221; _builder_version=&#8221;4.27.4&#8243; _module_preset=&#8221;default&#8221; global_colors_info=&#8221;{}&#8221;][\/dnxte_logo_carousel_child][dnxte_logo_carousel_child logo_carousel_image=&#8221;https:\/\/movimientocomprensionlectora.org\/es\/wp-content\/uploads\/2025\/12\/image41.png&#8221; _builder_version=&#8221;4.27.4&#8243; _module_preset=&#8221;default&#8221; global_colors_info=&#8221;{}&#8221;][\/dnxte_logo_carousel_child][dnxte_logo_carousel_child logo_carousel_image=&#8221;https:\/\/movimientocomprensionlectora.org\/es\/wp-content\/uploads\/2025\/12\/image40.png&#8221; _builder_version=&#8221;4.27.4&#8243; _module_preset=&#8221;default&#8221; global_colors_info=&#8221;{}&#8221;][\/dnxte_logo_carousel_child][dnxte_logo_carousel_child logo_carousel_image=&#8221;https:\/\/movimientocomprensionlectora.org\/es\/wp-content\/uploads\/2025\/12\/image39.png&#8221; _builder_version=&#8221;4.27.4&#8243; _module_preset=&#8221;default&#8221; global_colors_info=&#8221;{}&#8221;][\/dnxte_logo_carousel_child][dnxte_logo_carousel_child logo_carousel_image=&#8221;https:\/\/movimientocomprensionlectora.org\/es\/wp-content\/uploads\/2025\/12\/image38.png&#8221; _builder_version=&#8221;4.27.4&#8243; _module_preset=&#8221;default&#8221; global_colors_info=&#8221;{}&#8221;][\/dnxte_logo_carousel_child][dnxte_logo_carousel_child logo_carousel_image=&#8221;https:\/\/movimientocomprensionlectora.org\/es\/wp-content\/uploads\/2025\/12\/image37.png&#8221; _builder_version=&#8221;4.27.4&#8243; _module_preset=&#8221;default&#8221; global_colors_info=&#8221;{}&#8221;][\/dnxte_logo_carousel_child][dnxte_logo_carousel_child logo_carousel_image=&#8221;https:\/\/movimientocomprensionlectora.org\/es\/wp-content\/uploads\/2025\/12\/image36.png&#8221; _builder_version=&#8221;4.27.4&#8243; _module_preset=&#8221;default&#8221; global_colors_info=&#8221;{}&#8221;][\/dnxte_logo_carousel_child][dnxte_logo_carousel_child logo_carousel_image=&#8221;https:\/\/movimientocomprensionlectora.org\/es\/wp-content\/uploads\/2025\/12\/image33.png&#8221; _builder_version=&#8221;4.27.4&#8243; _module_preset=&#8221;default&#8221; global_colors_info=&#8221;{}&#8221;][\/dnxte_logo_carousel_child][dnxte_logo_carousel_child logo_carousel_image=&#8221;https:\/\/movimientocomprensionlectora.org\/es\/wp-content\/uploads\/2025\/12\/image32.png&#8221; _builder_version=&#8221;4.27.4&#8243; _module_preset=&#8221;default&#8221; global_colors_info=&#8221;{}&#8221;][\/dnxte_logo_carousel_child][dnxte_logo_carousel_child logo_carousel_image=&#8221;https:\/\/movimientocomprensionlectora.org\/es\/wp-content\/uploads\/2025\/12\/image31.png&#8221; _builder_version=&#8221;4.27.4&#8243; _module_preset=&#8221;default&#8221; global_colors_info=&#8221;{}&#8221;][\/dnxte_logo_carousel_child][dnxte_logo_carousel_child logo_carousel_image=&#8221;https:\/\/movimientocomprensionlectora.org\/es\/wp-content\/uploads\/2025\/12\/image30.png&#8221; _builder_version=&#8221;4.27.4&#8243; _module_preset=&#8221;default&#8221; global_colors_info=&#8221;{}&#8221;][\/dnxte_logo_carousel_child][dnxte_logo_carousel_child logo_carousel_image=&#8221;https:\/\/movimientocomprensionlectora.org\/es\/wp-content\/uploads\/2025\/12\/image28.png&#8221; _builder_version=&#8221;4.27.4&#8243; _module_preset=&#8221;default&#8221; global_colors_info=&#8221;{}&#8221;][\/dnxte_logo_carousel_child][dnxte_logo_carousel_child logo_carousel_image=&#8221;https:\/\/movimientocomprensionlectora.org\/es\/wp-content\/uploads\/2025\/12\/image27.png&#8221; _builder_version=&#8221;4.27.4&#8243; _module_preset=&#8221;default&#8221; global_colors_info=&#8221;{}&#8221;][\/dnxte_logo_carousel_child][dnxte_logo_carousel_child logo_carousel_image=&#8221;https:\/\/movimientocomprensionlectora.org\/es\/wp-content\/uploads\/2025\/12\/image26.png&#8221; _builder_version=&#8221;4.27.4&#8243; _module_preset=&#8221;default&#8221; global_colors_info=&#8221;{}&#8221;][\/dnxte_logo_carousel_child][dnxte_logo_carousel_child logo_carousel_image=&#8221;https:\/\/movimientocomprensionlectora.org\/es\/wp-content\/uploads\/2025\/12\/image25.png&#8221; _builder_version=&#8221;4.27.4&#8243; _module_preset=&#8221;default&#8221; global_colors_info=&#8221;{}&#8221;][\/dnxte_logo_carousel_child][dnxte_logo_carousel_child logo_carousel_image=&#8221;https:\/\/movimientocomprensionlectora.org\/es\/wp-content\/uploads\/2025\/12\/image24.png&#8221; logo_carousel_alt=&#8221;Fundacion Evoluci\u00f3n&#8221; _builder_version=&#8221;4.27.4&#8243; _module_preset=&#8221;default&#8221; global_colors_info=&#8221;{}&#8221;][\/dnxte_logo_carousel_child][dnxte_logo_carousel_child logo_carousel_image=&#8221;https:\/\/movimientocomprensionlectora.org\/es\/wp-content\/uploads\/2025\/12\/image23.png&#8221; logo_carousel_alt=&#8221;Fundaci\u00f3n Integrar&#8221; _builder_version=&#8221;4.27.4&#8243; _module_preset=&#8221;default&#8221; global_colors_info=&#8221;{}&#8221;][\/dnxte_logo_carousel_child][dnxte_logo_carousel_child logo_carousel_image=&#8221;https:\/\/movimientocomprensionlectora.org\/es\/wp-content\/uploads\/2025\/12\/image22.png&#8221; logo_carousel_alt=&#8221;Dale tu Mano&#8221; _builder_version=&#8221;4.27.4&#8243; _module_preset=&#8221;default&#8221; global_colors_info=&#8221;{}&#8221;][\/dnxte_logo_carousel_child][dnxte_logo_carousel_child logo_carousel_image=&#8221;https:\/\/movimientocomprensionlectora.org\/es\/wp-content\/uploads\/2025\/12\/image21.png&#8221; logo_carousel_alt=&#8221;Fundaci\u00f3n Ineco&#8221; _builder_version=&#8221;4.27.4&#8243; _module_preset=&#8221;default&#8221; global_colors_info=&#8221;{}&#8221;][\/dnxte_logo_carousel_child][dnxte_logo_carousel_child logo_carousel_image=&#8221;https:\/\/movimientocomprensionlectora.org\/es\/wp-content\/uploads\/2025\/12\/image20.png&#8221; logo_carousel_alt=&#8221;Aula Apresid&#8221; _builder_version=&#8221;4.27.4&#8243; _module_preset=&#8221;default&#8221; global_colors_info=&#8221;{}&#8221;][\/dnxte_logo_carousel_child][dnxte_logo_carousel_child logo_carousel_image=&#8221;https:\/\/movimientocomprensionlectora.org\/es\/wp-content\/uploads\/2025\/12\/image18.png&#8221; logo_carousel_alt=&#8221;Conciencia&#8221; _builder_version=&#8221;4.27.4&#8243; _module_preset=&#8221;default&#8221; global_colors_info=&#8221;{}&#8221;][\/dnxte_logo_carousel_child][dnxte_logo_carousel_child logo_carousel_image=&#8221;https:\/\/movimientocomprensionlectora.org\/es\/wp-content\/uploads\/2025\/12\/image14.png&#8221; logo_carousel_alt=&#8221;TRAMARed&#8221; _builder_version=&#8221;4.27.4&#8243; _module_preset=&#8221;default&#8221; global_colors_info=&#8221;{}&#8221;][\/dnxte_logo_carousel_child][dnxte_logo_carousel_child logo_carousel_image=&#8221;https:\/\/movimientocomprensionlectora.org\/es\/wp-content\/uploads\/2025\/12\/ucsf.png&#8221; logo_carousel_alt=&#8221;UCSF Dyslexia Center&#8221; _builder_version=&#8221;4.27.4&#8243; _module_preset=&#8221;default&#8221; global_colors_info=&#8221;{}&#8221;][\/dnxte_logo_carousel_child][dnxte_logo_carousel_child logo_carousel_image=&#8221;https:\/\/movimientocomprensionlectora.org\/es\/wp-content\/uploads\/2025\/12\/OIP-4.webp&#8221; logo_carousel_alt=&#8221;Fundaci\u00f3n Teraike&#8221; _builder_version=&#8221;4.27.4&#8243; _module_preset=&#8221;default&#8221; global_colors_info=&#8221;{}&#8221;][\/dnxte_logo_carousel_child][dnxte_logo_carousel_child logo_carousel_image=&#8221;https:\/\/movimientocomprensionlectora.org\/es\/wp-content\/uploads\/2025\/12\/Logo-Recrea-Libros-300&#215;117-1.png&#8221; logo_carousel_alt=&#8221;RECREA Libros&#8221; _builder_version=&#8221;4.27.4&#8243; _module_preset=&#8221;default&#8221; global_colors_info=&#8221;{}&#8221;][\/dnxte_logo_carousel_child][dnxte_logo_carousel_child logo_carousel_image=&#8221;https:\/\/movimientocomprensionlectora.org\/es\/wp-content\/uploads\/2025\/12\/logo-impulso-Docente.png&#8221; logo_carousel_alt=&#8221;Impulso Docente&#8221; _builder_version=&#8221;4.27.4&#8243; _module_preset=&#8221;default&#8221; global_colors_info=&#8221;{}&#8221;][\/dnxte_logo_carousel_child][dnxte_logo_carousel_child logo_carousel_image=&#8221;https:\/\/movimientocomprensionlectora.org\/es\/wp-content\/uploads\/2025\/12\/logo_cem_2022-RGB-1.jpg.jpeg&#8221; logo_carousel_alt=&#8221;Corporaci\u00f3n Empresas del Maipo&#8221; _builder_version=&#8221;4.27.4&#8243; _module_preset=&#8221;default&#8221; global_colors_info=&#8221;{}&#8221;][\/dnxte_logo_carousel_child][dnxte_logo_carousel_child logo_carousel_image=&#8221;https:\/\/movimientocomprensionlectora.org\/es\/wp-content\/uploads\/2025\/12\/letrapps.jpg.jpeg&#8221; logo_carousel_alt=&#8221;Letrapps&#8221; _builder_version=&#8221;4.27.4&#8243; _module_preset=&#8221;default&#8221; global_colors_info=&#8221;{}&#8221;][\/dnxte_logo_carousel_child][dnxte_logo_carousel_child logo_carousel_image=&#8221;https:\/\/movimientocomprensionlectora.org\/es\/wp-content\/uploads\/2025\/12\/imac.webp&#8221; logo_carousel_alt=&#8221;imactiva&#8221; _builder_version=&#8221;4.27.4&#8243; _module_preset=&#8221;default&#8221; global_colors_info=&#8221;{}&#8221;][\/dnxte_logo_carousel_child][dnxte_logo_carousel_child logo_carousel_image=&#8221;https:\/\/movimientocomprensionlectora.org\/es\/wp-content\/uploads\/2025\/12\/EDITORIALES-DE-CHILE.png&#8221; logo_carousel_alt=&#8221;Editoriales de Chile&#8221; _builder_version=&#8221;4.27.4&#8243; _module_preset=&#8221;default&#8221; global_colors_info=&#8221;{}&#8221;][\/dnxte_logo_carousel_child][dnxte_logo_carousel_child logo_carousel_image=&#8221;https:\/\/movimientocomprensionlectora.org\/es\/wp-content\/uploads\/2025\/12\/descarga-1.png&#8221; logo_carousel_alt=&#8221;Chungungo&#8221; _builder_version=&#8221;4.27.4&#8243; _module_preset=&#8221;default&#8221; global_colors_info=&#8221;{}&#8221;][\/dnxte_logo_carousel_child][dnxte_logo_carousel_child logo_carousel_image=&#8221;https:\/\/movimientocomprensionlectora.org\/es\/wp-content\/uploads\/2025\/12\/aurea.jpg.jpeg&#8221; logo_carousel_alt=&#8221;Aurea Ediciones&#8221; _builder_version=&#8221;4.27.4&#8243; _module_preset=&#8221;default&#8221; global_colors_info=&#8221;{}&#8221;][\/dnxte_logo_carousel_child][dnxte_logo_carousel_child logo_carousel_image=&#8221;https:\/\/movimientocomprensionlectora.org\/es\/wp-content\/uploads\/2025\/12\/493531_b10df0a81ad241fda991f2ae5886d34amv2-150&#215;150-1.png&#8221; logo_carousel_alt=&#8221;Astroreca&#8221; _builder_version=&#8221;4.27.4&#8243; _module_preset=&#8221;default&#8221; global_colors_info=&#8221;{}&#8221;][\/dnxte_logo_carousel_child][dnxte_logo_carousel_child logo_carousel_image=&#8221;https:\/\/movimientocomprensionlectora.org\/es\/wp-content\/uploads\/2025\/12\/493531_90035636d57a45d489649073f0e33bbfmv2.png&#8221; logo_carousel_alt=&#8221;Centro UC&#8221; _builder_version=&#8221;4.27.4&#8243; _module_preset=&#8221;default&#8221; global_colors_info=&#8221;{}&#8221;][\/dnxte_logo_carousel_child][dnxte_logo_carousel_child logo_carousel_image=&#8221;https:\/\/movimientocomprensionlectora.org\/es\/wp-content\/uploads\/2025\/12\/493531_3430b46d059149c0a5e42b07dd2eee9amv2.png&#8221; logo_carousel_alt=&#8221;Fundaci\u00f3n cmpc&#8221; _builder_version=&#8221;4.27.4&#8243; _module_preset=&#8221;default&#8221; global_colors_info=&#8221;{}&#8221;][\/dnxte_logo_carousel_child][dnxte_logo_carousel_child logo_carousel_image=&#8221;https:\/\/movimientocomprensionlectora.org\/es\/wp-content\/uploads\/2025\/12\/493531_493b9e89bd17488b84d1f0444d9f9545mv2-1.jpg.jpeg&#8221; logo_carousel_alt=&#8221;Fundacion Patroncitos&#8221; _builder_version=&#8221;4.27.4&#8243; _module_preset=&#8221;default&#8221; global_colors_info=&#8221;{}&#8221;][\/dnxte_logo_carousel_child][dnxte_logo_carousel_child logo_carousel_image=&#8221;https:\/\/movimientocomprensionlectora.org\/es\/wp-content\/uploads\/2025\/12\/logo-Fundacion-Sara-Raeir-Rassmuss.png&#8221; logo_carousel_alt=&#8221;Fundaci\u00f3n Sara Raier de Rassmuss&#8221; _builder_version=&#8221;4.27.4&#8243; _module_preset=&#8221;default&#8221; global_colors_info=&#8221;{}&#8221;][\/dnxte_logo_carousel_child][dnxte_logo_carousel_child logo_carousel_image=&#8221;https:\/\/movimientocomprensionlectora.org\/es\/wp-content\/uploads\/2025\/12\/Bukku-Education.jpg.jpeg&#8221; logo_carousel_alt=&#8221;BUKKU education&#8221; _builder_version=&#8221;4.27.4&#8243; _module_preset=&#8221;default&#8221; global_colors_info=&#8221;{}&#8221;][\/dnxte_logo_carousel_child][dnxte_logo_carousel_child logo_carousel_image=&#8221;https:\/\/movimientocomprensionlectora.org\/es\/wp-content\/uploads\/2025\/12\/493531_1272306671934cbca7ae096d5bc9cc4dmv2.png&#8221; logo_carousel_alt=&#8221;inpi&#8221; _builder_version=&#8221;4.27.4&#8243; _module_preset=&#8221;default&#8221; global_colors_info=&#8221;{}&#8221;][\/dnxte_logo_carousel_child][dnxte_logo_carousel_child logo_carousel_image=&#8221;https:\/\/movimientocomprensionlectora.org\/es\/wp-content\/uploads\/2025\/12\/826dc0181972401.6525625f5cb65.jpg.jpeg&#8221; logo_carousel_alt=&#8221;Fundaci\u00f3n LETRA LIBRE&#8221; _builder_version=&#8221;4.27.4&#8243; _module_preset=&#8221;default&#8221; global_colors_info=&#8221;{}&#8221;][\/dnxte_logo_carousel_child][dnxte_logo_carousel_child logo_carousel_image=&#8221;https:\/\/movimientocomprensionlectora.org\/es\/wp-content\/uploads\/2025\/12\/VBfeGcSq_400x400-300&#215;300.jpg.jpeg&#8221; logo_carousel_alt=&#8221;sm&#8221; _builder_version=&#8221;4.27.4&#8243; _module_preset=&#8221;default&#8221; global_colors_info=&#8221;{}&#8221;][\/dnxte_logo_carousel_child][dnxte_logo_carousel_child logo_carousel_image=&#8221;https:\/\/movimientocomprensionlectora.org\/es\/wp-content\/uploads\/2025\/12\/udla-150&#215;150-1.png&#8221; logo_carousel_alt=&#8221;UDLA&#8221; _builder_version=&#8221;4.27.4&#8243; _module_preset=&#8221;default&#8221; global_colors_info=&#8221;{}&#8221;][\/dnxte_logo_carousel_child][dnxte_logo_carousel_child logo_carousel_image=&#8221;https:\/\/movimientocomprensionlectora.org\/es\/wp-content\/uploads\/2025\/12\/summa-150&#215;150-1.png&#8221; logo_carousel_alt=&#8221;SUMMA&#8221; _builder_version=&#8221;4.27.4&#8243; _module_preset=&#8221;default&#8221; global_colors_info=&#8221;{}&#8221;][\/dnxte_logo_carousel_child][dnxte_logo_carousel_child logo_carousel_image=&#8221;https:\/\/movimientocomprensionlectora.org\/es\/wp-content\/uploads\/2025\/12\/planeta-300&#215;300-1.png&#8221; logo_carousel_alt=&#8221;Planeta&#8221; _builder_version=&#8221;4.27.4&#8243; _module_preset=&#8221;default&#8221; global_colors_info=&#8221;{}&#8221;][\/dnxte_logo_carousel_child][dnxte_logo_carousel_child logo_carousel_image=&#8221;https:\/\/movimientocomprensionlectora.org\/es\/wp-content\/uploads\/2025\/12\/OIP-3-150&#215;150-1.webp&#8221; logo_carousel_alt=&#8221;Fundaci\u00f3n FOCUS&#8221; _builder_version=&#8221;4.27.4&#8243; _module_preset=&#8221;default&#8221; global_colors_info=&#8221;{}&#8221;][\/dnxte_logo_carousel_child][dnxte_logo_carousel_child logo_carousel_image=&#8221;https:\/\/movimientocomprensionlectora.org\/es\/wp-content\/uploads\/2025\/12\/67yY1aJj-1024&#215;724-1.png&#8221; logo_carousel_alt=&#8221;Fundaci\u00f3n SM&#8221; _builder_version=&#8221;4.27.4&#8243; _module_preset=&#8221;default&#8221; global_colors_info=&#8221;{}&#8221;][\/dnxte_logo_carousel_child][dnxte_logo_carousel_child logo_carousel_image=&#8221;https:\/\/movimientocomprensionlectora.org\/es\/wp-content\/uploads\/2025\/12\/TINKER-300&#215;300-1.png&#8221; logo_carousel_alt=&#8221;Tinker Foundation&#8221; _builder_version=&#8221;4.27.4&#8243; _module_preset=&#8221;default&#8221; global_colors_info=&#8221;{}&#8221;][\/dnxte_logo_carousel_child][dnxte_logo_carousel_child logo_carousel_image=&#8221;https:\/\/movimientocomprensionlectora.org\/es\/wp-content\/uploads\/2025\/12\/recrea-768&#215;768-1.png&#8221; logo_carousel_alt=&#8221;Recrea Fundacion&#8221; _builder_version=&#8221;4.27.4&#8243; _module_preset=&#8221;default&#8221; global_colors_info=&#8221;{}&#8221;][\/dnxte_logo_carousel_child][dnxte_logo_carousel_child logo_carousel_image=&#8221;https:\/\/movimientocomprensionlectora.org\/es\/wp-content\/uploads\/2025\/12\/luksic-100&#215;100-1.png&#8221; logo_carousel_alt=&#8221;Fundaci\u00f3n Luksic&#8221; _builder_version=&#8221;4.27.4&#8243; _module_preset=&#8221;default&#8221; global_colors_info=&#8221;{}&#8221;][\/dnxte_logo_carousel_child][dnxte_logo_carousel_child logo_carousel_image=&#8221;https:\/\/movimientocomprensionlectora.org\/es\/wp-content\/uploads\/2025\/12\/ensenachile-100&#215;100-1.png&#8221; logo_carousel_alt=&#8221;ense\u00f1achile&#8221; _builder_version=&#8221;4.27.4&#8243; _module_preset=&#8221;default&#8221; global_colors_info=&#8221;{}&#8221;][\/dnxte_logo_carousel_child][dnxte_logo_carousel_child logo_carousel_image=&#8221;https:\/\/movimientocomprensionlectora.org\/es\/wp-content\/uploads\/2025\/12\/aprendiz-150&#215;150-1.png&#8221; logo_carousel_alt=&#8221;Aprendiz&#8221; _builder_version=&#8221;4.27.4&#8243; _module_preset=&#8221;default&#8221; global_colors_info=&#8221;{}&#8221;][\/dnxte_logo_carousel_child][dnxte_logo_carousel_child logo_carousel_image=&#8221;https:\/\/movimientocomprensionlectora.org\/es\/wp-content\/uploads\/2025\/12\/akademiapp_logo-150&#215;150-1.jpeg&#8221; logo_carousel_alt=&#8221;Akademiapp&#8221; _builder_version=&#8221;4.27.4&#8243; _module_preset=&#8221;default&#8221; global_colors_info=&#8221;{}&#8221;][\/dnxte_logo_carousel_child][dnxte_logo_carousel_child logo_carousel_image=&#8221;https:\/\/movimientocomprensionlectora.org\/es\/wp-content\/uploads\/2025\/12\/R-800&#215;246-1.png&#8221; logo_carousel_alt=&#8221;Minder Builder&#8221; _builder_version=&#8221;4.27.4&#8243; _module_preset=&#8221;default&#8221; global_colors_info=&#8221;{}&#8221;][\/dnxte_logo_carousel_child][dnxte_logo_carousel_child logo_carousel_image=&#8221;https:\/\/movimientocomprensionlectora.org\/es\/wp-content\/uploads\/2025\/12\/Logo_Agape-1536&#215;1026-1.png&#8221; logo_carousel_alt=&#8221;A Educacion&#8221; _builder_version=&#8221;4.27.4&#8243; _module_preset=&#8221;default&#8221; global_colors_info=&#8221;{}&#8221;][\/dnxte_logo_carousel_child][dnxte_logo_carousel_child logo_carousel_image=&#8221;https:\/\/movimientocomprensionlectora.org\/es\/wp-content\/uploads\/2025\/12\/WhatsApp-Image-2023-01-04-at-13_09_52-100&#215;100-1.jpeg&#8221; logo_carousel_alt=&#8221;La Casa Cuento&#8221; _builder_version=&#8221;4.27.4&#8243; _module_preset=&#8221;default&#8221; global_colors_info=&#8221;{}&#8221;][\/dnxte_logo_carousel_child][dnxte_logo_carousel_child logo_carousel_image=&#8221;https:\/\/movimientocomprensionlectora.org\/es\/wp-content\/uploads\/2025\/12\/uss.png&#8221; logo_carousel_alt=&#8221;Universidad San Sebastian&#8221; _builder_version=&#8221;4.27.4&#8243; _module_preset=&#8221;default&#8221; global_colors_info=&#8221;{}&#8221;][\/dnxte_logo_carousel_child][dnxte_logo_carousel_child logo_carousel_image=&#8221;https:\/\/movimientocomprensionlectora.org\/es\/wp-content\/uploads\/2025\/12\/1-1.png&#8221; logo_carousel_alt=&#8221;Banco Mundial&#8221; _builder_version=&#8221;4.27.4&#8243; _module_preset=&#8221;default&#8221; global_colors_info=&#8221;{}&#8221;][\/dnxte_logo_carousel_child][\/dnxte_logo_carousel_parent][\/et_pb_column][\/et_pb_row][\/et_pb_section][et_pb_section fb_built=&#8221;1&#8243; module_id=&#8221;sumate&#8221; _builder_version=&#8221;4.27.4&#8243; _module_preset=&#8221;default&#8221; global_colors_info=&#8221;{}&#8221;][et_pb_row _builder_version=&#8221;4.27.4&#8243; _module_preset=&#8221;default&#8221; global_colors_info=&#8221;{}&#8221;][et_pb_column type=&#8221;4_4&#8243; _builder_version=&#8221;4.27.4&#8243; _module_preset=&#8221;default&#8221; global_colors_info=&#8221;{}&#8221;][et_pb_text admin_label=&#8221;Text&#8221; _builder_version=&#8221;4.27.4&#8243; _module_preset=&#8221;default&#8221; min_height=&#8221;22px&#8221; global_colors_info=&#8221;{}&#8221;]<\/p>\n<h1 style=\"text-align: center;\"><span style=\"color: #ff8343;\"><b>S\u00famate<\/b><\/span><\/h1>\n<p>[\/et_pb_text][et_pb_code _builder_version=&#8221;4.27.4&#8243; _module_preset=&#8221;default&#8221; global_colors_info=&#8221;{}&#8221;]<iframe <!-- [et_pb_line_break_holder] -->  src=&#8221;https:\/\/docs.google.com\/forms\/d\/e\/1FAIpQLSctoJ4owTZNP8ZZEex37W-yNdvXAIrWdN4tMrylhUmjLIDdSw\/viewform?embedded=true&#8221;<!-- [et_pb_line_break_holder] -->  width=&#8221;100%&#8221; <!-- [et_pb_line_break_holder] -->  height=&#8221;1000&#8243; <!-- [et_pb_line_break_holder] -->  frameborder=&#8221;0&#8243; <!-- [et_pb_line_break_holder] -->  marginheight=&#8221;0&#8243; <!-- [et_pb_line_break_holder] -->  marginwidth=&#8221;0&#8243;><!-- [et_pb_line_break_holder] -->  Cargando\u2026<!-- [et_pb_line_break_holder] --><\/iframe><!-- [et_pb_line_break_holder] -->[\/et_pb_code][\/et_pb_column][\/et_pb_row][\/et_pb_section][et_pb_section fb_built=&#8221;1&#8243; _builder_version=&#8221;4.27.4&#8243; _module_preset=&#8221;default&#8221; background_image=&#8221;https:\/\/movimientocomprensionlectora.org\/es\/wp-content\/uploads\/2025\/11\/fondo-naranja-scaled.jpg&#8221; background_position=&#8221;center_right&#8221; height=&#8221;680px&#8221; custom_margin=&#8221;90px||||false|false&#8221; scroll_scaling=&#8221;0|50|50|100|140%|100|100&#8243; global_colors_info=&#8221;{}&#8221;][et_pb_row _builder_version=&#8221;4.27.4&#8243; _module_preset=&#8221;default&#8221; global_colors_info=&#8221;{}&#8221;][et_pb_column type=&#8221;4_4&#8243; _builder_version=&#8221;4.27.4&#8243; _module_preset=&#8221;default&#8221; global_colors_info=&#8221;{}&#8221;][et_pb_text _builder_version=&#8221;4.27.4&#8243; _module_preset=&#8221;default&#8221; text_font=&#8221;Montserrat||||||||&#8221; text_text_color=&#8221;#FFFFFF&#8221; text_font_size=&#8221;36px&#8221; text_line_height=&#8221;1.6em&#8221; custom_padding=&#8221;150px||||false|false&#8221; scroll_horizontal_motion_enable=&#8221;on&#8221; scroll_scaling=&#8221;0|50|50|100|150%|100|100&#8243; text_font_size_tablet=&#8221;36px&#8221; text_font_size_phone=&#8221;28px&#8221; text_font_size_last_edited=&#8221;on|phone&#8221; global_colors_info=&#8221;{}&#8221;]<\/p>\n<p>Por una regi\u00f3n que<br \/>lee, que comprende y<br \/>que se escribe<br \/><strong>entre todos.<\/strong><\/p>\n<p>[\/et_pb_text][\/et_pb_column][\/et_pb_row][\/et_pb_section]<\/p>\n","protected":false},"excerpt":{"rendered":"<p>MOVIMIENTO POR LA COMPRENSI\u00d3N LECTORA ENCUENTRO REGIONAL Por una regi\u00f3n que LEE, que COMPRENDE y que se ESCRIBE entre todos. 9, 10, 11, 12, 15 y 16 de diciembre\u00a0 En vivo por streaming\u00bfQu\u00e9 es el Encuentro Regional? El Movimiento por la Comprensi\u00f3n Lectora re\u00fane a colectivos de la sociedad civil de Argentina, Brasil, Chile, Colombia, [&hellip;]<\/p>\n","protected":false},"author":1,"featured_media":0,"parent":0,"menu_order":0,"comment_status":"closed","ping_status":"closed","template":"","meta":{"_et_pb_use_builder":"on","_et_pb_old_content":"","_et_gb_content_width":"","footnotes":""},"class_list":["post-6","page","type-page","status-publish","hentry"],"yoast_head":"<!-- This site is optimized with the Yoast SEO plugin v26.6 - https:\/\/yoast.com\/wordpress\/plugins\/seo\/ -->\n<title>MxCL - MxCL<\/title>\n<meta name=\"robots\" content=\"index, follow, max-snippet:-1, max-image-preview:large, max-video-preview:-1\" \/>\n<link rel=\"canonical\" href=\"https:\/\/movimientocomprensionlectora.org\/es\/\" \/>\n<meta property=\"og:locale\" content=\"es_ES\" \/>\n<meta property=\"og:type\" content=\"article\" \/>\n<meta property=\"og:title\" content=\"MxCL - MxCL\" \/>\n<meta property=\"og:description\" content=\"MOVIMIENTO POR LA COMPRENSI\u00d3N LECTORA ENCUENTRO REGIONAL Por una regi\u00f3n que LEE, que COMPRENDE y que se ESCRIBE entre todos. 9, 10, 11, 12, 15 y 16 de diciembre\u00a0 En vivo por streaming\u00bfQu\u00e9 es el Encuentro Regional? El Movimiento por la Comprensi\u00f3n Lectora re\u00fane a colectivos de la sociedad civil de Argentina, Brasil, Chile, Colombia, [&hellip;]\" \/>\n<meta property=\"og:url\" content=\"https:\/\/movimientocomprensionlectora.org\/es\/\" \/>\n<meta property=\"og:site_name\" content=\"MxCL\" \/>\n<meta property=\"article:modified_time\" content=\"2025-12-11T18:21:03+00:00\" \/>\n<meta name=\"twitter:card\" content=\"summary_large_image\" \/>\n<meta name=\"twitter:label1\" content=\"Tiempo de lectura\" \/>\n\t<meta name=\"twitter:data1\" content=\"68 minutos\" \/>\n<script type=\"application\/ld+json\" class=\"yoast-schema-graph\">{\"@context\":\"https:\/\/schema.org\",\"@graph\":[{\"@type\":\"WebPage\",\"@id\":\"https:\/\/movimientocomprensionlectora.org\/es\/\",\"url\":\"https:\/\/movimientocomprensionlectora.org\/es\/\",\"name\":\"MxCL - MxCL\",\"isPartOf\":{\"@id\":\"https:\/\/movimientocomprensionlectora.org\/es\/#website\"},\"datePublished\":\"2025-11-28T21:45:34+00:00\",\"dateModified\":\"2025-12-11T18:21:03+00:00\",\"breadcrumb\":{\"@id\":\"https:\/\/movimientocomprensionlectora.org\/es\/#breadcrumb\"},\"inLanguage\":\"es-AR\",\"potentialAction\":[{\"@type\":\"ReadAction\",\"target\":[\"https:\/\/movimientocomprensionlectora.org\/es\/\"]}]},{\"@type\":\"BreadcrumbList\",\"@id\":\"https:\/\/movimientocomprensionlectora.org\/es\/#breadcrumb\",\"itemListElement\":[{\"@type\":\"ListItem\",\"position\":1,\"name\":\"Inicio\",\"item\":\"https:\/\/movimientocomprensionlectora.org\/es\/\"},{\"@type\":\"ListItem\",\"position\":2,\"name\":\"MxCL\"}]},{\"@type\":\"WebSite\",\"@id\":\"https:\/\/movimientocomprensionlectora.org\/es\/#website\",\"url\":\"https:\/\/movimientocomprensionlectora.org\/es\/\",\"name\":\"MxCL\",\"description\":\"Movimiento por la Comprensi\u00f3n Lectora\",\"publisher\":{\"@id\":\"https:\/\/movimientocomprensionlectora.org\/es\/#organization\"},\"potentialAction\":[{\"@type\":\"SearchAction\",\"target\":{\"@type\":\"EntryPoint\",\"urlTemplate\":\"https:\/\/movimientocomprensionlectora.org\/es\/?s={search_term_string}\"},\"query-input\":{\"@type\":\"PropertyValueSpecification\",\"valueRequired\":true,\"valueName\":\"search_term_string\"}}],\"inLanguage\":\"es-AR\"},{\"@type\":\"Organization\",\"@id\":\"https:\/\/movimientocomprensionlectora.org\/es\/#organization\",\"name\":\"MxCL\",\"url\":\"https:\/\/movimientocomprensionlectora.org\/es\/\",\"logo\":{\"@type\":\"ImageObject\",\"inLanguage\":\"es-AR\",\"@id\":\"https:\/\/movimientocomprensionlectora.org\/es\/#\/schema\/logo\/image\/\",\"url\":\"https:\/\/movimientocomprensionlectora.org\/es\/wp-content\/uploads\/2025\/11\/cropped-MxCL-Favicon.png\",\"contentUrl\":\"https:\/\/movimientocomprensionlectora.org\/es\/wp-content\/uploads\/2025\/11\/cropped-MxCL-Favicon.png\",\"width\":512,\"height\":512,\"caption\":\"MxCL\"},\"image\":{\"@id\":\"https:\/\/movimientocomprensionlectora.org\/es\/#\/schema\/logo\/image\/\"}}]}<\/script>\n<!-- \/ Yoast SEO plugin. -->","yoast_head_json":{"title":"MxCL - MxCL","robots":{"index":"index","follow":"follow","max-snippet":"max-snippet:-1","max-image-preview":"max-image-preview:large","max-video-preview":"max-video-preview:-1"},"canonical":"https:\/\/movimientocomprensionlectora.org\/es\/","og_locale":"es_ES","og_type":"article","og_title":"MxCL - MxCL","og_description":"MOVIMIENTO POR LA COMPRENSI\u00d3N LECTORA ENCUENTRO REGIONAL Por una regi\u00f3n que LEE, que COMPRENDE y que se ESCRIBE entre todos. 9, 10, 11, 12, 15 y 16 de diciembre\u00a0 En vivo por streaming\u00bfQu\u00e9 es el Encuentro Regional? El Movimiento por la Comprensi\u00f3n Lectora re\u00fane a colectivos de la sociedad civil de Argentina, Brasil, Chile, Colombia, [&hellip;]","og_url":"https:\/\/movimientocomprensionlectora.org\/es\/","og_site_name":"MxCL","article_modified_time":"2025-12-11T18:21:03+00:00","twitter_card":"summary_large_image","twitter_misc":{"Tiempo de lectura":"68 minutos"},"schema":{"@context":"https:\/\/schema.org","@graph":[{"@type":"WebPage","@id":"https:\/\/movimientocomprensionlectora.org\/es\/","url":"https:\/\/movimientocomprensionlectora.org\/es\/","name":"MxCL - MxCL","isPartOf":{"@id":"https:\/\/movimientocomprensionlectora.org\/es\/#website"},"datePublished":"2025-11-28T21:45:34+00:00","dateModified":"2025-12-11T18:21:03+00:00","breadcrumb":{"@id":"https:\/\/movimientocomprensionlectora.org\/es\/#breadcrumb"},"inLanguage":"es-AR","potentialAction":[{"@type":"ReadAction","target":["https:\/\/movimientocomprensionlectora.org\/es\/"]}]},{"@type":"BreadcrumbList","@id":"https:\/\/movimientocomprensionlectora.org\/es\/#breadcrumb","itemListElement":[{"@type":"ListItem","position":1,"name":"Inicio","item":"https:\/\/movimientocomprensionlectora.org\/es\/"},{"@type":"ListItem","position":2,"name":"MxCL"}]},{"@type":"WebSite","@id":"https:\/\/movimientocomprensionlectora.org\/es\/#website","url":"https:\/\/movimientocomprensionlectora.org\/es\/","name":"MxCL","description":"Movimiento por la Comprensi\u00f3n Lectora","publisher":{"@id":"https:\/\/movimientocomprensionlectora.org\/es\/#organization"},"potentialAction":[{"@type":"SearchAction","target":{"@type":"EntryPoint","urlTemplate":"https:\/\/movimientocomprensionlectora.org\/es\/?s={search_term_string}"},"query-input":{"@type":"PropertyValueSpecification","valueRequired":true,"valueName":"search_term_string"}}],"inLanguage":"es-AR"},{"@type":"Organization","@id":"https:\/\/movimientocomprensionlectora.org\/es\/#organization","name":"MxCL","url":"https:\/\/movimientocomprensionlectora.org\/es\/","logo":{"@type":"ImageObject","inLanguage":"es-AR","@id":"https:\/\/movimientocomprensionlectora.org\/es\/#\/schema\/logo\/image\/","url":"https:\/\/movimientocomprensionlectora.org\/es\/wp-content\/uploads\/2025\/11\/cropped-MxCL-Favicon.png","contentUrl":"https:\/\/movimientocomprensionlectora.org\/es\/wp-content\/uploads\/2025\/11\/cropped-MxCL-Favicon.png","width":512,"height":512,"caption":"MxCL"},"image":{"@id":"https:\/\/movimientocomprensionlectora.org\/es\/#\/schema\/logo\/image\/"}}]}},"_links":{"self":[{"href":"https:\/\/movimientocomprensionlectora.org\/es\/wp-json\/wp\/v2\/pages\/6","targetHints":{"allow":["GET"]}}],"collection":[{"href":"https:\/\/movimientocomprensionlectora.org\/es\/wp-json\/wp\/v2\/pages"}],"about":[{"href":"https:\/\/movimientocomprensionlectora.org\/es\/wp-json\/wp\/v2\/types\/page"}],"author":[{"embeddable":true,"href":"https:\/\/movimientocomprensionlectora.org\/es\/wp-json\/wp\/v2\/users\/1"}],"replies":[{"embeddable":true,"href":"https:\/\/movimientocomprensionlectora.org\/es\/wp-json\/wp\/v2\/comments?post=6"}],"version-history":[{"count":89,"href":"https:\/\/movimientocomprensionlectora.org\/es\/wp-json\/wp\/v2\/pages\/6\/revisions"}],"predecessor-version":[{"id":987609905,"href":"https:\/\/movimientocomprensionlectora.org\/es\/wp-json\/wp\/v2\/pages\/6\/revisions\/987609905"}],"wp:attachment":[{"href":"https:\/\/movimientocomprensionlectora.org\/es\/wp-json\/wp\/v2\/media?parent=6"}],"curies":[{"name":"wp","href":"https:\/\/api.w.org\/{rel}","templated":true}]}}